{"id":14410,"date":"2023-09-18T17:00:29","date_gmt":"2023-09-18T21:00:29","guid":{"rendered":"https:\/\/oui-iohe.org\/?page_id=14410"},"modified":"2026-04-10T12:57:47","modified_gmt":"2026-04-10T16:57:47","slug":"diplomado-en-internacionalizacion-de-la-educacion-superior","status":"publish","type":"page","link":"https:\/\/oui-iohe.org\/es\/diplomado-en-internacionalizacion-de-la-educacion-superior\/","title":{"rendered":"Diplomado en Internacionalizaci\u00f3n de la Educaci\u00f3n Superior"},"content":{"rendered":"<div class=\"wpb-content-wrapper\"><p>[vc_row][vc_column][vc_custom_heading text=\u00bbDiplomado en Internacionalizaci\u00f3n de la Educaci\u00f3n Superior &#8211; DIES 2026&#8243; font_container=\u00bbtag:h1|text_align:left\u00bb use_theme_fonts=\u00bbyes\u00bb css=\u00bb\u00bb][\/vc_column][\/vc_row][vc_row full_width=\u00bbstretch_row\u00bb css=\u00bb.vc_custom_1695248103897{background-color: #f1f1f1 !important;}\u00bb][vc_column][vc_column_text]<span style=\"font-weight: 400;\">El Diplomado se adapta a las necesidades de los actores de la internacionalizaci\u00f3n implementando el modelo por rutas de aprendizaje, con acceso flexible al diplomado completo o por m\u00f3dulo, enfocados en los temas de actualidad orient\u00e1ndose en el ejercicio pr\u00e1ctico para operar la internacionalizaci\u00f3n en la educaci\u00f3n superior.<\/span><\/p>\n<p><span style=\"font-weight: 400;\">Est\u00e1 conformado por 7 m\u00f3dulos enfocados en competencias, perfiles y en 2 rutas de aprendizaje: para el personal de las Oficinas de Relaciones Internacionales y otros gestores universitarios, y otra dirigida al personal docente y de investigaci\u00f3n. Cada ruta se compone de 5 m\u00f3dulos que se desarrollar\u00e1n durante 18 semanas.\u00a0<\/span><\/p>\n<p><span style=\"font-weight: 400;\">Para obtener el diploma, el egresado deber\u00e1 haber aprobado la totalidad de los m\u00f3dulos incluidos en su ruta de aprendizaje. En caso de no aprobar uno o varios m\u00f3dulos, siempre habr\u00e1 oportunidad de cursarlos por separado, esto significa que no perder\u00e1 los cr\u00e9ditos o puntos acad\u00e9micos ganados por los m\u00f3dulos aprobados y podr\u00e1 concluir su diplomado m\u00e1s adelante, dentro de un lapso no mayor a dos a\u00f1os.<\/span>[\/vc_column_text][\/vc_column][\/vc_row][vc_row][vc_column width=\u00bb1\/2&#8243;][vc_custom_heading text=\u00bbObjetivo\u00bb use_theme_fonts=\u00bbyes\u00bb][vc_column_text]Generar estrategias para la internacionalizaci\u00f3n de la educaci\u00f3n superior, desde diferentes \u00e1reas de acci\u00f3n, con base en la revisi\u00f3n del contexto y alineadas a la visi\u00f3n de la IES.[\/vc_column_text][\/vc_column][vc_column width=\u00bb1\/2&#8243;][vc_custom_heading text=\u00bbDirigido a\u00bb use_theme_fonts=\u00bbyes\u00bb][vc_column_text]<strong>Ruta 1 ORI y gestores no acad\u00e9micos:<\/strong> Personal de las oficinas de relaciones internacionales (ORI) y otros gestores<\/p>\n<p><strong>Ruta 2 Docentes e investigadores: <\/strong>Docentes e investigadores[\/vc_column_text][\/vc_column][\/vc_row][vc_row][vc_column][vc_custom_heading text=\u00bbPerfil de egreso\u00bb use_theme_fonts=\u00bbyes\u00bb][vc_column_text]<span style=\"font-weight: 400;\">La persona formada en internacionalizaci\u00f3n de las Instituciones de Educaci\u00f3n Superior tiene la capacidad para:<\/span>[\/vc_column_text][vc_column_text]<\/p>\n<table>\n<tbody>\n<tr>\n<td style=\"text-align: center;\" width=\"301\"><strong>Ruta 1 ORI y gestores no acad\u00e9micos<\/strong><\/td>\n<td style=\"text-align: center;\" width=\"301\"><strong>Ruta 2 Docentes e investigadores<\/strong><\/td>\n<\/tr>\n<tr>\n<td width=\"301\"><strong>Perfil de egreso<\/strong><\/p>\n<p>Al concluir el Diplomado, el participante estar\u00e1 capacitado para gestionar estrategias de internacionalizaci\u00f3n en su instituci\u00f3n, que respondan a las tendencias actuales, as\u00ed como desarrollar relaciones de colaboraci\u00f3n interuniversitaria para alcanzar los est\u00e1ndares internacionales de calidad.<\/td>\n<td width=\"301\"><strong>Perfil de egreso<\/strong><\/p>\n<p>Al concluir el Diplomado, el participante estar\u00e1 capacitado para planificar e implementar actividades de internacionalizaci\u00f3n en su campo de acci\u00f3n, que respondan a las tendencias actuales, integrando estrategias y herramientas en los \u00e1mbitos de formaci\u00f3n, investigaci\u00f3n y vinculaci\u00f3n en su instituci\u00f3n.<\/td>\n<\/tr>\n<\/tbody>\n<\/table>\n<p>[\/vc_column_text][\/vc_column][\/vc_row][vc_row][vc_column width=\u00bb2\/3&#8243;][vc_single_image image=\u00bb15371&#8243; img_size=\u00bbfull\u00bb][\/vc_column][vc_column width=\u00bb1\/3&#8243;][vc_column_text]<a href=\"https:\/\/oui-iohe.org\/es\/modulo-i-compromiso-global-y-desafios-de-la-internacionalizacion-para-la-educacion-superior\/\"><b>M\u00f3dulo I. Compromiso global y desaf\u00edos de la internacionalizaci\u00f3n para la Educaci\u00f3n Superior<\/b><\/a>[\/vc_column_text][vc_column_text]<a href=\"https:\/\/oui-iohe.org\/es\/modulo-ii-internacionalizacion-de-la-formacion-en-la-es\/\"><b>M\u00f3dulo II. Internacionalizaci\u00f3n de la formaci\u00f3n en la ES<\/b><\/a>[\/vc_column_text][vc_column_text]<a href=\"https:\/\/oui-iohe.org\/es\/modulo-iii-herramientas-para-internacionalizar-la-docencia\/\"><b>M\u00f3dulo III. Herramientas para internacionalizar la docencia<\/b><\/a>[\/vc_column_text][vc_column_text]<a href=\"https:\/\/oui-iohe.org\/es\/modulo-iv-gestion-de-la-internacionalizacion\/\"><b>M\u00f3dulo IV. Gesti\u00f3n de la internacionalizaci\u00f3n<\/b><\/a>[\/vc_column_text][vc_column_text]<a href=\"https:\/\/oui-iohe.org\/es\/modulo-v-calidad-e-internacionalizacion\/\"><b>M\u00f3dulo V. Calidad e internacionalizaci\u00f3n<\/b><\/a>[\/vc_column_text][vc_column_text]<a href=\"https:\/\/oui-iohe.org\/es\/modulo-vi-internacionalizacion-de-la-investigacion-y-la-vinculacion\/\"><b>M\u00f3dulo VI. Internacionalizaci\u00f3n de la investigaci\u00f3n y la vinculaci\u00f3n<\/b><\/a>[\/vc_column_text][vc_column_text]<a href=\"https:\/\/oui-iohe.org\/es\/modulo-vii-proyectos-de-internacionalizacion\/\"><b>M\u00f3dulo VII. Proyectos de internacionalizaci\u00f3n<\/b><\/a>[\/vc_column_text][\/vc_column][\/vc_row][vc_row color=\u00bbiohe-orange\u00bb align=\u00bbalign_center\u00bb style=\u00bb\u00bb border_width=\u00bb6&#8243; el_width=\u00bb\u00bb accent_color=\u00bb\u00bb][vc_column][vc_separator color=\u00bbiohe-orange\u00bb border_width=\u00bb6&#8243;][\/vc_column][\/vc_row][vc_row][vc_column width=\u00bb1\/2&#8243;][vc_toggle title=\u00bbDuraci\u00f3n\u00bb style=\u00bbround_outline\u00bb color=\u00bbgreen\u00bb size=\u00bblg\u00bb css=\u00bb\u00bb]<\/p>\n<ul>\n<li><span style=\"font-weight: 400;\"><strong>Duraci\u00f3n del diplomado:<\/strong> 6 de <\/span>abril<span style=\"font-weight: 400;\"> al 8 de septiembre 2026<\/span><\/li>\n<\/ul>\n<p><span style=\"font-weight: 400;\"><span style=\"font-weight: 400;\">18 semanas (180 horas lectivas por ruta de aprendizaje<\/span><\/span><span style=\"font-weight: 400;\">)<\/span><\/p>\n<ul>\n<li><span style=\"font-weight: 400;\"><strong>Duraci\u00f3n de los m\u00f3dulos:<\/strong><\/span><\/li>\n<li><b>M\u00f3dulo I: <\/b>6 <span data-sheets-value=\"{&quot;1&quot;:3,&quot;3&quot;:45398}\" data-sheets-userformat=\"{&quot;2&quot;:14409,&quot;3&quot;:{&quot;1&quot;:5,&quot;2&quot;:&quot;D-MMM&quot;,&quot;3&quot;:1},&quot;6&quot;:{&quot;1&quot;:[{&quot;1&quot;:2,&quot;2&quot;:0,&quot;5&quot;:{&quot;1&quot;:2,&quot;2&quot;:0}},{&quot;1&quot;:0,&quot;2&quot;:0,&quot;3&quot;:3},{&quot;1&quot;:1,&quot;2&quot;:0,&quot;4&quot;:1}]},&quot;9&quot;:1,&quot;14&quot;:{&quot;1&quot;:2,&quot;2&quot;:12582912},&quot;15&quot;:&quot;Calibri&quot;,&quot;16&quot;:12}\">de abril<\/span> &#8211; <span style=\"font-weight: 400;\">5 de <span data-sheets-value=\"{&quot;1&quot;:3,&quot;3&quot;:45441}\" data-sheets-userformat=\"{&quot;2&quot;:14409,&quot;3&quot;:{&quot;1&quot;:5,&quot;2&quot;:&quot;D-MMM&quot;,&quot;3&quot;:1},&quot;6&quot;:{&quot;1&quot;:[{&quot;1&quot;:2,&quot;2&quot;:0,&quot;5&quot;:{&quot;1&quot;:2,&quot;2&quot;:0}},{&quot;1&quot;:0,&quot;2&quot;:0,&quot;3&quot;:3},{&quot;1&quot;:1,&quot;2&quot;:0,&quot;4&quot;:1}]},&quot;9&quot;:1,&quot;14&quot;:{&quot;1&quot;:2,&quot;2&quot;:12582912},&quot;15&quot;:&quot;Calibri&quot;,&quot;16&quot;:12}\">mayo <\/span><\/span><\/li>\n<li><b>M\u00f3dulo II: <\/b>13 de <span data-sheets-value=\"{&quot;1&quot;:3,&quot;3&quot;:45441}\" data-sheets-userformat=\"{&quot;2&quot;:14409,&quot;3&quot;:{&quot;1&quot;:5,&quot;2&quot;:&quot;D-MMM&quot;,&quot;3&quot;:1},&quot;6&quot;:{&quot;1&quot;:[{&quot;1&quot;:2,&quot;2&quot;:0,&quot;5&quot;:{&quot;1&quot;:2,&quot;2&quot;:0}},{&quot;1&quot;:0,&quot;2&quot;:0,&quot;3&quot;:3},{&quot;1&quot;:1,&quot;2&quot;:0,&quot;4&quot;:1}]},&quot;9&quot;:1,&quot;14&quot;:{&quot;1&quot;:2,&quot;2&quot;:12582912},&quot;15&quot;:&quot;Calibri&quot;,&quot;16&quot;:12}\">mayo &#8211; <\/span>9 de junio<\/li>\n<li><b>M\u00f3dulo III:\u00a0<\/b><span data-sheets-value=\"{&quot;1&quot;:3,&quot;3&quot;:45441}\" data-sheets-userformat=\"{&quot;2&quot;:14409,&quot;3&quot;:{&quot;1&quot;:5,&quot;2&quot;:&quot;D-MMM&quot;,&quot;3&quot;:1},&quot;6&quot;:{&quot;1&quot;:[{&quot;1&quot;:2,&quot;2&quot;:0,&quot;5&quot;:{&quot;1&quot;:2,&quot;2&quot;:0}},{&quot;1&quot;:0,&quot;2&quot;:0,&quot;3&quot;:3},{&quot;1&quot;:1,&quot;2&quot;:0,&quot;4&quot;:1}]},&quot;9&quot;:1,&quot;14&quot;:{&quot;1&quot;:2,&quot;2&quot;:12582912},&quot;15&quot;:&quot;Calibri&quot;,&quot;16&quot;:12}\">17 de junio &#8211; 7 de julio\u00a0<\/span><\/li>\n<li><b>M\u00f3dulo IV: <\/b>17 de junio &#8211; 7 de julio<\/li>\n<li><b>M\u00f3dulo V:\u00a0<\/b><span data-sheets-value=\"{&quot;1&quot;:3,&quot;3&quot;:45469}\" data-sheets-userformat=\"{&quot;2&quot;:14409,&quot;3&quot;:{&quot;1&quot;:5,&quot;2&quot;:&quot;D-MMM&quot;,&quot;3&quot;:1},&quot;6&quot;:{&quot;1&quot;:[{&quot;1&quot;:2,&quot;2&quot;:0,&quot;5&quot;:{&quot;1&quot;:2,&quot;2&quot;:0}},{&quot;1&quot;:0,&quot;2&quot;:0,&quot;3&quot;:3},{&quot;1&quot;:1,&quot;2&quot;:0,&quot;4&quot;:1}]},&quot;9&quot;:1,&quot;14&quot;:{&quot;1&quot;:2,&quot;2&quot;:12582912},&quot;15&quot;:&quot;Calibri&quot;,&quot;16&quot;:12}\">15 de julio &#8211; 4 de agosto<\/span><\/li>\n<li><b>M\u00f3dulo VI: <\/b>15 de julio &#8211; 4 de agosto<\/li>\n<li><b>M\u00f3dulo VII: <\/b>1<span data-sheets-value=\"{&quot;1&quot;:3,&quot;3&quot;:45504}\" data-sheets-userformat=\"{&quot;2&quot;:14463,&quot;3&quot;:{&quot;1&quot;:5,&quot;2&quot;:&quot;D-MMM&quot;,&quot;3&quot;:1},&quot;4&quot;:{&quot;1&quot;:2,&quot;2&quot;:16777215},&quot;5&quot;:{&quot;1&quot;:[{&quot;1&quot;:2,&quot;2&quot;:0,&quot;5&quot;:{&quot;1&quot;:0}},{&quot;1&quot;:0,&quot;2&quot;:0,&quot;3&quot;:3},{&quot;1&quot;:1,&quot;2&quot;:0,&quot;4&quot;:1}]},&quot;6&quot;:{&quot;1&quot;:[{&quot;1&quot;:2,&quot;2&quot;:0,&quot;5&quot;:{&quot;1&quot;:2,&quot;2&quot;:0}},{&quot;1&quot;:0,&quot;2&quot;:0,&quot;3&quot;:3},{&quot;1&quot;:1,&quot;2&quot;:0,&quot;4&quot;:1}]},&quot;7&quot;:{&quot;1&quot;:[{&quot;1&quot;:2,&quot;2&quot;:0,&quot;5&quot;:{&quot;1&quot;:0}},{&quot;1&quot;:0,&quot;2&quot;:0,&quot;3&quot;:3},{&quot;1&quot;:1,&quot;2&quot;:0,&quot;4&quot;:1}]},&quot;8&quot;:{&quot;1&quot;:[{&quot;1&quot;:2,&quot;2&quot;:0,&quot;5&quot;:{&quot;1&quot;:0}},{&quot;1&quot;:0,&quot;2&quot;:0,&quot;3&quot;:3},{&quot;1&quot;:1,&quot;2&quot;:0,&quot;4&quot;:1}]},&quot;9&quot;:1,&quot;14&quot;:{&quot;1&quot;:2,&quot;2&quot;:12582912},&quot;15&quot;:&quot;Calibri&quot;,&quot;16&quot;:12}\">2 de agosto &#8211; 8 de septiembre<\/span><\/li>\n<\/ul>\n<p>[\/vc_toggle][vc_toggle title=\u00bbInversi\u00f3n\u00bb style=\u00bbround_outline\u00bb color=\u00bbgreen\u00bb size=\u00bblg\u00bb css=\u00bb\u00bb]<\/p>\n<table width=\"0\">\n<tbody>\n<tr>\n<td><strong>INSCRIPCI\u00d3N DIPLOMADO<\/strong><\/td>\n<td><strong>Particular<\/strong><\/td>\n<td><strong>Miembro OUI<\/strong><\/td>\n<\/tr>\n<tr>\n<td>Participante<\/td>\n<td>1.250 USD<\/td>\n<td>980 USD<\/td>\n<\/tr>\n<tr>\n<td>Pariticipante adicional<\/td>\n<td>1.125 USD<\/td>\n<td>882 USD<\/td>\n<\/tr>\n<\/tbody>\n<\/table>\n<p>&nbsp;<\/p>\n<table width=\"0\">\n<tbody>\n<tr>\n<td><strong>INSCRIPCI\u00d3N M\u00d3DULO<\/strong><\/td>\n<td><strong>Particular<\/strong><\/td>\n<td><strong>Miembro OUI<\/strong><\/td>\n<\/tr>\n<tr>\n<td>Participante<\/td>\n<td>300 USD<\/td>\n<td>255 USD<\/td>\n<\/tr>\n<tr>\n<td>Pariticipante adicional<\/td>\n<td>270 USD<\/td>\n<td>230 USD<\/td>\n<\/tr>\n<\/tbody>\n<\/table>\n<p>[\/vc_toggle][\/vc_column][vc_column width=\u00bb1\/2&#8243;][vc_toggle title=\u00bbConferencias\u00bb style=\u00bbround_outline\u00bb color=\u00bbgreen\u00bb size=\u00bblg\u00bb css=\u00bb\u00bb]<strong>Panel de apertura<\/strong><\/p>\n<div><strong><em>\u00abDiplomacia Acad\u00e9mica para el Impacto Global\u00bb.<\/em><\/strong><\/div>\n<p>8 de abril a las 11:00 am Montreal (EDT)<\/p>\n<p><a href=\"https:\/\/us02web.zoom.us\/webinar\/register\/WN_cGj2fntbS8KSL_SqIdvmzg\">Registro gratuito en Zoom<\/a><\/p>\n<p>&nbsp;<\/p>\n<p><b> <img loading=\"lazy\" decoding=\"async\" class=\"alignnone wp-image-20825\" src=\"https:\/\/oui-iohe.org\/wp-content\/uploads\/2026\/03\/Elizabeth-Trejos-Castillo-Ph.D.jpg\" alt=\"\" width=\"150\" height=\"152\" \/><\/b><\/p>\n<p><strong>Dra. Elizabeth Trejos-Castillo<\/strong><\/p>\n<p><strong>Catedr\u00e1tica Titular de Desarrollo Humano y Ciencias de la Familia\u00a0 y Vicepresidencia Regional OUI-USA<\/strong><\/p>\n<p><strong>Texas Tech University (TTU)<\/strong><\/p>\n<p><span style=\"font-weight: 400;\">Catedr\u00e1tica Titular de Desarrollo Humano y Ciencias de la Familia en Texas Tech University, se desempe\u00f1a como Secretaria Ejecutiva Regional para Estados Unidos de la Organizaci\u00f3n Interamericana de Educaci\u00f3n Superior (IOHE). Ha sido becaria Fulbright en dos ocasiones y, desde 2019, funge como representante de Fulbright para Texas Tech, adem\u00e1s de haber ocupado otros cargos administrativos apoyando la internacionalizaci\u00f3n institucional desde 2018. Es directora fundadora del Programa de Estudios Interculturales y de la Maestr\u00eda en L\u00ednea en Desarrollo Juvenil. Su investigaci\u00f3n se centra en el desarrollo positivo de adolescentes, trauma y resiliencia en minor\u00edas \u00e9tnicas y raciales y poblaciones vulnerables, utilizando metodolog\u00edas comparativas mixtas transculturales\/transnacionales e investigaci\u00f3n-acci\u00f3n participativa. Es Profesora Internacional Adjunta en Trabajo Social en la Universidade Estadual de Ponta Grossa, Paran\u00e1, Brasil. Ha editado dos libros y publicado m\u00e1s de 80 art\u00edculos cient\u00edficos y cap\u00edtulos en ingl\u00e9s, espa\u00f1ol y portugu\u00e9s. Su investigaci\u00f3n ha sido financiada por fondos federales y estatales en Estados Unidos y organismos internacionales. Ha trabajado estrechamente con comunidades locales, aliados estatales y colaboradores nacionales e internacionales en Argentina, Brasil, Chile, Colombia, Costa Rica, Espa\u00f1a, Grecia, Honduras, India, Lesotho, Noruega, Suecia, y Turqu\u00eda entre otros pa\u00edses.<\/span><\/p>\n<p>&nbsp;<\/p>\n<p style=\"font-weight: 400;\"><strong><img loading=\"lazy\" decoding=\"async\" class=\"alignnone wp-image-20833\" src=\"https:\/\/oui-iohe.org\/wp-content\/uploads\/2026\/03\/Cristina-Alfaro-Ph.D.png\" alt=\"\" width=\"150\" height=\"150\" \/><\/strong><\/p>\n<p><b>Cristina Alfaro, Ph.D.<\/b><\/p>\n<p><b>Vicepresidenta adjunta de Asuntos Internacionales<\/b><\/p>\n<p><b>San Diego State University<\/b><\/p>\n<p><span style=\"font-weight: 400;\">Es Vicepresidenta adjunta de Asuntos Internacionales en la <\/span><span style=\"font-weight: 400;\">San Diego State University<\/span><span style=\"font-weight: 400;\">. Obtuvo una maestr\u00eda en Liderazgo Educativo y Estudios de Pol\u00edticas y se gradu\u00f3 del Programa Conjunto de Doctorado Claremont\/SDSU, donde obtuvo su doctorado en Formaci\u00f3n Internacional de Maestros Biling\u00fces. Antes de su cargo actual, fue la primera titular de la C\u00e1tedra del Rector para la Diversidad, la Equidad y la Inclusi\u00f3n del Profesorado de la SDSU y Directora del Departamento de Educaci\u00f3n Biling\u00fce y de Estudiantes de Ingl\u00e9s como Segundo Idioma, en la Facultad de Educaci\u00f3n, donde impuls\u00f3 y dirigi\u00f3 el programa modelo y m\u00e1s grande de formaci\u00f3n de maestros biling\u00fces en el estado de California.<\/span><\/p>\n<p><span style=\"font-weight: 400;\">Cofundadora de Formadores de Docentes Binacionales, un proyecto que atiende las necesidades de los estudiantes que compartimos entre M\u00e9xico y Estados Unidos, aprovechando sus fortalezas intr\u00ednsecas. Como formadora de docentes y l\u00edder educativa, la Dra. Alfaro dirigi\u00f3 el Programa Internacional de Formaci\u00f3n Docente de la Universidad Estatal de California (CSU) durante m\u00e1s de una d\u00e9cada. En este programa, colabor\u00f3 \u200b\u200bcon diez universidades de la CSU con el objetivo de preparar docentes biling\u00fces con una perspectiva global y ling\u00fc\u00edsticamente competente.<\/span><\/p>\n<p><span style=\"font-weight: 400;\">Ha recibido el Premio al Liderazgo en Biling\u00fcismo de la Oficina de Educaci\u00f3n del Condado de San Diego, el Premio a la Excelencia Docente de la Facultad de Educaci\u00f3n, el Premio Nacional a la Latina Destacada en la Educaci\u00f3n Superior y el Premio G\u00f3mez-Morin a la Educaci\u00f3n Global. Ha recibido numerosos premios a la docencia, tanto de pregrado como de posgrado, incluyendo el de Profesora M\u00e1s Influyente (en seis ocasiones). La Dra. Alfaro ha recibido m\u00e1s de 10 millones de d\u00f3lares en subvenciones federales y estatales para el desarrollo profesional, la m\u00e1s reciente para la creaci\u00f3n del Sello Global de Biling\u00fcismo de la SDSU.<\/span><\/p>\n<p><span style=\"font-weight: 400;\">Tambi\u00e9n es directora ejecutiva del Centro para la Educaci\u00f3n e Investigaci\u00f3n en Biling\u00fcismo y miembro de la junta directiva de la Asociaci\u00f3n de California para la Educaci\u00f3n Biling\u00fce (CABE) y de la Asociaci\u00f3n Nacional para la Educaci\u00f3n Biling\u00fce (NABE), donde adem\u00e1s es editora de la revista NABE Global Perspectives Journal. Asimismo, la Dra. Alfaro es editora principal especializada en Lenguaje, Cultura y Diversidad para la revista Frontiers in Education Journal.<\/span><\/p>\n<p><span style=\"font-weight: 400;\">En su cargo actual, la Dra. Alfaro lidera la iniciativa para crear una hoja de ruta sobre diversidad, acceso y equidad para la educaci\u00f3n y el liderazgo a nivel global. Es miembro activa del Laboratorio de Internacionalizaci\u00f3n del Consejo Estadounidense de Educaci\u00f3n, del Foro sobre Educaci\u00f3n en el Extranjero, de Diversidad en el Extranjero y de la NASFA: Asociaci\u00f3n de Educadores Internacionales.<\/span><\/p>\n<p>&nbsp;<\/p>\n<p style=\"font-weight: 400;\"><strong><img loading=\"lazy\" decoding=\"async\" class=\"alignnone wp-image-20829\" src=\"https:\/\/oui-iohe.org\/wp-content\/uploads\/2026\/03\/Carrie-Manning-Ph.D.jpg\" alt=\"\" width=\"150\" height=\"150\" \/><\/strong><\/p>\n<p><b>Carrie Manning, Ph.D.<\/b><\/p>\n<p><b>Vicerrectora adjunta de Iniciativas Internacionales<\/b><\/p>\n<p><b>Georgia State University<\/b><\/p>\n<p><span style=\"font-weight: 400;\">Carrie Manning, Ph.D. es Associate Provost for International Initiatives en Georgia State University, donde lidera la estrategia institucional de internacionalizaci\u00f3n, promoviendo la integraci\u00f3n de una dimensi\u00f3n global en la docencia, la investigaci\u00f3n y la vinculaci\u00f3n acad\u00e9mica. Desde este rol, supervisa programas de educaci\u00f3n internacional, alianzas estrat\u00e9gicas con instituciones de diversos pa\u00edses y el desarrollo de iniciativas que fortalecen la formaci\u00f3n global de estudiantes y docentes.<\/span><\/p>\n<p><span style=\"font-weight: 400;\">Cuenta con una s\u00f3lida trayectoria acad\u00e9mica en el campo de la ciencia pol\u00edtica y los estudios internacionales, con especial \u00e9nfasis en procesos de democratizaci\u00f3n, construcci\u00f3n de paz y gobernanza en contextos internacionales. Antes de asumir su cargo actual, se desempe\u00f1\u00f3 como profesora e investigadora, contribuyendo activamente a la generaci\u00f3n de conocimiento en su \u00e1rea y participando en proyectos de investigaci\u00f3n con enfoque comparado.<\/span><\/p>\n<p><span style=\"font-weight: 400;\">A lo largo de su carrera, ha ocupado diversos cargos de liderazgo acad\u00e9mico, destac\u00e1ndose por impulsar la internacionalizaci\u00f3n del curr\u00edculo, la movilidad estudiantil y docente, as\u00ed como el establecimiento de redes de cooperaci\u00f3n internacional. Su trabajo ha estado orientado a ampliar las oportunidades de aprendizaje global y a fomentar competencias interculturales en la educaci\u00f3n superior.<\/span><\/p>\n<p><span style=\"font-weight: 400;\">La Dra. Manning ha publicado m\u00faltiples art\u00edculos y trabajos acad\u00e9micos en temas relacionados con pol\u00edtica comparada y relaciones internacionales, consolid\u00e1ndose como una voz relevante en su campo. Asimismo, ha participado en conferencias y espacios acad\u00e9micos internacionales, contribuyendo al di\u00e1logo sobre el papel de la educaci\u00f3n superior en un mundo interconectado.<\/span><\/p>\n<p><span style=\"font-weight: 400;\">Su enfoque combina la excelencia acad\u00e9mica con una visi\u00f3n estrat\u00e9gica de la internacionalizaci\u00f3n, orientada a generar impacto institucional y a preparar a las nuevas generaciones para enfrentar los desaf\u00edos globales contempor\u00e1neos.<\/span>[\/vc_toggle][vc_toggle title=\u00bbEquipo Docente\u00bb style=\u00bbround_outline\u00bb color=\u00bbgreen\u00bb size=\u00bblg\u00bb]<\/p>\n<ul>\n<li><b>M\u00f3dulo I. Compromiso global y desaf\u00edos de la internacionalizaci\u00f3n para la Educaci\u00f3n Superior<\/b><\/li>\n<\/ul>\n<p><b><img loading=\"lazy\" decoding=\"async\" class=\"alignnone size-full wp-image-9476\" src=\"https:\/\/oui-iohe.org\/wp-content\/uploads\/2021\/08\/genoveva.png\" alt=\"\" width=\"190\" height=\"202\" \/><\/b><\/p>\n<p><b>Genoveva Amador (M\u00e9xico)<\/b><\/p>\n<p><span style=\"font-weight: 400;\">Doctora en Gerencia y Pol\u00edtica Educativa, es egresada del CURSO IGL\u00da-OUI as\u00ed como del \u201cInternational Management Course\u201d y del \u201cEuropean Higher Education Study Tour for Senior Higher Education Leaders from America Latina\u201d.<\/span><\/p>\n<p><span style=\"font-weight: 400;\">Se desempe\u00f1\u00f3 como acad\u00e9mica y funcionaria durante 37 a\u00f1os en la Universidad de Colima, donde fungi\u00f3 como Directora General de Relaciones Internacionales y Cooperaci\u00f3n Acad\u00e9mica durante 22 a\u00f1os. En ese rol dirigi\u00f3 la estrategia institucional<\/span><\/p>\n<p><span style=\"font-weight: 400;\">de internacionalizaci\u00f3n de la educaci\u00f3n superior, gestion\u00f3 numerosos financiamientos internacionales para proyectos desarrollados en redes multinacionales con impactos locales, imparti\u00f3 cursos y talleres en M\u00e9xico y en el extranjero y public\u00f3 27 art\u00edculos, 16 cap\u00edtulos de libros y 6 libros en coautor\u00eda. Sus tem\u00e1ticas: Internacionalizaci\u00f3n de la educaci\u00f3n superior, en Casa, del curr\u00edculum y programas de doble grado. Por su trayectoria, recibi\u00f3 reconocimientos del Gobierno y del Congreso del Estado de Colima y de la Corporaci\u00f3n PENSER.<\/span><\/p>\n<p>&#8212;<\/p>\n<ul>\n<li><b>M\u00f3dulo II. Internacionalizaci\u00f3n de la formaci\u00f3n en la Educaci\u00f3n Superior<\/b><\/li>\n<\/ul>\n<p><b><img loading=\"lazy\" decoding=\"async\" class=\"alignnone wp-image-15494\" src=\"https:\/\/oui-iohe.org\/wp-content\/uploads\/2024\/02\/Carolina-Franco.jpg\" alt=\"\" width=\"190\" height=\"168\" \/><\/b><\/p>\n<p><b>Carolina Franco (Canad\u00e1)<\/b><\/p>\n<p><span style=\"font-weight: 400;\">Estudiante de Doctorado en Internacionalizaci\u00f3n de la Educaci\u00f3n Superior en el Centre for Higher Education Internationalisation de la Universit\u00e0 Cattolica del Sacro Cuore (Mil\u00e1n, Italia). Mag\u00edster en Negocios Internacionales y Negociadora Internacional de la Universidad EAFIT (Medell\u00edn, Colombia).<\/span><\/p>\n<p><span style=\"font-weight: 400;\">Consultora y formadora independiente en internacionalizaci\u00f3n de la educaci\u00f3n superior (Vancouver, Canad\u00e1). Coordinadora en la Red Alumni DAAD- CALCA y miembro de RIGIES ABYA-YALA (Red de Investigadoras y Gestoras de Internacionalizaci\u00f3n de la Educaci\u00f3n Superior en Am\u00e9rica Latina). Tutora del Instituto de Gesti\u00f3n y Liderazgo Universitario- IGLU-OUI. Durante 8 a\u00f1os fungi\u00f3 como Directora de Internacionalizaci\u00f3n en el Tecnol\u00f3gico de Antioquia- IU (Medell\u00edn, Colombia). Su experiencia se centra en gesti\u00f3n de la internacionalizaci\u00f3n, formaci\u00f3n docente, internacionalizaci\u00f3n del curr\u00edculo, internacionalizaci\u00f3n para la sociedad, y gesti\u00f3n de proyectos de cooperaci\u00f3n internacional. Sus l\u00edneas de investigaci\u00f3n son: internacionalizaci\u00f3n de la educaci\u00f3n superior, internacionalizaci\u00f3n del curr\u00edculo e internacionalizaci\u00f3n para la sociedad.\u00a0<\/span><\/p>\n<p>&#8212;<\/p>\n<ul>\n<li><b>M\u00f3dulo III. Herramientas para internacionalizar la docencia<\/b><\/li>\n<\/ul>\n<p><b><img loading=\"lazy\" decoding=\"async\" class=\"alignnone wp-image-15502\" src=\"https:\/\/oui-iohe.org\/wp-content\/uploads\/2024\/02\/Catalina-Cerquera-1-273x300.jpg\" alt=\"\" width=\"190\" height=\"209\" srcset=\"https:\/\/oui-iohe.org\/wp-content\/uploads\/2024\/02\/Catalina-Cerquera-1-273x300.jpg 273w, https:\/\/oui-iohe.org\/wp-content\/uploads\/2024\/02\/Catalina-Cerquera-1.jpg 277w\" sizes=\"auto, (max-width: 190px) 100vw, 190px\" \/><\/b><\/p>\n<p><b>Catalina Cerquera (Colombia)<\/b><\/p>\n<p><span style=\"font-weight: 400;\">Asesora y formadora en estrategias de Internacionalizaci\u00f3n en Casa y del Curr\u00edculo para Instituciones de Educaci\u00f3n Superior. Magister en Educaci\u00f3n con \u00c9nfasis en Gesti\u00f3n educativa y graduada del pregrado en Comunicaci\u00f3n y Relaciones Corporativas.<\/span><\/p>\n<p><span style=\"font-weight: 400;\">Egresada del Programa de Perfeccionamiento en Gesti\u00f3n de la Internacionalizaci\u00f3n en la Educaci\u00f3n Superior \u2013 PEGIES ERASMUS + RIESAL y Construcci\u00f3n de Capacidades para la Internacionalizaci\u00f3n e Interculturalidad de California State University.<\/span><\/p>\n<p><span style=\"font-weight: 400;\">Con formaci\u00f3n en Gesti\u00f3n de Proyectos de Desarrollo y Formaci\u00f3n para la tutor\u00eda en l\u00ednea del Banco Interamericano de Desarrollo (BID)\u00a0 y Curso Herramientas TIC para implementar en el proceso de ense\u00f1anza y aprendizaje. Con certificaci\u00f3n en Competencias Globales por AFS Intercultural Program.<\/span><\/p>\n<p><span style=\"font-weight: 400;\">Actualmente, se desempe\u00f1a como docente en el Tecnol\u00f3gico de Antioquia &#8211; Instituci\u00f3n Universitaria (Medell\u00edn &#8211; Colombia).<\/span><\/p>\n<p>&#8212;<\/p>\n<ul>\n<li><b>M\u00f3dulo IV. Gesti\u00f3n de la internacionalizaci\u00f3n<\/b><\/li>\n<\/ul>\n<p><b><img loading=\"lazy\" decoding=\"async\" class=\"alignnone wp-image-9302\" src=\"https:\/\/oui-iohe.org\/wp-content\/uploads\/2021\/07\/Lynda-Karen-V\u00e1zquez-Maldonado-300x295.png\" alt=\"\" width=\"190\" height=\"187\" srcset=\"https:\/\/oui-iohe.org\/wp-content\/uploads\/2021\/07\/Lynda-Karen-V\u00e1zquez-Maldonado-300x295.png 300w, https:\/\/oui-iohe.org\/wp-content\/uploads\/2021\/07\/Lynda-Karen-V\u00e1zquez-Maldonado.png 652w\" sizes=\"auto, (max-width: 190px) 100vw, 190px\" \/><\/b><\/p>\n<p><b>Karen Vazquez (Chile)<\/b><\/p>\n<p><span style=\"font-weight: 400;\">Licenciada en Relaciones Internacionales por el Colegio de M\u00e9xico y MBA de la Universidad de Los Lagos. Es Profesora Asociada del Departamento de Cs. Administrativas y Econ\u00f3micas y Secretaria del Consejo de Carrera de Ingenier\u00eda Comercial de la Universidad de Los Lagos.<\/span><\/p>\n<p><span style=\"font-weight: 400;\">Ha ocupado distintos cargos en en instituciones educativas p\u00fablicas en Chile, Estados Unidos y M\u00e9xico. Fue Directora General de Aseguramiento de la Calidad, Directora de Estudios Estrat\u00e9gicos y Prospectivos y Secretaria Ejecutiva del Consejo Universitario en la Universidad de Los Lagos. Anteriormente desempe\u00f1\u00f3 funciones en el Centro de Investigaci\u00f3n y Docencia Econ\u00f3mica de M\u00e9xico, El Consulado General de M\u00e9xico en San Francisco y el Distrito Escolar de Ravenswood City en East Palo Alto, California.<\/span><\/p>\n<p><span style=\"font-weight: 400;\">Sus principales \u00e1reas de inter\u00e9s investigativo incluyen la gesti\u00f3n universitaria, las estrategias de internacionalizaci\u00f3n institucional y la incorporaci\u00f3n de competencias internacionales e interculturales en el curr\u00edculo de formaci\u00f3n.<\/span><\/p>\n<p>&#8212;<\/p>\n<ul>\n<li><b>M\u00f3dulo V. Calidad e internacionalizaci\u00f3n<\/b><\/li>\n<\/ul>\n<p><b><img loading=\"lazy\" decoding=\"async\" class=\"alignnone wp-image-15506\" src=\"https:\/\/oui-iohe.org\/wp-content\/uploads\/2024\/02\/Ximena-Pedraza-266x300.jpg\" alt=\"\" width=\"190\" height=\"215\" srcset=\"https:\/\/oui-iohe.org\/wp-content\/uploads\/2024\/02\/Ximena-Pedraza-266x300.jpg 266w, https:\/\/oui-iohe.org\/wp-content\/uploads\/2024\/02\/Ximena-Pedraza.jpg 271w\" sizes=\"auto, (max-width: 190px) 100vw, 190px\" \/><\/b><\/p>\n<p><b>Ximena Pedraza (Colombia)<\/b><\/p>\n<p><span style=\"font-weight: 400;\">Doctora en Administraci\u00f3n, Mag\u00edster en Calidad y Gesti\u00f3n Integral, Especialista en Gesti\u00f3n de la Producci\u00f3n, la Calidad y la Tecnolog\u00eda, Especialista en Gerencia de Procesos, Calidad e Innovaci\u00f3n y Microbi\u00f3loga Industrial de profesi\u00f3n.<\/span><\/p>\n<p><span style=\"font-weight: 400;\">Experiencia en las \u00e1reas de Administraci\u00f3n, Auditor\u00eda, Consultor\u00eda Empresarial, Gesti\u00f3n de Calidad, Docencia Universitaria (presencial y virtual), Sistemas de Gesti\u00f3n, Producci\u00f3n e Investigaci\u00f3n y Desarrollo, Gesti\u00f3n del cambio y Gesti\u00f3n del <\/span><span style=\"font-weight: 400;\">conocimiento. Investigadora Universitaria de Programas de Postgrado. Docente y capacitadora de programas de educaci\u00f3n informal y continuada (presencial y virtual). Creadora de contenido acad\u00e9mico en educaci\u00f3n superior en la modalidad virtual. Coordinadora y experta en procesos de aseguramiento de la calidad en educaci\u00f3n superior.\u00a0 \u00c1rbitro y autora de publicaciones: art\u00edculos, libros y cap\u00edtulos de libro. <\/span><\/p>\n<p><span style=\"font-weight: 400;\">Diplomada en ambientes virtuales de aprendizaje, en formulaci\u00f3n de proyectos de investigaci\u00f3n, en el Sistema de Gesti\u00f3n de Seguridad y Salud en el trabajo, en Gesti\u00f3n Ambiental y de alcance internacional en Gesti\u00f3n Directiva de la Calidad Educativa para la sostenibilidad. Gerente de Proyectos certificada en SCRUM. Realizaci\u00f3n de Auditor\u00edas de certificaci\u00f3n, verificaci\u00f3n y acompa\u00f1amiento en organizaciones de diversos sectores.\u00a0<\/span><\/p>\n<p>&#8212;<\/p>\n<ul>\n<li><b>M\u00f3dulo VI. <\/b><b>Internacionalizaci\u00f3n de la investigaci\u00f3n y la vinculaci\u00f3n<\/b><\/li>\n<\/ul>\n<p><b><img loading=\"lazy\" decoding=\"async\" class=\"alignnone wp-image-15510\" src=\"https:\/\/oui-iohe.org\/wp-content\/uploads\/2024\/02\/Matias-Marin-300x300.jpg\" alt=\"\" width=\"190\" height=\"190\" srcset=\"https:\/\/oui-iohe.org\/wp-content\/uploads\/2024\/02\/Matias-Marin-300x300.jpg 300w, https:\/\/oui-iohe.org\/wp-content\/uploads\/2024\/02\/Matias-Marin-150x150.jpg 150w, https:\/\/oui-iohe.org\/wp-content\/uploads\/2024\/02\/Matias-Marin.jpg 383w\" sizes=\"auto, (max-width: 190px) 100vw, 190px\" \/><\/b><\/p>\n<p><b>Mat\u00edas Mar\u00edn (Colombia)<\/b><\/p>\n<p><span style=\"font-weight: 400;\">Doctor en Educaci\u00f3n, Maestro en Educaci\u00f3n y Licenciado en Lenguas modernas. Su tesis de doctorado \u201cComunidad para la acci\u00f3n y la transformaci\u00f3n de las pr\u00e1cticas de internacionalizaci\u00f3n del curr\u00edculo (IDC) en educaci\u00f3n superior\u201d fue laureada por su aporte metodol\u00f3gico en investigaci\u00f3n para la internacionalizaci\u00f3n del curr\u00edculo y por considerar que su propuesta se encuentra en el estado del arte a nivel global. <\/span><\/p>\n<p><span style=\"font-weight: 400;\">Su experiencia como formador incluye el Curso de Innovaci\u00f3n pedag\u00f3gica en contextos de internacionalizaci\u00f3n, en Dalhousie University, Canad\u00e1, el Curso Innovaci\u00f3n Pedag\u00f3gica en contextos de internacionalizaci\u00f3n: Culturas y comunicaci\u00f3n en el aula internacional, Universidad del Desarrollo, Chile, as\u00ed como el Diplomado para el Aprendizaje Global Interactivo y Multicultural en la Universidad de Manizales, Colombia.<\/span><\/p>\n<p><span style=\"font-weight: 400;\">Actualmente, es Director de Relaciones Interinstitucionales e Internacionales en la Universidad Cat\u00f3lica de Manizales, Coordinador Nacional de la Red Colombiana de Internacionalizaci\u00f3n (RCI-ASCUN), Miembro asociado de la comunidad de expertos en Internacionalizaci\u00f3n en Casa de la Asociaci\u00f3n Europea de Educaci\u00f3n Internacional (EAIE), y Miembro del Comit\u00e9 de Recursos y Relacionamiento de la Comunidad de Conocimiento en Liderazgo en Educaci\u00f3n Internacional de NAFSA (Asociaci\u00f3n de Educadores Internacional).<\/span><\/p>\n<p>&#8212;<\/p>\n<ul>\n<li><b>M\u00f3dulo VII. <\/b><b>Proyectos de internacionalizaci\u00f3n\u00a0<\/b><\/li>\n<\/ul>\n<p><b><img loading=\"lazy\" decoding=\"async\" class=\"alignnone wp-image-15514\" src=\"https:\/\/oui-iohe.org\/wp-content\/uploads\/2024\/02\/Meritxell-Calbet.jpg\" alt=\"\" width=\"190\" height=\"190\" srcset=\"https:\/\/oui-iohe.org\/wp-content\/uploads\/2024\/02\/Meritxell-Calbet.jpg 204w, https:\/\/oui-iohe.org\/wp-content\/uploads\/2024\/02\/Meritxell-Calbet-150x150.jpg 150w\" sizes=\"auto, (max-width: 190px) 100vw, 190px\" \/><\/b><\/p>\n<p><b>Meritxell Calbet (Chile)<\/b><\/p>\n<p><span style=\"font-weight: 400;\">Profesional en Relaciones Laborales, tiene una Licenciatura en Derecho y M\u00e1ster Universitario en Derecho de la Empresa y la Contrataci\u00f3n por la Universitat Rovira i Virgili, Catalunya. Se encuentra desarrollando su tesis doctoral en el Programa de Doctorado en Econom\u00eda Internacional y Turismo de la Universidad de Valencia, Espa\u00f1a.<\/span><\/p>\n<p><span style=\"font-weight: 400;\">Ha trabajado durante 18 a\u00f1os en Instituciones de Educaci\u00f3n Superior, en Europa y Am\u00e9rica Latina. En este per\u00edodo ha ocupado diferentes roles estrat\u00e9gicos, mayoritariamente vinculados a la internacionalizaci\u00f3n. En los \u00faltimos 10 a\u00f1os, se ha dedicado al dise\u00f1o y ejecuci\u00f3n de proyectos de cooperaci\u00f3n al desarrollo con fondos internacionales, mejora de procesos y establecimiento de nuevos programas internacionales desde Chile. <\/span><\/p>\n<p><span style=\"font-weight: 400;\">Adem\u00e1s ha liderado varios proyectos de cooperaci\u00f3n internacional. Actualmente es Coordinadora General del Proyecto Erasmus+, KA2 \u201c<\/span><b><i>LATWORK<\/i><\/b><i><span style=\"font-weight: 400;\">\u201d<\/span><\/i><span style=\"font-weight: 400;\">, enfocado entorno la investigaci\u00f3n de la econom\u00eda y empleo informal, habiendo coordinado tambi\u00e9n el proyecto Erasmus+ \u201c<\/span><b><i>MUSE<\/i><\/b><i><span style=\"font-weight: 400;\">\u201d<\/span><\/i><span style=\"font-weight: 400;\">, y ha participado como coordinadora institucional de los proyectos internacionales Eramus+ <\/span><i><span style=\"font-weight: 400;\">\u201c<\/span><\/i><b><i>INCHIPE<\/i><\/b><i><span style=\"font-weight: 400;\">\u201d<\/span><\/i><span style=\"font-weight: 400;\"> y <\/span><i><span style=\"font-weight: 400;\">\u201c<\/span><\/i><b><i>SOLIDARIS<\/i><\/b><i><span style=\"font-weight: 400;\">\u201d,<\/span><\/i><span style=\"font-weight: 400;\"> ambos coordinados por la Universidad de Sevilla, Espa\u00f1a, e \u201c<\/span><b><i>INNOVAT<\/i><\/b><span style=\"font-weight: 400;\">\u201d, coordinado por la FH Joanneum, Austria.<\/span><\/p>\n<p><span style=\"font-weight: 400;\">Actualmente, es Directora de Cooperaci\u00f3n Internacional en la Universidad Vi\u00f1a del Mar, Chile, desde julio de 2013, colaborando con la l\u00ednea de definici\u00f3n estrat\u00e9gica de la instituci\u00f3n en pol\u00edticas de internacionalizaci\u00f3n, posicionando la cooperaci\u00f3n internacional como eje estrat\u00e9gico y transversal en el Plan de Desarrollo Institucional.<\/span>[\/vc_toggle][\/vc_column][\/vc_row][vc_row][vc_column width=\u00bb1\/3&#8243;][vc_custom_heading text=\u00bbInscripciones\u00bb font_container=\u00bbtag:h3|text_align:left\u00bb use_theme_fonts=\u00bbyes\u00bb][vc_btn title=\u00bbInscripciones por Rutas\u00bb style=\u00bbflat\u00bb shape=\u00bbsquare\u00bb color=\u00bbiohe-orange\u00bb css=\u00bb\u00bb link=\u00bburl:%20https%3A%2F%2Fdocs.google.com%2Fforms%2Fd%2Fe%2F1FAIpQLScw-Us2L1z6cxdhZo9QrhVTkvmGg0zTlmQrX-tpd7i_V56lsw%2Fviewform%3Fusp%3Ddialog%20|target:_blank\u00bb][vc_btn title=\u00bbInscripciones por M\u00f3dulos\u00bb style=\u00bbflat\u00bb shape=\u00bbsquare\u00bb color=\u00bbiohe-orange\u00bb css=\u00bb\u00bb link=\u00bburl:https%3A%2F%2Fdocs.google.com%2Fforms%2Fd%2Fe%2F1FAIpQLSdkb990rgqRyeC4bxg1Z8tQWZ3-HAup_PLcPSIQg_DKGBhpWg%2Fviewform%3Fusp%3Dsf_link%20|target:_blank\u00bb][\/vc_column][vc_column width=\u00bb1\/3&#8243;][\/vc_column][vc_column width=\u00bb1\/3&#8243;][vc_custom_heading text=\u00bbConvocatoria Becas OUI\u00bb font_container=\u00bbtag:h3|text_align:left\u00bb use_theme_fonts=\u00bbyes\u00bb][vc_empty_space height=\u00bb22px\u00bb][vc_btn title=\u00bbDiplomado para Gestores (Ruta 1)\u00bb style=\u00bbflat\u00bb shape=\u00bbsquare\u00bb color=\u00bbiohe-orange\u00bb css=\u00bb\u00bb link=\u00bburl:https%3A%2F%2Foui-iohe.org%2Fes%2Fconvocatoria-dies-ruta-1%2F|target:_blank\u00bb][vc_empty_space height=\u00bb22px\u00bb][vc_btn title=\u00bbDiplomado para Acad\u00e9micos (Ruta 2)\u00bb style=\u00bbflat\u00bb shape=\u00bbsquare\u00bb color=\u00bbiohe-orange\u00bb css=\u00bb\u00bb link=\u00bburl:https%3A%2F%2Foui-iohe.org%2Fes%2Fconvocatoria-dies-ruta-2%2F|target:_blank\u00bb][vc_empty_space][vc_column_text css=\u00bb\u00bb]Cierre de solicitudes: 6 de marzo de 2026[\/vc_column_text][\/vc_column][\/vc_row][vc_row color=\u00bbiohe-orange\u00bb align=\u00bbalign_center\u00bb style=\u00bb\u00bb border_width=\u00bb6&#8243; el_width=\u00bb\u00bb accent_color=\u00bb\u00bb][vc_column][vc_separator color=\u00bbiohe-orange\u00bb border_width=\u00bb6&#8243;][\/vc_column][\/vc_row][vc_row][vc_column][vc_column_text]*Este curso certifica la adquisici\u00f3n de las competencias mediante una\u00a0<a href=\"https:\/\/oui-iohe.org\/es\/insignia\/\"><strong>Insignia Digital<\/strong>\u00a0<strong>Acreditta<\/strong><\/a>[\/vc_column_text][vc_column_text css=\u00bb\u00bb]<a href=\"https:\/\/oui-iohe.org\/es\/events\/dies-2025\/\">Clic aqu\u00ed<\/a> para guardar este evento en su calendario[\/vc_column_text][\/vc_column][\/vc_row][vc_row full_width=\u00bbstretch_row\u00bb css=\u00bb.vc_custom_1695248495677{background-color: #f1f1f1 !important;}\u00bb][vc_column width=\u00bb1\/2&#8243;][vc_single_image image=\u00bb1245&#8243;][\/vc_column][vc_column width=\u00bb1\/2&#8243;][vc_custom_heading text=\u00bbContacto\u00bb use_theme_fonts=\u00bbyes\u00bb][vc_column_text]<a href=\"mailto:academia@oui-iohe.org\">academia@oui-iohe.org<\/a>[\/vc_column_text][\/vc_column][\/vc_row]<\/p>\n<\/div>","protected":false},"excerpt":{"rendered":"<p>[vc_row][vc_column][vc_custom_heading text=\u00bbDiplomado en Internacionalizaci\u00f3n de la Educaci\u00f3n Superior &#8211; DIES 2026&#8243; font_container=\u00bbtag:h1|text_align:left\u00bb use_theme_fonts=\u00bbyes\u00bb css=\u00bb\u00bb][\/vc_column][\/vc_row][vc_row full_width=\u00bbstretch_row\u00bb css=\u00bb.vc_custom_1695248103897{background-color: #f1f1f1 !important;}\u00bb][vc_column][vc_column_text]El Diplomado se [&hellip;]<\/p>\n","protected":false},"author":4,"featured_media":14429,"parent":0,"menu_order":0,"comment_status":"closed","ping_status":"closed","template":"","meta":{"_acf_changed":false,"_monsterinsights_skip_tracking":false,"_monsterinsights_sitenote_active":false,"_monsterinsights_sitenote_note":"","_monsterinsights_sitenote_category":0,"footnotes":""},"class_list":["post-14410","page","type-page","status-publish","has-post-thumbnail","hentry"],"acf":[],"aioseo_notices":[],"_links":{"self":[{"href":"https:\/\/oui-iohe.org\/es\/wp-json\/wp\/v2\/pages\/14410","targetHints":{"allow":["GET"]}}],"collection":[{"href":"https:\/\/oui-iohe.org\/es\/wp-json\/wp\/v2\/pages"}],"about":[{"href":"https:\/\/oui-iohe.org\/es\/wp-json\/wp\/v2\/types\/page"}],"author":[{"embeddable":true,"href":"https:\/\/oui-iohe.org\/es\/wp-json\/wp\/v2\/users\/4"}],"replies":[{"embeddable":true,"href":"https:\/\/oui-iohe.org\/es\/wp-json\/wp\/v2\/comments?post=14410"}],"version-history":[{"count":71,"href":"https:\/\/oui-iohe.org\/es\/wp-json\/wp\/v2\/pages\/14410\/revisions"}],"predecessor-version":[{"id":20964,"href":"https:\/\/oui-iohe.org\/es\/wp-json\/wp\/v2\/pages\/14410\/revisions\/20964"}],"wp:featuredmedia":[{"embeddable":true,"href":"https:\/\/oui-iohe.org\/es\/wp-json\/wp\/v2\/media\/14429"}],"wp:attachment":[{"href":"https:\/\/oui-iohe.org\/es\/wp-json\/wp\/v2\/media?parent=14410"}],"curies":[{"name":"wp","href":"https:\/\/api.w.org\/{rel}","templated":true}]}}