{"id":6873,"date":"2020-12-21T21:45:38","date_gmt":"2020-12-22T02:45:38","guid":{"rendered":"https:\/\/oui-iohe.org\/?page_id=6873"},"modified":"2024-10-23T22:28:08","modified_gmt":"2024-10-24T02:28:08","slug":"pifgai","status":"publish","type":"page","link":"https:\/\/oui-iohe.org\/es\/pifgai\/","title":{"rendered":"Programa Interamericano de Formaci\u00f3n de Gestores de Ambientes de Innovaci\u00f3n"},"content":{"rendered":"<div class=\"wpb-content-wrapper\"><p>[vc_row][vc_column][vc_custom_heading text=\u00bbPrograma Interamericano de Formaci\u00f3n en Gesti\u00f3n de Ambientes de Innovaci\u00f3n\u00bb font_container=\u00bbtag:h1|text_align:left\u00bb use_theme_fonts=\u00bbyes\u00bb][\/vc_column][\/vc_row][vc_row full_width=\u00bbstretch_row\u00bb css=\u00bb.vc_custom_1637545267482{background-color: #f1f1f1 !important;}\u00bb][vc_column][vc_column_text]<span style=\"font-weight: 400;\">La innovaci\u00f3n se destaca como una de las capacidades determinantes para cualquier organizaci\u00f3n, se ha convertido en el catalizador de mayor peso en la transformaci\u00f3n y crecimiento de nuestra sociedad. Este programa potencia las competencias de los participantes para\u00a0 liderar y\u00a0 gestionar ambientes de innovaci\u00f3n, a partir de un diagn\u00f3stico puntual, y mediante el dise\u00f1o y planificaci\u00f3n de un h\u00e1bitat de innovaci\u00f3n con una visi\u00f3n de crecimiento econ\u00f3mico urbano y regional.<\/span><\/p>\n<p><span style=\"font-weight: 400;\">Cada participante realiza un Proyecto de Intervenci\u00f3n, en el cual debe elaborar una hoja de ruta estrat\u00e9gica para la implementaci\u00f3n de un nuevo h\u00e1bitat de innovaci\u00f3n o la mejora de uno ya existente.<\/span>[\/vc_column_text][\/vc_column][\/vc_row][vc_row][vc_column width=\u00bb1\/2&#8243;][vc_custom_heading text=\u00bbObjetivo\u00bb use_theme_fonts=\u00bbyes\u00bb][vc_column_text]<span style=\"font-weight: 400;\">Desarrollar habilidades y competencias para dise\u00f1ar y gestionar la puesta en marcha de ambientes de innovaci\u00f3n sostenibles.<\/span>[\/vc_column_text][\/vc_column][vc_column width=\u00bb1\/2&#8243;][vc_custom_heading text=\u00bbDirigido a\u00bb use_theme_fonts=\u00bbyes\u00bb][vc_column_text]<span style=\"font-weight: 400;\">Actores de la Cu\u00e1druple H\u00e9lice (Gobierno \u2013 Universidad \u2013 Sector Privado \u2013 Sociedad Civil) con el siguiente perfil:\u00a0<\/span><\/p>\n<ul>\n<li style=\"font-weight: 400;\" aria-level=\"1\"><span style=\"font-weight: 400;\">Directivos y gestores de ambientes de innovaci\u00f3n (ej. Parques Cient\u00edfico-Tecnol\u00f3gicos, Incubadoras de empresas, N\u00facleos de Innovaci\u00f3n, Clusters, Polos de Desarrollo, etc.)<\/span><\/li>\n<li style=\"font-weight: 400;\" aria-level=\"1\"><span style=\"font-weight: 400;\">Directivos y gestores de centros de investigaci\u00f3n y\/o innovaci\u00f3n en instituciones de educaci\u00f3n superior.<\/span><\/li>\n<li style=\"font-weight: 400;\" aria-level=\"1\"><span style=\"font-weight: 400;\">Responsables del desarrollo o implementaci\u00f3n de estrategias de innovaci\u00f3n en organismos rectores de Ciencia, Tecnolog\u00eda e Innovaci\u00f3n (CT&amp;I).<\/span><\/li>\n<li style=\"font-weight: 400;\" aria-level=\"1\"><span style=\"font-weight: 400;\">Autoridades a nivel local, regional o nacional vinculadas con el dise\u00f1o de estrategias, programas y acciones para el desarrollo emprendedor y la innovaci\u00f3n.<\/span><\/li>\n<li style=\"font-weight: 400;\" aria-level=\"1\"><span style=\"font-weight: 400;\">Funcionarios de administraciones p\u00fablicas responsables de la implementaci\u00f3n y gesti\u00f3n de programas e iniciativas de apoyo a la innovaci\u00f3n y el emprendimiento.<\/span><\/li>\n<li style=\"font-weight: 400;\" aria-level=\"1\"><span style=\"font-weight: 400;\">Emprendedores y gestores empresariales.<\/span><\/li>\n<\/ul>\n<p>[\/vc_column_text][\/vc_column][\/vc_row][vc_row][vc_column][vc_custom_heading text=\u00bbPerfil de egreso\u00bb use_theme_fonts=\u00bbyes\u00bb][vc_column_text]El programa facilita el desarrollo de capacidades para:<\/p>\n<p>\u2022 Liderar la conducci\u00f3n de un proyecto de dise\u00f1o y\/o desarrollo de un ambiente de innovaci\u00f3n.<br \/>\n\u2022 Diagnosticar los requerimientos para la puesta en marcha de un ambiente de innovaci\u00f3n sostenible.<br \/>\n\u2022 Dise\u00f1ar los elementos estrat\u00e9gicos fundamentales a tener en cuenta para la puesta en marcha y desarrollo de un ambiente de innovaci\u00f3n.<br \/>\n\u2022 Promover el desarrollo de una cultura de innovaci\u00f3n.<br \/>\n\u2022 Articular esfuerzos, recursos y experiencias para impulsar el desarrollo de ambientes de innovaci\u00f3n.[\/vc_column_text][\/vc_column][\/vc_row][vc_row][vc_column][vc_separator color=\u00bbiohe-orange\u00bb border_width=\u00bb6&#8243;][\/vc_column][\/vc_row][vc_row][vc_column width=\u00bb1\/2&#8243;][vc_toggle title=\u00bbContenidos\u00bb style=\u00bbround_outline\u00bb color=\u00bbgreen\u00bb size=\u00bblg\u00bb]<\/p>\n<ul>\n<li>M\u00f3dulo 1: Fundamentos de la innovaci\u00f3n<\/li>\n<li>M\u00f3dulo 2: Diagn\u00f3stico de ambientes de innovaci\u00f3n<\/li>\n<li>M\u00f3dulo 3: Planificaci\u00f3n de ambientes de innovaci\u00f3n<\/li>\n<li>Proyecto de Intervenci\u00f3n<\/li>\n<\/ul>\n<p>[\/vc_toggle][vc_toggle title=\u00bbDuraci\u00f3n\u00bb style=\u00bbround_outline\u00bb color=\u00bbgreen\u00bb size=\u00bblg\u00bb css=\u00bb\u00bb]<strong>Curso:<\/strong><\/p>\n<p>15 de septiembre a 19 de noviembre de 2025<\/p>\n<p>12 semanas[\/vc_toggle][\/vc_column][vc_column width=\u00bb1\/2&#8243;][vc_toggle title=\u00bbAsesores de proyectos\u00bb style=\u00bbround_outline\u00bb color=\u00bbgreen\u00bb size=\u00bblg\u00bb]<b><img loading=\"lazy\" decoding=\"async\" class=\"alignnone size-full wp-image-9206\" src=\"https:\/\/oui-iohe.org\/wp-content\/uploads\/2021\/07\/Juan-Alberto-Gonz\u00e1lez.png\" alt=\"\" width=\"112\" height=\"167\" \/><\/b><\/p>\n<p><b>Juan Alberto <\/b><b>Gonz\u00e1lez Pi\u00f1\u00f3n (M\u00e9xico)<\/b><\/p>\n<p><span style=\"font-weight: 400;\">Es Doctor en Innovaci\u00f3n por parte de la Universidad An\u00e1huac, tiene un Maestr\u00eda en Ciencias en Administraci\u00f3n P\u00fablica en el IPN, Maestr\u00eda en Comercializaci\u00f3n de la Ciencia y la Tecnolog\u00eda en el Center for Global Innovation and Entrepreneurship (UT-AUSTIN), Professional Certificate in Strategic Technology Roadmapping &amp;amp; Innovation.- Massachusetts Institute of Technology (MIT) y una\u00a0 Licenciatura en Administraci\u00f3n de Empresas, en la UAM. Graduado del programa de Alta Direcci\u00f3n de Empresas y del Programa en Alta Direcci\u00f3n en Capital Privado, ambos en el IPADE y del Programa Interamericano de Formaci\u00f3n en Gesti\u00f3n de Ambientes de Innovaci\u00f3n, impartido por la Organizaci\u00f3n Universitaria Interamericana (OUI), tiene tambi\u00e9n una Especializaci\u00f3n en planificaci\u00f3n del futuro, por el Institute for the Future.<\/span><\/p>\n<p><span style=\"font-weight: 400;\">Es Director Corporativo de Innovaci\u00f3n y Transferencia de la Universidad Panamericana, responsable de impulsar a los investigadores en su avance en el conocimiento y convertir el producto de la creatividad, en oportunidades de vinculaci\u00f3n con la industria y la sociedad, fue director del Centro de Emprendimiento e Innovaci\u00f3n, impuls\u00f3 la creaci\u00f3n de 24 empresas de base tecnol\u00f3gica lideradas por estudiantes universitarios. En el IPN fue responsable de la creaci\u00f3n del Polo de Desarrollo Tecnol\u00f3gico \u201cTECNOPOLI\u201d, y director del Centro de Incubaci\u00f3n de Empresas de Base Tecnol\u00f3gica, periodo en el que la instituci\u00f3n fue reconocida con el \u201cPremio Nacional del Emprendedor\u201d, es Vicepresidente de la \u201cAsociaci\u00f3n Mexicana de Directivos de la Investigaci\u00f3n Aplicada y el Desarrollo Tecnol\u00f3gico\u201d es Secretario Ejecutivo de MetaRedX M\u00e9xico, Presidente regi\u00f3n Ciudad de M\u00e9xico, de la Red de Oficinas de Transferencia Tecnolog\u00eda de M\u00e9xico, autor de art\u00edculos de libros y de m\u00e1s de 100 art\u00edculos de divulgaci\u00f3n con temas de emprendimiento, innovaci\u00f3n, ciencia y tecnolog\u00eda.<\/span><\/p>\n<p>&#8212; &#8212;<\/p>\n<p>&nbsp;<\/p>\n<p><b><img loading=\"lazy\" decoding=\"async\" class=\"alignnone wp-image-16050 size-thumbnail\" src=\"https:\/\/oui-iohe.org\/wp-content\/uploads\/2024\/06\/Leysel-Chong-150x150.jpg\" alt=\"\" width=\"150\" height=\"150\" srcset=\"https:\/\/oui-iohe.org\/wp-content\/uploads\/2024\/06\/Leysel-Chong-150x150.jpg 150w, https:\/\/oui-iohe.org\/wp-content\/uploads\/2024\/06\/Leysel-Chong-300x300.jpg 300w\" sizes=\"auto, (max-width: 150px) 100vw, 150px\" \/><\/b><\/p>\n<p><b>Eysel Adolfo Chong\u00a0 (Panam\u00e1)<\/b><\/p>\n<p><span style=\"font-weight: 400;\">Es Doctor en Administraci\u00f3n de Negocios (DBA), tiene una Maestr\u00eda en Formulaci\u00f3n y Evaluaci\u00f3n de Proyectos (MBA) y Licenciado en Derecho y Ciencias Pol\u00edticas y Licenciado en Tecnolog\u00eda Industrial. Tiene una certificaci\u00f3n internacional en gesti\u00f3n del conocimiento.<\/span><\/p>\n<p><span style=\"font-weight: 400;\">Actualmente, es Gerente de Gesti\u00f3n del Conocimiento en la Fundaci\u00f3n Ciudad del Saber (FCDS). Especialista en gesti\u00f3n y desarrollo empresarial y en evaluaci\u00f3n de impacto y efectividad sostenible en proyectos de valor p\u00fablico. M\u00e1s de 22 a\u00f1os de experiencia como consultor empresarial y como catedr\u00e1tico universitario en temas de formaci\u00f3n y desarrollo de planes empresariales, procesos estrat\u00e9gicos, gesti\u00f3n del conocimiento e innovaci\u00f3n para la mejora de la productividad y competitividad empresarial.\u00a0<\/span><\/p>\n<p><span style=\"font-weight: 400;\">Es autor de m\u00faltiples art\u00edculos y casos de estudio en las \u00e1reas de liderazgo, negociaci\u00f3n, gesti\u00f3n del conocimiento, emprendimiento, gerencia basada en resultados, entre otros.\u00a0<\/span>[\/vc_toggle][vc_toggle title=\u00bbEquipo docente\u00bb style=\u00bbround_outline\u00bb color=\u00bbgreen\u00bb size=\u00bblg\u00bb]<b><img loading=\"lazy\" decoding=\"async\" class=\"alignnone size-full wp-image-8824\" src=\"https:\/\/oui-iohe.org\/wp-content\/uploads\/2021\/04\/Jane-Lucia-Santos.png\" alt=\"\" width=\"139\" height=\"192\" \/><\/b><\/p>\n<p><b>Jane Lucia Santos (Brasil)<\/b><\/p>\n<p><span style=\"font-weight: 400;\">Es Doctora en Ingenier\u00eda y Gesti\u00f3n del Conocimiento por la Universidade Federal de Santa Catarina (UFSC), Brasil. Graduada en Administraci\u00f3n de Empresas, con dos MBA en gesti\u00f3n de recursos humanos y en design thinking. Tiene m\u00e1s de 10 a\u00f1os de experiencia en proyectos de investigaci\u00f3n, desarrollo e innovaci\u00f3n (I+D+I) realizados en colaboraci\u00f3n entre universidades y empresas, con financiaci\u00f3n privada o p\u00fablica. Actualmente, es investigadora-doctora en el centro interdisciplinario de I+D denominado HFACTORS Human Factors and Resilience Research, de la Pontificia Universidad Cat\u00f3lica de Rio Grande do Sul (PUCRS), en Brasil. <\/span><\/p>\n<p><span style=\"font-weight: 400;\">Adem\u00e1s, tiene experiencia en proyectos desarrollados en parques cient\u00edficos y tecnol\u00f3gicos, por ejemplo, analizando el impacto de la gesti\u00f3n del conocimiento en la innovaci\u00f3n de empresas residentes en estos entornos. Sus \u00e1reas de especializaci\u00f3n incluyen gesti\u00f3n e innovaci\u00f3n, gesti\u00f3n de proyectos, procesos de aprendizaje, capacidad de absorci\u00f3n, gesti\u00f3n del conocimiento y resiliencia organizacional. Su trabajo incluye la aplicaci\u00f3n de m\u00e9todos cuantitativos y cualitativos, estudios bibliom\u00e9tricos, revisi\u00f3n sistem\u00e1tica de literatura y estudios emp\u00edricos con PYMEs (peque\u00f1as y medianas empresas) y organizaciones de alta complejidad.<\/span><\/p>\n<p>&#8212; &#8212;<\/p>\n<p><strong><img loading=\"lazy\" decoding=\"async\" class=\"alignnone wp-image-13455 size-thumbnail\" src=\"https:\/\/oui-iohe.org\/wp-content\/uploads\/2023\/02\/geannina-moraga-BN-150x150.jpg\" alt=\"\" width=\"150\" height=\"150\" srcset=\"https:\/\/oui-iohe.org\/wp-content\/uploads\/2023\/02\/geannina-moraga-BN-150x150.jpg 150w, https:\/\/oui-iohe.org\/wp-content\/uploads\/2023\/02\/geannina-moraga-BN-300x300.jpg 300w\" sizes=\"auto, (max-width: 150px) 100vw, 150px\" \/><\/strong><\/p>\n<p><strong>Geannina Moraga L\u00f3pez (Costa Rica)<\/strong><\/p>\n<p><span style=\"font-weight: 400;\">Asesora de proyectos de investigaci\u00f3n y de procesos de innovaci\u00f3n en la Universidad Nacional, Costa Rica (UNA). Tiene formaci\u00f3n en Ciencias geogr\u00e1ficas con \u00e9nfasis en ordenamiento del territorio; Maestr\u00eda en Gerencia de proyectos de desarrollo y est\u00e1 inscrita en el Ministerio de Ciencia y Tecnolog\u00eda de Costa Rica como Gestora de innovaci\u00f3n. Actualmente es estudiante del Doctorado en Dise\u00f1o, Fabricaci\u00f3n y Gesti\u00f3n de Proyectos Industriales de la Universidad Polit\u00e9cnica de Valencia, Espa\u00f1a.<\/span><\/p>\n<p><span style=\"font-weight: 400;\">En la UNA se desempe\u00f1a como agente de cambio en la gesti\u00f3n estrat\u00e9gica de los servicios de 2da y 3ra misi\u00f3n. Acompa\u00f1a a 4 h\u00e1bitats de innovaci\u00f3n y emprendimiento mediante un plan de fortalecimiento que busca dinamizar los procesos de innovaci\u00f3n entre los actores de las h\u00e9lices de innovaci\u00f3n como principio para la competitividad, hacia una econom\u00eda basada en el conocimiento.<\/span><\/p>\n<p><span style=\"font-weight: 400;\">Adem\u00e1s, cuenta con diez a\u00f1os de experiencia investigativa en el an\u00e1lisis de problemas ambientales para el dise\u00f1o e implementaci\u00f3n de soluciones basadas en conocimiento, mediante las funciones y operaciones de tratamiento de datos espaciales con los sistemas de informaci\u00f3n geogr\u00e1fica, a trav\u00e9s de su participaci\u00f3n en proyectos acad\u00e9micos sobre la gesti\u00f3n integrada de los recursos h\u00eddricos y el ordenamiento del territorio.<\/span>[\/vc_toggle][vc_toggle title=\u00bbInversi\u00f3n\u00bb style=\u00bbround_outline\u00bb color=\u00bbgreen\u00bb size=\u00bblg\u00bb]<\/p>\n<table>\n<tbody>\n<tr>\n<td width=\"151\"><\/td>\n<td width=\"113\">Particular<\/td>\n<td width=\"110\">Miembro OUI<\/td>\n<\/tr>\n<tr>\n<td width=\"151\">Un participante<\/td>\n<td width=\"113\">$1.200 USD<\/td>\n<td width=\"110\">$960 USD<\/td>\n<\/tr>\n<tr>\n<td width=\"151\">Participante adicional<\/td>\n<td width=\"113\">$1.020 USD c\/u<\/td>\n<td width=\"110\">$840 USD c\/u<\/td>\n<\/tr>\n<\/tbody>\n<\/table>\n<p>[\/vc_toggle][\/vc_column][\/vc_row][vc_row][vc_column width=\u00bb1\/2&#8243;][vc_btn title=\u00bbInscripci\u00f3n al curso\u00bb style=\u00bbflat\u00bb shape=\u00bbsquare\u00bb color=\u00bbiohe-orange\u00bb link=\u00bburl:https%3A%2F%2Fdocs.google.com%2Fforms%2Fd%2Fe%2F1FAIpQLScDAWxrmzi8Q3Ug49vsSInlhnlQdoqmd_e40AEGvCrO77ZN5Q%2Fviewform%3Fusp%3Dsf_link|target:_blank\u00bb][vc_column_text css=\u00bb\u00bb]Cierre de Inscripciones: 29 de agosto de 2025[\/vc_column_text][\/vc_column][vc_column width=\u00bb1\/2&#8243;][vc_btn title=\u00bbConvocatoria becas oui 2025&#8243; style=\u00bbflat\u00bb shape=\u00bbsquare\u00bb color=\u00bbiohe-orange\u00bb css=\u00bb\u00bb link=\u00bburl:https%3A%2F%2Foui-iohe.org%2Fes%2Fconvocatoriapifgai%2F|target:_blank\u00bb][vc_column_text css=\u00bb\u00bb]Cierre de solicitudes: 15 de agosto de 2025[\/vc_column_text][\/vc_column][\/vc_row][vc_row][vc_column][vc_separator color=\u00bbiohe-orange\u00bb border_width=\u00bb6&#8243;][\/vc_column][\/vc_row][vc_row][vc_column][vc_column_text]*Este curso certifica la adquisici\u00f3n de las competencias mediante una <a href=\"https:\/\/oui-iohe.org\/es\/insignia\/\"><strong>Insignia Digital<\/strong> <strong>Acreditta<\/strong><\/a>[\/vc_column_text][vc_column_text css=\u00bb\u00bb]<a href=\"https:\/\/oui-iohe.org\/es\/events\/pifgai-2025\/\">Clic aqu\u00ed<\/a> para guardar este evento en su calendario[\/vc_column_text][\/vc_column][\/vc_row][vc_row full_width=\u00bbstretch_row\u00bb css=\u00bb.vc_custom_1637546754974{background-color: #f1f1f1 !important;}\u00bb][vc_column width=\u00bb1\/2&#8243;][vc_single_image image=\u00bb1245&#8243; img_size=\u00bblarge\u00bb][\/vc_column][vc_column width=\u00bb1\/2&#8243;][vc_custom_heading text=\u00bbContacto\u00bb use_theme_fonts=\u00bbyes\u00bb][vc_column_text]<a href=\"mailto:academia@oui-iohe.org\">academia@oui-iohe.org<\/a>[\/vc_column_text][\/vc_column][\/vc_row]<\/p>\n<\/div>","protected":false},"excerpt":{"rendered":"<p>[vc_row][vc_column][vc_custom_heading text=\u00bbPrograma Interamericano de Formaci\u00f3n en Gesti\u00f3n de Ambientes de Innovaci\u00f3n\u00bb font_container=\u00bbtag:h1|text_align:left\u00bb use_theme_fonts=\u00bbyes\u00bb][\/vc_column][\/vc_row][vc_row full_width=\u00bbstretch_row\u00bb css=\u00bb.vc_custom_1637545267482{background-color: #f1f1f1 !important;}\u00bb][vc_column][vc_column_text]La innovaci\u00f3n se destaca [&hellip;]<\/p>\n","protected":false},"author":4,"featured_media":10957,"parent":0,"menu_order":0,"comment_status":"closed","ping_status":"closed","template":"","meta":{"_acf_changed":false,"_monsterinsights_skip_tracking":false,"_monsterinsights_sitenote_active":false,"_monsterinsights_sitenote_note":"","_monsterinsights_sitenote_category":0,"footnotes":""},"class_list":["post-6873","page","type-page","status-publish","has-post-thumbnail","hentry"],"acf":[],"aioseo_notices":[],"_links":{"self":[{"href":"https:\/\/oui-iohe.org\/es\/wp-json\/wp\/v2\/pages\/6873","targetHints":{"allow":["GET"]}}],"collection":[{"href":"https:\/\/oui-iohe.org\/es\/wp-json\/wp\/v2\/pages"}],"about":[{"href":"https:\/\/oui-iohe.org\/es\/wp-json\/wp\/v2\/types\/page"}],"author":[{"embeddable":true,"href":"https:\/\/oui-iohe.org\/es\/wp-json\/wp\/v2\/users\/4"}],"replies":[{"embeddable":true,"href":"https:\/\/oui-iohe.org\/es\/wp-json\/wp\/v2\/comments?post=6873"}],"version-history":[{"count":60,"href":"https:\/\/oui-iohe.org\/es\/wp-json\/wp\/v2\/pages\/6873\/revisions"}],"predecessor-version":[{"id":8875,"href":"https:\/\/oui-iohe.org\/es\/wp-json\/wp\/v2\/pages\/6873\/revisions\/8875"}],"wp:featuredmedia":[{"embeddable":true,"href":"https:\/\/oui-iohe.org\/es\/wp-json\/wp\/v2\/media\/10957"}],"wp:attachment":[{"href":"https:\/\/oui-iohe.org\/es\/wp-json\/wp\/v2\/media?parent=6873"}],"curies":[{"name":"wp","href":"https:\/\/api.w.org\/{rel}","templated":true}]}}