{"id":6879,"date":"2020-12-21T22:08:14","date_gmt":"2020-12-22T03:08:14","guid":{"rendered":"https:\/\/oui-iohe.org\/?page_id=6879"},"modified":"2023-05-26T14:44:44","modified_gmt":"2023-05-26T18:44:44","slug":"modulo-internacionalizacion-del-curriculo-un-enfoque-conectivo","status":"publish","type":"page","link":"https:\/\/oui-iohe.org\/es\/modulo-internacionalizacion-del-curriculo-un-enfoque-conectivo\/","title":{"rendered":"M\u00f3dulo Internacionalizaci\u00f3n del Curr\u00edculo: Un enfoque conectivo"},"content":{"rendered":"<div class=\"wpb-content-wrapper\"><p>[vc_row][vc_column][vc_custom_heading text=\u00bbCurso Internacionalizaci\u00f3n del Curr\u00edculo: Un Enfoque Conectivo\u00bb font_container=\u00bbtag:h1|text_align:left\u00bb use_theme_fonts=\u00bbyes\u00bb][\/vc_column][\/vc_row][vc_row full_width=\u00bbstretch_row\u00bb css=\u00bb.vc_custom_1637549969620{background-color: #f1f1f1 !important;}\u00bb][vc_column][vc_column_text]<i><span style=\"font-weight: 400;\">M\u00f3dulo III del <\/span><\/i><b><i>Diplomado en Internacionalizaci\u00f3n de la Educaci\u00f3n Superior DIES<\/i><\/b><b><i>\u00a0<\/i><\/b><\/p>\n<p>Integrar un curr\u00edculum internacional, permite dotar a los alumnos de una mejor preparaci\u00f3n para un mercado laboral cada vez m\u00e1s global.\u00a0<span style=\"font-weight: 400;\">\u00a0Adicionalmente, a trav\u00e9s de estas acciones las instituciones educativas ponen de manifiesto su preocupaci\u00f3n por mantener niveles de calidad y pertinencia en sus diferentes programas. En este sentido, este m\u00f3dulo provee los conocimientos para facilitar la planeaci\u00f3n del curr\u00edculo desde el enfoque de internacionalizaci\u00f3n conectiva, con el fin de adaptarlo a los perfiles necesarios para los profesionales del siglo XXI.<\/span><\/p>\n<p><span style=\"font-weight: 400;\">Esta actividad formativa se destaca por el trabajo colaborativo que realizan los participantes en distintas etapas del m\u00f3dulo, adquiriendo y\/o desarrollando sus competencias de trabajo en equipo as\u00ed como los conocimientos que contribuyen directamente a la internacionalizaci\u00f3n del curr\u00edculum. <\/span>[\/vc_column_text][\/vc_column][\/vc_row][vc_row][vc_column width=\u00bb1\/2&#8243;][vc_custom_heading text=\u00bbObjetivo\u00bb use_theme_fonts=\u00bbyes\u00bb][vc_column_text]<span style=\"font-weight: 400;\">Proporcionar a los participantes herramientas metodol\u00f3gicas que le faciliten dise\u00f1ar estrategias para la incorporaci\u00f3n de la dimensi\u00f3n internacional en el curr\u00edculo desde un enfoque conectivo.<\/span>[\/vc_column_text][\/vc_column][vc_column width=\u00bb1\/2&#8243;][vc_custom_heading text=\u00bbDirigido a\u00bb use_theme_fonts=\u00bbyes\u00bb][vc_column_text]<span style=\"font-weight: 400;\">Promotores y gestores involucrados en el proceso de internacionalizaci\u00f3n y cooperaci\u00f3n acad\u00e9mica y cient\u00edfica de alguna unidad acad\u00e9mica institucional, comprometidos con el mejoramiento de la calidad, el reconocimiento, la acreditaci\u00f3n y el desarrollo institucional.<\/span>[\/vc_column_text][\/vc_column][\/vc_row][vc_row][vc_column][vc_separator color=\u00bbiohe-orange\u00bb border_width=\u00bb6&#8243;][\/vc_column][\/vc_row][vc_row][vc_column width=\u00bb1\/2&#8243;][vc_toggle title=\u00bbContenido\u00bb style=\u00bbround_outline\u00bb color=\u00bbgreen\u00bb size=\u00bblg\u00bb]\u2022 UNIDAD 1: El curr\u00edculo o proyecto educativo.<br \/>\n\u2022 UNIDAD 2: Un cambio de paradigma.<br \/>\n\u2022 UNIDAD 3: Curr\u00edculo y cambios socioculturales.<br \/>\n\u2022 UNIDAD 4: Construyendo conexiones para la internacionalizaci\u00f3n del curr\u00edculo.<br \/>\n\u2022 UNIDAD 5: Herramientas metodol\u00f3gicas de la internacionalizaci\u00f3n del curr\u00edculo con enfoque conectivo.<br \/>\n\u2022 UNIDAD 6: El curr\u00edculo y la ciencia.<br \/>\n\u2022 UNIDAD 7: Internacionalizaci\u00f3n de los ambientes de aprendizaje.<br \/>\n\u2022 EJERCICIO PR\u00c1CTICO: Ciclo de dise\u00f1o de una estrategia de internacionalizaci\u00f3n del curr\u00edculo.[\/vc_toggle][vc_toggle title=\u00bbDuraci\u00f3n\u00bb style=\u00bbround_outline\u00bb color=\u00bbgreen\u00bb size=\u00bblg\u00bb]18 de septiembre al 14 de noviembre de 2023<\/p>\n<ul>\n<li>8 semanas (60 horas lectivas)<\/li>\n<\/ul>\n<p>[\/vc_toggle][\/vc_column][vc_column width=\u00bb1\/2&#8243;][vc_toggle title=\u00bbEquipo docente\u00bb style=\u00bbround_outline\u00bb color=\u00bbgreen\u00bb size=\u00bblg\u00bb]<b><img loading=\"lazy\" decoding=\"async\" class=\"alignnone wp-image-9476 size-full\" src=\"https:\/\/oui-iohe.org\/wp-content\/uploads\/2021\/08\/genoveva.png\" alt=\"\" width=\"190\" height=\"202\" \/><\/b><\/p>\n<p><b>Genoveva Amador Fierros (M\u00e9xico)<\/b><\/p>\n<p>Directora General de Relaciones Internacionales y Cooperaci\u00f3n Acad\u00e9mica en la Universidad de Colima.<\/p>\n<p><span style=\"font-weight: 400;\">Doctora en Gerencia y Pol\u00edtica Educativa por el Centro de Estudios Universitarios de Baja California, Maestra en Educaci\u00f3n y Licenciada en Enfermer\u00eda por la Universidad de Colima, Diplomada en Estudios de G\u00e9nero y en T\u00e9cnicas de Investigaci\u00f3n Social.<\/span><\/p>\n<p><span style=\"font-weight: 400;\">Es coautora de 6 libros y coordinadora en 5 de ellos. Sus \u00faltimas publicaciones son: Hern\u00e1ndez y Amador (2020) (Coord), \u201cBuenas pr\u00e1cticas de Internacionalizaci\u00f3n en Casa. Experiencias en la Universidad de Colima\u201d. Hern\u00e1ndez y Amador (2016) (Coord), \u201cLa Dimensi\u00f3n Internacional del Curriculum\u2026 los primeros pasos en la Universidad de Colima\u201d. Ha publicado 11 cap\u00edtulos de libro y 15 art\u00edculos especializados en revistas nacionales e internacionales. Sus tem\u00e1ticas: Educaci\u00f3n Internacional\/G\u00e9nero y Educaci\u00f3n para la salud. Ha sido reconocida como la Mujer del a\u00f1o por el gobierno del estado de Colima (2002), el Congreso del Estado de Colima le otorg\u00f3 la \u201cPresea Celsa Virgen\u201d por sus contribuciones al campo de la pedagog\u00eda a trav\u00e9s de la internacionalizaci\u00f3n de la Educaci\u00f3n Superior\u201d (2013).<\/span><\/p>\n<p><span style=\"font-weight: 400;\">Ha impartido cursos y talleres sobre internacionalizaci\u00f3n y movilidad estudiantil para la ANUIES y para universidades mexicanas y extranjeras. Adem\u00e1s ha participado como conferencista con temas relacionados con la internacionalizaci\u00f3n de la Educaci\u00f3n Superior en foros nacionales e internacionales a invitaci\u00f3n o por concurso dentro de organizaciones como UMAP en Asia, NAFSA y CONAHEC en Am\u00e9rica del Norte.<\/span><\/p>\n<p><span style=\"font-weight: 400;\">Dirigi\u00f3 la asociaci\u00f3n Colimense de Universitarias ACU (1997-2004) y la Red de movilidad en la Regi\u00f3n Centro Occidente de la ANUIES (2001-2004).<\/span><\/p>\n<p><span style=\"font-weight: 400;\">Ha participado en grupos de especialistas para elaboraci\u00f3n de propuestas acad\u00e9micas nacionales a invitaci\u00f3n de la ANUIES y el CUMEX y ha representado a la Universidad de Colima y a M\u00e9xico en proyectos de gesti\u00f3n de la internacionalizaci\u00f3n ante la UMAP con sede en Jap\u00f3n, Tailandia y Taiw\u00e1n.<\/span><\/p>\n<p>&#8212; &#8212;<\/p>\n<p><img loading=\"lazy\" decoding=\"async\" class=\"alignnone wp-image-9472 size-full\" src=\"https:\/\/oui-iohe.org\/wp-content\/uploads\/2021\/08\/m-veronica.png\" alt=\"\" width=\"172\" height=\"214\" \/><\/p>\n<p><strong>MAR\u00cdA VER\u00d3NICA PE\u00d1A SEMINARIO (Ecuador)<\/strong><br \/>\nDoctorado Cum Laude en Educaci\u00f3n en metodolog\u00edas para el dise\u00f1o, evaluaci\u00f3n y mejora de planes, proyectos y programas educativos. Ph.D<\/p>\n<p>Ha obtenido titulaciones acad\u00e9micas como tecn\u00f3loga superior en gerencia social, licenciada en orientaci\u00f3n y consultor\u00eda familiar, m\u00e1ster en terapia familiar con menci\u00f3n en intervenci\u00f3n sist\u00e9mica y un doctorado en educaci\u00f3n en el programa de metodolog\u00edas para el dise\u00f1o, evaluaci\u00f3n y mejora de planes, proyectos y programas educativos.<\/p>\n<p>Desde hace 15 a\u00f1os es docente-investigador en la Universidad Cat\u00f3lica de Santiago de Guayaquil adem\u00e1s de haber desempe\u00f1ado algunos cargos institucionales desde donde ha formulado y ejecutado diversos proyectos de planificaci\u00f3n y de investigaci\u00f3n aplicada. Actualmente cumple el rol de Asesora de Proyectos Institucionales y desde esa funci\u00f3n es responsable del dise\u00f1o y evaluaci\u00f3n de las estrategias de internacionalizaci\u00f3n dentro del plan de desarrollo institucional.<\/p>\n<p>Ha participado como par evaluador en varios procesos de evaluaci\u00f3n de la educaci\u00f3n superior en el Ecuador y en Am\u00e9rica Latina y el Caribe, siendo la evaluaci\u00f3n de la calidad de la educaci\u00f3n superior, y los indicadores de internacionalizaci\u00f3n de las universidades. La Dra. Pe\u00f1a ha participado en el equipo de la Organizaci\u00f3n Universitaria Interamericana, OUI, en calidad de Secretaria Ejecutiva Regional Pa\u00edses Andinos al ser la UCSG sede de la Vicepresidencia de dicha regi\u00f3n. Actualmente se desempe\u00f1a como Directora de Internacionalizaci\u00f3n de la UCSG y como Secretaria Ejecutiva de la Red Ecuatoriana para la Internacionalizaci\u00f3n de la Educaci\u00f3n Superior, (REIES).[\/vc_toggle][vc_toggle title=\u00bbConferencias\u00bb style=\u00bbround_outline\u00bb color=\u00bbgreen\u00bb size=\u00bblg\u00bb]<strong>Conferencia Magistral\u00a0\u201cInternacionalizaci\u00f3<wbr \/>n del curr\u00edculo: Una mirada hacia la pr\u00e1ctica desde la investigaci\u00f3n\u201d<\/strong><\/p>\n<p>20 de septiembre a las 11hr Montreal<\/p>\n<p><strong><img loading=\"lazy\" decoding=\"async\" class=\"alignnone size-full wp-image-9408\" src=\"https:\/\/oui-iohe.org\/wp-content\/uploads\/2021\/08\/gerardo.png\" alt=\"\" width=\"133\" height=\"140\" \/><\/strong><\/p>\n<p><strong>Gerardo Blanco PhD<\/strong><\/p>\n<p>Director Acad\u00e9mico del Centro para la Educaci\u00f3n Superior Internacional, Boston College.<\/p>\n<p><span style=\"font-weight: 400;\">Profesor-investigador de tiempo completo y Director Acad\u00e9mico del Centro para la Educaci\u00f3n Superior Internacional en Boston College. Adem\u00e1s, Miembro del Consejo Consultivo OUI. Es tambi\u00e9n especialista en el programa Fulbright y asesor de iniciativas globales en el American Council on Education (ACE).\u00a0 Asimismo, es miembro del consejo consultivo de la OUI. Sus l\u00edneas de generaci\u00f3n del conocimiento se enfocan en los procesos de internacionalizaci\u00f3n y c\u00f3mo \u00e9stos interact\u00faan con el aseguramiento de la calidad de la educaci\u00f3n superior. En 2014, 2017 y 2020 recibi\u00f3 premios de la Sociedad de Educaci\u00f3n Internacional y Comparada (CIES) por su tesis doctoral y art\u00edculos publicados. Su producci\u00f3n acad\u00e9mica incluye un libro y m\u00e1s de 30 art\u00edculos en revistas indexadas internacionales. Ha sido profesor e investigador visitante en la Universidad Pedag\u00f3gica de Shaanxi (China), el Centro Internacional para la Investigaci\u00f3n en Educaci\u00f3n Superior (INCHER) de la Universidad de Kassel (Alemania) y en la Universidad Cat\u00f3lica Juan Pablo II de Lublin (Polonia). Recibi\u00f3 su doctorado en Educaci\u00f3n por la Universidad de Massachusetts Amherst, su maestr\u00eda en la Universidad de Maine y la licenciatura por la Universidad de las Am\u00e9ricas Puebla. Antes de incorporarse a Boston College, fue profesor-investigador de tiempo completo en la Universidad de Massachusetts, Boston y en la Universidad de Connecticut, donde fue tambi\u00e9n director de la Casa Global, una comunidad de aprendizaje.<\/span>[\/vc_toggle][vc_toggle title=\u00bbInversi\u00f3n\u00bb style=\u00bbround_outline\u00bb color=\u00bbgreen\u00bb size=\u00bblg\u00bb]<\/p>\n<table>\n<tbody>\n<tr>\n<td colspan=\"3\" width=\"374\">INSCRIPCI\u00d3N AL M\u00d3DULO<\/td>\n<\/tr>\n<tr>\n<td width=\"151\"><\/td>\n<td width=\"113\">Particular<\/td>\n<td width=\"110\">Miembro OUI<\/td>\n<\/tr>\n<tr>\n<td width=\"151\">Un participante<\/td>\n<td width=\"113\">$700 USD<\/td>\n<td width=\"110\">$560 USD<\/td>\n<\/tr>\n<tr>\n<td width=\"151\">Participante adicional<\/td>\n<td width=\"113\">$595 USD c\/u<\/td>\n<td width=\"110\">$476 USD c\/u<\/td>\n<\/tr>\n<\/tbody>\n<\/table>\n<p>[\/vc_toggle][\/vc_column][\/vc_row][vc_row][vc_column width=\u00bb1\/2&#8243;][vc_btn title=\u00bbinscripci\u00f3n\u00bb style=\u00bbflat\u00bb shape=\u00bbsquare\u00bb color=\u00bbiohe-orange\u00bb align=\u00bbleft\u00bb link=\u00bburl:%20https%3A%2F%2Fdocs.google.com%2Fforms%2Fd%2Fe%2F1FAIpQLSdH14LSIU1Kwxea25Xfv9nhto1Hwylw0nCp0zd9vaTOHtmZ5w%2Fviewform%3Fusp%3Dsf_link||target:%20_blank|\u00bb][vc_column_text]<span lang=\"ES\">Cierre de Inscripciones: 11 de septiembre de 2023<\/span>[\/vc_column_text][\/vc_column][vc_column width=\u00bb1\/2&#8243;][vc_btn title=\u00bbconvocatoria becas oui 2023&#8243; style=\u00bbflat\u00bb shape=\u00bbsquare\u00bb color=\u00bbiohe-orange\u00bb align=\u00bbleft\u00bb link=\u00bburl:https%3A%2F%2Foui-iohe.org%2Fes%2Fconvocatoria-dies03%2F||target:%20_blank|\u00bb][vc_column_text]Cierre de solicitudes: 29 de agosto de 2023[\/vc_column_text][\/vc_column][\/vc_row][vc_row][vc_column][vc_column_text]*Este curso certifica la adquisici\u00f3n de las competencias mediante una\u00a0<strong>insignia digital<\/strong>\u00a0Acreditta[\/vc_column_text][vc_column_text]<a href=\"https:\/\/oui-iohe.org\/es\/events\/modulo-dies-internacionalizacion-del-curriculo-un-enfoque-conectivo\/\">Clic aqu\u00ed<\/a> para guardar este evento en su calendario[\/vc_column_text][\/vc_column][\/vc_row][vc_row full_width=\u00bbstretch_row\u00bb css=\u00bb.vc_custom_1637550971547{background-color: #f1f1f1 !important;}\u00bb][vc_column width=\u00bb1\/2&#8243;][vc_single_image image=\u00bb1245&#8243; img_size=\u00bblarge\u00bb][\/vc_column][vc_column width=\u00bb1\/2&#8243;][vc_custom_heading text=\u00bbContacto\u00bb use_theme_fonts=\u00bbyes\u00bb][vc_column_text]<a href=\"mailto:academia@oui-iohe.org\">academia@oui-iohe.org<\/a>[\/vc_column_text][\/vc_column][\/vc_row][vc_row][vc_column][\/vc_column][\/vc_row]<\/p>\n<\/div>","protected":false},"excerpt":{"rendered":"<p>[vc_row][vc_column][vc_custom_heading text=\u00bbCurso Internacionalizaci\u00f3n del Curr\u00edculo: Un Enfoque Conectivo\u00bb font_container=\u00bbtag:h1|text_align:left\u00bb use_theme_fonts=\u00bbyes\u00bb][\/vc_column][\/vc_row][vc_row full_width=\u00bbstretch_row\u00bb css=\u00bb.vc_custom_1637549969620{background-color: #f1f1f1 !important;}\u00bb][vc_column][vc_column_text]M\u00f3dulo III del Diplomado en Internacionalizaci\u00f3n de [&hellip;]<\/p>\n","protected":false},"author":4,"featured_media":10965,"parent":0,"menu_order":0,"comment_status":"closed","ping_status":"closed","template":"","meta":{"_acf_changed":false,"_monsterinsights_skip_tracking":false,"_monsterinsights_sitenote_active":false,"_monsterinsights_sitenote_note":"","_monsterinsights_sitenote_category":0,"footnotes":""},"class_list":["post-6879","page","type-page","status-publish","has-post-thumbnail","hentry"],"acf":[],"aioseo_notices":[],"_links":{"self":[{"href":"https:\/\/oui-iohe.org\/es\/wp-json\/wp\/v2\/pages\/6879","targetHints":{"allow":["GET"]}}],"collection":[{"href":"https:\/\/oui-iohe.org\/es\/wp-json\/wp\/v2\/pages"}],"about":[{"href":"https:\/\/oui-iohe.org\/es\/wp-json\/wp\/v2\/types\/page"}],"author":[{"embeddable":true,"href":"https:\/\/oui-iohe.org\/es\/wp-json\/wp\/v2\/users\/4"}],"replies":[{"embeddable":true,"href":"https:\/\/oui-iohe.org\/es\/wp-json\/wp\/v2\/comments?post=6879"}],"version-history":[{"count":43,"href":"https:\/\/oui-iohe.org\/es\/wp-json\/wp\/v2\/pages\/6879\/revisions"}],"predecessor-version":[{"id":13856,"href":"https:\/\/oui-iohe.org\/es\/wp-json\/wp\/v2\/pages\/6879\/revisions\/13856"}],"wp:featuredmedia":[{"embeddable":true,"href":"https:\/\/oui-iohe.org\/es\/wp-json\/wp\/v2\/media\/10965"}],"wp:attachment":[{"href":"https:\/\/oui-iohe.org\/es\/wp-json\/wp\/v2\/media?parent=6879"}],"curies":[{"name":"wp","href":"https:\/\/api.w.org\/{rel}","templated":true}]}}