{"id":953,"date":"2018-11-20T10:58:15","date_gmt":"2018-11-20T15:58:15","guid":{"rendered":"http:\/\/www.oui-iohe.org\/?page_id=953"},"modified":"2026-01-15T20:07:59","modified_gmt":"2026-01-16T01:07:59","slug":"estructura-oui","status":"publish","type":"page","link":"https:\/\/oui-iohe.org\/es\/estructura-oui\/","title":{"rendered":"Estructura de la OUI"},"content":{"rendered":"<div class=\"wpb-content-wrapper\"><p>[vc_row][vc_column][vc_custom_heading source=\u00bbpost_title\u00bb font_container=\u00bbtag:h1|text_align:left\u00bb use_theme_fonts=\u00bbyes\u00bb][\/vc_column][\/vc_row][vc_row css=\u00bb.vc_custom_1542722495701{margin-top: 40px !important;}\u00bb][vc_column][vc_custom_heading text=\u00bbMensaje de la presidenta\u00bb use_theme_fonts=\u00bbyes\u00bb][\/vc_column][\/vc_row][vc_row equal_height=\u00bbyes\u00bb content_placement=\u00bbtop\u00bb css=\u00bb.vc_custom_1542722469302{margin-bottom: 40px !important;}\u00bb][vc_column width=\u00bb1\/3&#8243;][vc_single_image image=\u00bb14827&#8243; img_size=\u00bblarge\u00bb][\/vc_column][vc_column width=\u00bb2\/3&#8243;][vc_single_image image=\u00bb945&#8243; img_size=\u00bbfull\u00bb css=\u00bb.vc_custom_1542730167655{margin-top: 9px !important;}\u00bb][vc_column_text]Enmarcado en el Plan Estrat\u00e9gico 2023-2030 de la Organizaci\u00f3n Universitaria Interamericana tengo el proyecto de planificaci\u00f3n y desarrollo de este per\u00edodo 2023-2025, que incluye cuatro objetivos estrat\u00e9gicos y 16 l\u00edneas.<\/p>\n<p>Los objetivos incluyen una Oferta Diversificadora que responda a los desaf\u00edos de la sociedad<strong>, <\/strong>el fortalecimiento de las Alianzas Estrat\u00e9gicas, dar respuesta al llamado de la Unesco que en 2022 invit\u00f3 a la educaci\u00f3n superior a comprometerse con m\u00e1s resultados en la Contribuci\u00f3n a los O.D.S. y la Excelencia Organizacional que garantice mayor eficiencia en nuestra gesti\u00f3n.<\/p>\n<p><strong>\u2014<\/strong><b>Maritza Rond\u00f3n Rangel\u200b, <\/b><em>Rectora Universidad Cooperativa de Colombia.<\/em>[\/vc_column_text][\/vc_column][\/vc_row][vc_row][vc_column][vc_custom_heading text=\u00bbMensaje del secretario general ejecutivo\u00bb use_theme_fonts=\u00bbyes\u00bb][\/vc_column][\/vc_row][vc_row equal_height=\u00bbyes\u00bb content_placement=\u00bbtop\u00bb css=\u00bb.vc_custom_1542722481604{margin-bottom: 40px !important;}\u00bb][vc_column width=\u00bb1\/3&#8243;][vc_single_image image=\u00bb1660&#8243; img_size=\u00bblarge\u00bb][\/vc_column][vc_column width=\u00bb2\/3&#8243;][vc_single_image image=\u00bb945&#8243; img_size=\u00bbfull\u00bb css=\u00bb.vc_custom_1542730180385{margin-top: 9px !important;}\u00bb][vc_column_text]Cuando todav\u00eda est\u00e1bamos en medio de la pandemia y el mundo de la educaci\u00f3n superior estaba en plena agitaci\u00f3n, nuestros miembros expresaron su deseo de que la OUI se alineara con la agenda internacional de desarrollo sostenible establecida para 2030. Por ello, nos hemos embarcado en un importante ejercicio de consulta dirigido por nuestros \u00f3rganos de gobierno y equipos de trabajo, con la valiosa colaboraci\u00f3n de un Comit\u00e9 Consultivo de 12 miembros de nuestras 9 regiones y la aportaci\u00f3n de m\u00e1s de 200 instituciones de educaci\u00f3n superior que respondieron a la convocatoria a trav\u00e9s de encuestas y asambleas regionales.<\/p>\n<p>Me enorgullece presentar, en nombre de todas las partes implicadas, este Plan Estrat\u00e9gico OUI 2023- 2030 que es a la vez el resultado de una reflexi\u00f3n y an\u00e1lisis de nuestro pasado organizativo, combinado con una proyecci\u00f3n hacia l\u00edneas de trabajo innovadoras y diversificadas, siempre orientadas a las necesidades y prioridades de nuestros miembros. Nuestra visi\u00f3n es clara: fortalecer la relevancia de la OUI como la principal asociaci\u00f3n para la internacionalizaci\u00f3n de la educaci\u00f3n superior en las Am\u00e9ricas. \u00a1Le invitamos a unirse a nosotros ahora!<\/p>\n<p><strong>\u2014 Dr. David Julien<\/strong>, Secretario General Ejecutivo de la OUI[\/vc_column_text][\/vc_column][\/vc_row][vc_row css=\u00bb.vc_custom_1542724004513{margin-bottom: 40px !important;}\u00bb][vc_column][vc_custom_heading text=\u00bbEstructura de la OUI\u00bb use_theme_fonts=\u00bbyes\u00bb][vc_tta_accordion style=\u00bbflat\u00bb shape=\u00bbsquare\u00bb color=\u00bbiohe-orange\u00bb gap=\u00bb35&#8243; c_icon=\u00bbchevron\u00bb c_position=\u00bbright\u00bb active_section=\u00bb9999&#8243; no_fill=\u00bbtrue\u00bb collapsible_all=\u00bbtrue\u00bb][vc_tta_section title=\u00bbAsamblea general\u00bb tab_id=\u00bbassemblea-general\u00bb][vc_column_text]Para alcanzar sus objetivos, la Organizaci\u00f3n Universitaria Interamericana (OUI) se apoya en un enfoque participativo. Las instituciones miembros, representadas por sus mandatarios legales, conforman la Asamblea General, instancia suprema de decisi\u00f3n de la Organizaci\u00f3n.<\/p>\n<p>La Asamblea General es responsable por la elecci\u00f3n de la Junta Directiva, a su presidente y a todos sus miembros, sus vice-presidentes y las Instancias Regionales. Ella nombra al Secretario General Ejecutivo.<\/p>\n<p>La Asamblea General identifica las prioridades regionales, fija el monto de las cuotas anuales y cualquier otro asunto de la contribuci\u00f3n financiera y adopta las decisiones o recomendaciones \u00fatiles para el buen funcionamiento de la Organizaci\u00f3n.<\/p>\n<p>La Asamblea General se re\u00fane una vez al a\u00f1o en una fecha y un lugar decidido por la Junta Directiva.[\/vc_column_text][\/vc_tta_section][vc_tta_section title=\u00bbJunta directiva\u00bb tab_id=\u00bbjunta-directiva\u00bb][vc_column_text css=\u00bb\u00bb]La Junta Directiva es la instancia encargada de la gesti\u00f3n de los asuntos administrativos de la organizaci\u00f3n. Est\u00e1 compuesta por 13 miembros que suelen ser la cabeza de las universidades m\u00e1s reconocidas en su pa\u00eds y algunos de los cuales. La Junta Directiva se esfuerza por mantener en la OUI una representaci\u00f3n equilibrada de las universidades p\u00fablicas, privadas, cooperativas, confesionales y laicas de las Am\u00e9ricas.<\/p>\n<p>Cada una de las 9 regiones de la OUI est\u00e1n bajo la responsabilidad de una Instancia Regional, encabezada por un Vicepresidente, quien cumple un mandato renovable de dos a\u00f1os. Brinda apoyo al Presidente, al Secretario General Ejecutivo y a los Directores Ejecutivos de los programas de la OUI que conforman el Comit\u00e9 Ejecutivo.<\/p>\n<p>La Junta se re\u00fane dos veces al a\u00f1o, manteniendo un contacto regular entre estas reuniones.<\/p>\n<p>Actualmente, la Junta Directiva est\u00e1 compuesto por:<\/p>\n<ul>\n<li><strong>Presidenta:<\/strong> Maritza Rond\u00f3n Rangel\u200b, Rectora,<em><b> Universidad Cooperativa de Colombia<\/b>, <\/em>Colombia<\/li>\n<li><strong>Secretario General Ejecutivo:<\/strong> David Julien, Canad\u00e1<\/li>\n<li><strong>Tesorera:<\/strong> Val\u00e9rie Amiraux, Vicerrectora de Asociaciones Comunitarias e Internacionales, <strong><em>Universit\u00e9 de Montr\u00e9al<\/em><\/strong>, Canad\u00e1<\/li>\n<li><strong>Presidente saliente:<\/strong> \u00d3scar Garrido \u00c1lvarez, Rector,\u00a0<strong><em>Universidad de Los Lagos<\/em><\/strong>, Chile<\/li>\n<li><strong>Presidente honorario:<\/strong> Juan Carlos Romero Hicks, M\u00e9xico<\/li>\n<li><strong>Fiscal:<\/strong> Karla Alejandra Esc\u00e1rcega Robledo, <strong><em>Universidad de Guanajuato<\/em><\/strong> ,M\u00e9xico<\/li>\n<li><strong>Vicepresidentes regionales:<\/strong>\n<ul>\n<li><strong>America Central: <\/strong>Mar\u00eda Estrada S\u00e1nchez, Rectora, <em><strong>Instituto Tecnol\u00f3gico de Costa Rica\u00a0(TEC)<\/strong><\/em>, Costa Rica.<\/li>\n<li><strong>Brasil: <\/strong>Jenifer Saffi, Rectora, <em><strong>Universidade Federal de Ci\u00eancias da Sa\u00fade de Porto Alegre<\/strong>, <\/em>Brasil<\/li>\n<li><strong>Canad\u00e1:<\/strong> Christian Blanchette, Rector, <strong>Universit\u00e9 du Qu\u00e9bec \u00e0 Trois-Rivi\u00e8res<\/strong>, Canad\u00e1<\/li>\n<li><strong>Caribe: <\/strong>Jos\u00e9 Rafael Espaillat, Rector, <strong><em>Instituto de Educaci\u00f3n Superior en Formaci\u00f3n Diplomatica y Consular (INESDYC)<\/em><\/strong><i>,\u00a0<\/i>Rep\u00fablica Dominicana.<\/li>\n<li><strong>Colombia:<\/strong> Jos\u00e9 Leonardo Valencia Molano, Rector Nacional, <em><strong>Fundaci\u00f3n Universitaria del Area Andina<\/strong><\/em>, Colombia<\/li>\n<li><strong>Cono Sur:<\/strong> Guillermo Tamarit<span lang=\"ES-MX\">, Rector, <strong><em>Universidad Nacional del Noroeste de la Provincia de Buenos Aires<\/em><\/strong>, Argentina<\/span><\/li>\n<li><strong>Estados Unidos:<\/strong> Lawrence Schovanec, Rector, <strong>Texas Tech University (TTU)<\/strong><em>, <\/em>Estados Unidos<\/li>\n<li><strong>M\u00e9xico:<\/strong> Christian Jorge Torres Ortiz Zerme\u00f1o, Rector, <em><strong>Universidad de Colima<\/strong>, <\/em>M\u00e9xico<\/li>\n<li><strong>Pa\u00edses Andinos:<\/strong> Walter Mera Ortiz, Rector, <strong><em>Universidad Cat\u00f3lica de Santiago de Guayaquil<\/em><\/strong>, Ecuador<\/li>\n<\/ul>\n<\/li>\n<\/ul>\n<p>[\/vc_column_text][\/vc_tta_section][vc_tta_section title=\u00bbInstancias regionales\u00bb tab_id=\u00bbinstancias-regionales\u00bb][vc_column_text]Los miembros de cada regi\u00f3n, los consejeros y el Vicepresidente respectivo, comprendida la Asamblea Regional.<\/p>\n<p>Las principales funciones de las Asambleas Regionales consisten en apoyar los mejores intereses de su regi\u00f3n en el contexto de la OUI, aprobando un Plan de Desarrollo Regional Anual, formulando propuestas de iniciativas regionales que apoyan los objetivos de la organizaci\u00f3n, y eligiendo al Vicepresidente, al Vicepresidente Suplente y a los Consejeros Regionales.<\/p>\n<p>Las Asambleas Regionales celebran una reuni\u00f3n ordinaria al menos una vez al a\u00f1o y una reuni\u00f3n extraordinaria a petici\u00f3n de un tercio de sus miembros, conforme a lo solicitado al Presidente o a la Junta Directiva de la OUI.[\/vc_column_text][\/vc_tta_section][vc_tta_section title=\u00bbConsejo Consultivo\u00bb tab_id=\u00bb1704233598518-78a7b1e6-ff79&#8243;][vc_column_text css=\u00bb\u00bb]<\/p>\n<table width=\"1455\">\n<tbody>\n<tr>\n<td style=\"text-align: center;\" width=\"219\"><strong>Regi\u00f3n<\/strong><\/td>\n<td style=\"text-align: center;\" width=\"176\"><strong>Pa\u00eds\u00a0<\/strong><\/td>\n<td style=\"text-align: center;\" width=\"391\"><strong>IES<\/strong><\/td>\n<td style=\"text-align: center;\" width=\"179\"><strong>Nombre y Apellido\u00a0<\/strong><\/td>\n<td style=\"text-align: center;\" width=\"490\"><strong>Cargo\u00a0<\/strong><\/td>\n<\/tr>\n<tr>\n<td>Am\u00e9rica Central<\/td>\n<td>Guatemala<\/td>\n<td>Universidad de San Carlos de Guatemala<\/td>\n<td>Olga Moscoso<\/td>\n<td>Coordinadora General de Cooperaci\u00f3n y Relaciones Internacionales<\/td>\n<\/tr>\n<tr>\n<td>Brasil<\/td>\n<td>Brasil<\/td>\n<td>Universidade Federal de Santa Catarina<\/td>\n<td>Luciane Stallivieri<\/td>\n<td>Investigadora<\/td>\n<\/tr>\n<tr>\n<td>Canad\u00e1<\/td>\n<td>Canad\u00e1<\/td>\n<td>Simon Fraser University<\/td>\n<td>Carol Zachs<\/td>\n<td>Directora Senior, SFU Internacional<\/td>\n<\/tr>\n<tr>\n<td>Canad\u00e1<\/td>\n<td>Canad\u00e1<\/td>\n<td>Universit\u00e9 du Qu\u00e9bec<\/td>\n<td>Etienne Carbonneau<\/td>\n<td>Director, Apoyo a la Internacionalizaci\u00f3n<\/td>\n<\/tr>\n<tr>\n<td>Estados Unidos<\/td>\n<td>Estados Unidos<\/td>\n<td>Brenau University<\/td>\n<td>Rosi Ponce<\/td>\n<td>Directora Ejecutiva, Miller Institute for Global Education<\/td>\n<\/tr>\n<tr>\n<td>M\u00e9xico<\/td>\n<td>M\u00e9xico<\/td>\n<td>Universidad Aut\u00f3noma de Guerrero<\/td>\n<td>Jos\u00e9 Betancourt Villa<\/td>\n<td>Director de Cooperaci\u00f3n Internacional e Intercambio Acad\u00e9mico<\/td>\n<\/tr>\n<tr>\n<td>Caribe<\/td>\n<td>Rep\u00fablica Dominicana<\/td>\n<td>Universidad Central del Este<\/td>\n<td>Sandra Olaya<\/td>\n<td>Directora de Relaciones Internacionales<\/td>\n<\/tr>\n<tr>\n<td>Colombia<\/td>\n<td>Colombia<\/td>\n<td>Universidad del Rosario<\/td>\n<td>Sandra Guar\u00edn<\/td>\n<td>Canciller<\/td>\n<\/tr>\n<tr>\n<td>Cono Sur<\/td>\n<td>Argentina<\/td>\n<td>Universidad del Salvador<\/td>\n<td>Luciana Tondello<\/td>\n<td>Vicerrectora de Investigaci\u00f3n y Desarrollo<\/td>\n<\/tr>\n<tr>\n<td>M\u00e9xico<\/td>\n<td>M\u00e9xico<\/td>\n<td>Universidad Popular Aut\u00f3noma del Estado de Puebla<\/td>\n<td>Andr\u00e9s Barba<\/td>\n<td>Director de Relaciones Interacionales<\/td>\n<\/tr>\n<tr>\n<td>Pa\u00edses Andinos<\/td>\n<td>Chile<\/td>\n<td>Universidad Arturo Prat<\/td>\n<td>Diego Olivares<\/td>\n<td>Director de Relaciones Internacionales<\/td>\n<\/tr>\n<tr>\n<td>Paises Andinos<\/td>\n<td>Per\u00fa<\/td>\n<td>Universidad Tecnol\u00f3gica del Per\u00fa<\/td>\n<td>Mariela Cantoni<\/td>\n<td>Directora de Relaciones Internacionales<\/td>\n<\/tr>\n<\/tbody>\n<\/table>\n<p>[\/vc_column_text][\/vc_tta_section][vc_tta_section title=\u00bbSecretar\u00eda general ejecutiva y equipo\u00bb tab_id=\u00bbsecretar\u00eda-general-ejecutiva\u00bb][vc_column_text css=\u00bb\u00bb]<strong>Secretario General Ejecutivo (SGE):<\/strong> David Julien<\/p>\n<p><strong>Direcci\u00f3n de Planeaci\u00f3n y Desarrollo: <\/strong>Fernando Daniels<\/p>\n<p><strong>Direcci\u00f3n Acad\u00e9mica:<\/strong> Leticia Jim\u00e9nez<\/p>\n<p><strong>Direcci\u00f3n de Relaciones Institucionales: <\/strong>Claudia N\u00fa\u00f1ez del Arco<\/p>\n<p><strong>Comunicaciones:<\/strong> Ana Mar\u00eda Gonz\u00e1lez<\/p>\n<p><strong>eMOVIES:<\/strong> Aura Mar\u00eda Monsalve<\/p>\n<p><strong>Contabilidad:<\/strong> Mar\u00eda Alejandra Gonz\u00e1lez[\/vc_column_text][\/vc_tta_section][\/vc_tta_accordion][\/vc_column][\/vc_row][vc_row][vc_column width=\u00bb1\/2&#8243; offset=\u00bbvc_hidden-xs\u00bb][vc_btn title=\u00bbVer los estatutos\u00bb style=\u00bbflat\u00bb shape=\u00bbsquare\u00bb color=\u00bbiohe-orange\u00bb align=\u00bbright\u00bb link=\u00bburl:https%3A%2F%2Foui-iohe.org%2Fwp-content%2Fuploads%2F2020%2F08%2FEstatutos-OUI_ESP.pdf||target:%20_blank|\u00bb][\/vc_column][vc_column width=\u00bb1\/2&#8243; offset=\u00bbvc_hidden-xs\u00bb][vc_btn title=\u00bbVer el plan estrat\u00e9gico 2023-2030&#8243; style=\u00bbflat\u00bb shape=\u00bbsquare\u00bb color=\u00bbiohe-orange\u00bb align=\u00bbleft\u00bb link=\u00bburl:https%3A%2F%2Foui-iohe.org%2Fwp-content%2Fuploads%2F2022%2F11%2FPLAN-ESTRATEGICO-OUI-2023-2030-ES.pdf||target:%20_blank|\u00bb][\/vc_column][\/vc_row]<\/p>\n<\/div>","protected":false},"excerpt":{"rendered":"<p>[vc_row][vc_column][vc_custom_heading source=\u00bbpost_title\u00bb font_container=\u00bbtag:h1|text_align:left\u00bb use_theme_fonts=\u00bbyes\u00bb][\/vc_column][\/vc_row][vc_row css=\u00bb.vc_custom_1542722495701{margin-top: 40px !important;}\u00bb][vc_column][vc_custom_heading text=\u00bbMensaje de la presidenta\u00bb use_theme_fonts=\u00bbyes\u00bb][\/vc_column][\/vc_row][vc_row equal_height=\u00bbyes\u00bb content_placement=\u00bbtop\u00bb css=\u00bb.vc_custom_1542722469302{margin-bottom: 40px !important;}\u00bb][vc_column width=\u00bb1\/3&#8243;][vc_single_image image=\u00bb14827&#8243; img_size=\u00bblarge\u00bb][\/vc_column][vc_column [&hellip;]<\/p>\n","protected":false},"author":4,"featured_media":954,"parent":0,"menu_order":0,"comment_status":"closed","ping_status":"closed","template":"","meta":{"_acf_changed":false,"_monsterinsights_skip_tracking":false,"_monsterinsights_sitenote_active":false,"_monsterinsights_sitenote_note":"","_monsterinsights_sitenote_category":0,"footnotes":""},"class_list":["post-953","page","type-page","status-publish","has-post-thumbnail","hentry"],"acf":[],"aioseo_notices":[],"_links":{"self":[{"href":"https:\/\/oui-iohe.org\/es\/wp-json\/wp\/v2\/pages\/953","targetHints":{"allow":["GET"]}}],"collection":[{"href":"https:\/\/oui-iohe.org\/es\/wp-json\/wp\/v2\/pages"}],"about":[{"href":"https:\/\/oui-iohe.org\/es\/wp-json\/wp\/v2\/types\/page"}],"author":[{"embeddable":true,"href":"https:\/\/oui-iohe.org\/es\/wp-json\/wp\/v2\/users\/4"}],"replies":[{"embeddable":true,"href":"https:\/\/oui-iohe.org\/es\/wp-json\/wp\/v2\/comments?post=953"}],"version-history":[{"count":84,"href":"https:\/\/oui-iohe.org\/es\/wp-json\/wp\/v2\/pages\/953\/revisions"}],"predecessor-version":[{"id":19845,"href":"https:\/\/oui-iohe.org\/es\/wp-json\/wp\/v2\/pages\/953\/revisions\/19845"}],"wp:featuredmedia":[{"embeddable":true,"href":"https:\/\/oui-iohe.org\/es\/wp-json\/wp\/v2\/media\/954"}],"wp:attachment":[{"href":"https:\/\/oui-iohe.org\/es\/wp-json\/wp\/v2\/media?parent=953"}],"curies":[{"name":"wp","href":"https:\/\/api.w.org\/{rel}","templated":true}]}}