{"id":11579,"date":"2022-04-14T18:34:38","date_gmt":"2022-04-14T22:34:38","guid":{"rendered":"https:\/\/oui-iohe.org\/experiencias-de-aseguramiento-de-calidad-en-educacion-superior-quebec-chile\/"},"modified":"2022-05-02T10:16:30","modified_gmt":"2022-05-02T14:16:30","slug":"qualite-dans-lenseignement-superieur-au-quebec-chili","status":"publish","type":"page","link":"https:\/\/oui-iohe.org\/fr\/qualite-dans-lenseignement-superieur-au-quebec-chili\/","title":{"rendered":"Experiences assurance qualite dans lenseignement superieur au Quebec Chili"},"content":{"rendered":"<div class=\"wpb-content-wrapper\"><p>[vc_row][vc_column][vc_custom_heading text=\u00a0\u00bb\u00ab Exp\u00e9riences d&rsquo;assurance qualit\u00e9 dans l&rsquo;enseignement sup\u00e9rieur au Qu\u00e9bec et au Chili \u00bb\u00a0\u00bb font_container=\u00a0\u00bbtag:h1|text_align:left\u00a0\u00bb use_theme_fonts=\u00a0\u00bbyes\u00a0\u00bb][vc_column_text]Le projet <strong>\u00ab\u00a0Exp\u00e9riences d\u2019&rsquo;assurance de la qualit\u00e9 dans l&rsquo;enseignement sup\u00e9rieur au Qu\u00e9bec et au Chili\u00a0\u00bb<\/strong> est soutenu par le Minist\u00e8re des Relations internationales et de la Francophonie du Qu\u00e9bec (MRIF) et vise \u00e0 approfondir la connaissance et l\u2019\u00e9change d\u2019exp\u00e9riences entre le Qu\u00e9bec et le Chili concernant l&rsquo;assurance de la qualit\u00e9 dans l\u2019enseignement sup\u00e9rieur.<\/p>\n<p>L\u2019objectif g\u00e9n\u00e9ral du projet est de partager des exp\u00e9riences et des bonnes pratiques sur les syst\u00e8mes d&rsquo;assurance de la qualit\u00e9 de l\u2019enseignement sup\u00e9rieur au Qu\u00e9bec et au Chili.<\/p>\n<p>Les objectifs sp\u00e9cifiques sont: <strong>(1)<\/strong> Conna\u00eetre le fonctionnement des syst\u00e8mes d\u2019assurance de la qualit\u00e9 mis en place dans les \u00c9ES qu\u00e9b\u00e9cois et chiliens; <strong>(2)<\/strong> relever des exp\u00e9riences r\u00e9ussies et des bonnes pratiques dans l\u2019impl\u00e9mentation de tels syst\u00e8mes; et <strong>(3)<\/strong> comprendre les facteurs de succ\u00e8s de ces exp\u00e9riences, qui pourraient servir de r\u00e9f\u00e9rent pour le d\u00e9veloppement de politiques institutionnelles et\/ou sectorielles dans ce domaine.<\/p>\n<p>Le projet facilitera la cr\u00e9ation d&rsquo;un <strong>forum acad\u00e9mique entre les deux pays sur la qualit\u00e9 de l&rsquo;enseignement sup\u00e9rieur<\/strong>.<\/p>\n<p>Les partenaires du projet sont:<\/p>\n<ul>\n<li>L&rsquo;<strong><a href=\"https:\/\/oui-iohe.org\/\">Organisation universitaire interam\u00e9ricaine (OUI)<\/a><\/strong>, une association d&rsquo;\u00e9tablissements d&rsquo;enseignement sup\u00e9rieur pr\u00e9sents sur l&rsquo;ensemble du continent am\u00e9ricain et comptant 18 membres au Qu\u00e9bec et 24 au Chili.<\/li>\n<li>Le <strong><a href=\"https:\/\/www.cse.gouv.qc.ca\/\">Conseil sup\u00e9rieur de l\u2019\u00e9ducation (CSE)<\/a><\/strong>, un organe consultatif aupr\u00e8s du minist\u00e8re de l\u2019\u00c9ducation et de l&rsquo;enseignement sup\u00e9rieur sur la situation et les besoins de l&rsquo;\u00e9ducation dans la province.<\/li>\n<li>L\u2019<a href=\"http:\/\/esed.cl\"><strong>Instituto Interuniversitario de Investigaci\u00f3n Educativa (IESED)<\/strong><\/a>, un consortium compos\u00e9 de 11 universit\u00e9s publiques chiliennes et du <em>\u00ab\u00a0Programa Interdisciplinario de Investigaci\u00f3n en Educaci\u00f3n (PIIE)\u00a0\u00bb<\/em>, dans le but de promouvoir la recherche en \u00e9ducation.<\/li>\n<li>Le <a href=\"https:\/\/www.uestatales.cl\/cue\/\"><strong>Consorcio de Universidades del Estado de Chile (CUECH)<\/strong><\/a>, qui regroupe les 18 universit\u00e9s d\u2019\u00c9tat dans le but de soutenir le d\u00e9veloppement des universit\u00e9s publiques au pays.<\/li>\n<\/ul>\n<p>[\/vc_column_text][\/vc_column][\/vc_row][vc_row][vc_column][vc_custom_heading text=\u00a0\u00bbLancement du projet\u00a0\u00bb use_theme_fonts=\u00a0\u00bbyes\u00a0\u00bb][vc_column_text]Nous invitons la communaut\u00e9 acad\u00e9mique et nos membres au Colloque de lancement du Projet \u00abExp\u00e9riences d&rsquo;assurance qualit\u00e9 en enseignement sup\u00e9rieur au Qu\u00e9bec et au Chili\u00bb qui se tiendra le 19 mai 2022 de 11h30 \u00e0 13h15 Montr\u00e9al (UTC\/ GMT \u2013 4 heures) qui aura une traduction simultan\u00e9e espagnol \u2013 fran\u00e7ais, fran\u00e7ais \u2013 espagnol.<\/p>\n<p><strong><a href=\"https:\/\/us02web.zoom.us\/webinar\/register\/WN_KnZfWlbDSCO33Oh9ZS_joQ\">Activit\u00e9 gratuite avec inscription pr\u00e9alable<\/a><\/strong>[\/vc_column_text][\/vc_column][\/vc_row][vc_row][vc_column][vc_tta_accordion style=\u00a0\u00bbflat\u00a0\u00bb shape=\u00a0\u00bbsquare\u00a0\u00bb color=\u00a0\u00bbiohe-orange\u00a0\u00bb gap=\u00a0\u00bb35&Prime; c_icon=\u00a0\u00bbchevron\u00a0\u00bb c_position=\u00a0\u00bbright\u00a0\u00bb active_section=\u00a0\u00bb\u00a0\u00bb no_fill=\u00a0\u00bbtrue\u00a0\u00bb collapsible_all=\u00a0\u00bbtrue\u00a0\u00bb][vc_tta_section title=\u00a0\u00bbProgramme du colloque\u00a0\u00bb tab_id=\u00a0\u00bb1649978534630-e027dbfd-0356&Prime;][vc_column_text]Ce colloque s&rsquo;inscrit dans le cadre du projet \u00ab Exp\u00e9riences d&rsquo;assurance qualit\u00e9 dans l&rsquo;enseignement sup\u00e9rieur au Qu\u00e9bec et au Chili \u00bb, qui sera r\u00e9alis\u00e9 en collaboration par <em>l\u2019Organisation universitaire interam\u00e9ricaine (OUI)<\/em>, l\u2019<em>Instituto Interuniversitario de Investigaci\u00f3n Educativa <\/em>(IESED), le Conseil sup\u00e9rieur de l\u2019\u00e9ducation (CSE), et le <em>Consorcio de Universidades del Estado de Chile<\/em> (CUECH), avec le soutien financier du minist\u00e8re des Relations internationales et de la Francophonie dde Qu\u00e9bec (MRIF).<\/p>\n<table width=\"614\">\n<tbody>\n<tr>\n<td width=\"119\">11:30-11:40 hrs.<\/td>\n<td width=\"495\"><strong>Bienvenue et pr\u00e9sentation du projet\u00a0\u00a0 <\/strong><\/p>\n<p>Dr. David Julien<\/p>\n<p>Secr\u00e9taire G\u00e9n\u00e9ral de l&rsquo;OUI.<\/p>\n<p>M. Fernando Daniels<\/p>\n<p>Directeur de la planification et du d\u00e9veloppement de l&rsquo;OUI<\/td>\n<\/tr>\n<tr>\n<td width=\"119\">11:40-12:10 hrs.<\/td>\n<td width=\"495\"><strong>Panel 1 : Politiques d&rsquo;assurance qualit\u00e9 dans l&rsquo;enseignement sup\u00e9rieur\u00a0: le r\u00f4le des agences d&rsquo;\u00e9valuation<\/strong><\/p>\n<p>Dr. Andr\u00e9s Bernasconi Ram\u00edrez<\/p>\n<p>Pr\u00e9sident de la Commission nationale d&rsquo;accr\u00e9ditation, Chili<\/p>\n<p>M. Denis Rousseau<\/p>\n<p>Pr\u00e9sident de la Commission d\u2019\u00e9valuation de l\u2019enseignement coll\u00e9gial, Qu\u00e9bec<\/td>\n<\/tr>\n<tr>\n<td width=\"119\">12:10-12:20 hrs.<\/td>\n<td width=\"495\"><strong>Questions et \u00e9changes <\/strong><\/p>\n<p>Mod\u00e9ratrice : Mme. Alejandra Contreras Altmann<\/p>\n<p>Directrice ex\u00e9cutive du Consortium des universit\u00e9s d&rsquo;\u00c9tat chiliennes (CUECH)<\/td>\n<\/tr>\n<tr>\n<td width=\"119\">12:20-12:50 \u00a0hrs.<\/td>\n<td width=\"495\"><strong>Panel 2 : L&rsquo;assurance qualit\u00e9 dans l&rsquo;enseignement sup\u00e9rieur au Qu\u00e9bec et au Chili : exp\u00e9riences et apprentissages<\/strong><\/p>\n<p>Dre. Claude Mailhot<\/p>\n<p>Professeure \u00e0 l&rsquo;Universit\u00e9 de Montr\u00e9al<\/p>\n<p>Dre. Mar\u00eda Jacqueline Rojas.<\/p>\n<p>Chercheuse \u00e0 l\u2019Universidad de Playa Ancha et IESED-Chili<\/td>\n<\/tr>\n<tr>\n<td width=\"119\">12:50-13:00 hrs.<\/td>\n<td width=\"495\"><strong>Questions et \u00e9changes <\/strong><\/p>\n<p>Mod\u00e9rateur : Dr. Daniel L\u00f3pez Stefoni<\/p>\n<p>Directeur g\u00e9n\u00e9ral, Institut interuniversitaire de recherche en \u00e9ducation (IESED), Chili<\/td>\n<\/tr>\n<tr>\n<td width=\"119\">13:00-13:10 hrs.<\/td>\n<td width=\"495\"><strong>Commentaires et cl\u00f4ture\u00a0\u00a0 <\/strong><\/p>\n<p>Madame Maryse Lassonde<\/p>\n<p>Pr\u00e9sidente du CSE, Qu\u00e9bec<\/p>\n<p>M. Oscar Garrido<\/p>\n<p>Recteur de l&rsquo;Universit\u00e9 de Los Lagos, Chili et pr\u00e9sident de l&rsquo;OUI<\/p>\n<p>&nbsp;<\/td>\n<\/tr>\n<\/tbody>\n<\/table>\n<p>[\/vc_column_text][\/vc_tta_section][vc_tta_section title=\u00a0\u00bbPan\u00e9listes\u00a0\u00bb tab_id=\u00a0\u00bb1649979670697-95b6c57b-533e\u00a0\u00bb][vc_column_text]<strong><img loading=\"lazy\" decoding=\"async\" class=\"alignnone wp-image-11562 size-thumbnail\" src=\"https:\/\/oui-iohe.org\/wp-content\/uploads\/2022\/04\/Andre\u0301s-Bernasconi_Foto_bn-150x150.png\" alt=\"\" width=\"150\" height=\"150\" srcset=\"https:\/\/oui-iohe.org\/wp-content\/uploads\/2022\/04\/Andre\u0301s-Bernasconi_Foto_bn-150x150.png 150w, https:\/\/oui-iohe.org\/wp-content\/uploads\/2022\/04\/Andre\u0301s-Bernasconi_Foto_bn-300x300.png 300w\" sizes=\"auto, (max-width: 150px) 100vw, 150px\" \/><\/strong><\/p>\n<p><strong>ANDR\u00c9S BERNASCONI RAMIREZ<\/strong><\/p>\n<p><strong>Pr\u00e9sident de la Commission nationale d&rsquo;accr\u00e9ditation \u2013 CNA, Chili<\/strong><\/p>\n<p>Andr\u00e9s Bernasconi est un \u00e9minent universitaire et chercheur chilien. Il est titulaire d&rsquo;un dipl\u00f4me de droit de la <em>Pontificia Universidad Cat\u00f3lica de Chile<\/em>, d&rsquo;une ma\u00eetrise en politique publique de <em>Harvard University<\/em> et d&rsquo;un doctorat en sociologie des organisations de <em>Boston University<\/em>.<\/p>\n<p>Son domaine de recherche g\u00e9n\u00e9ral est la sociologie de l&rsquo;enseignement sup\u00e9rieur, et plus particuli\u00e8rement l&rsquo;\u00e9tude de l&rsquo;universit\u00e9 en tant qu&rsquo;organisation, la gestion universitaire et le d\u00e9veloppement de la profession universitaire, le tout dans une perspective internationale comparative.<\/p>\n<p>Il a \u00e9t\u00e9 chercheur associ\u00e9 \u00e0 l&rsquo;\u00e9cole d&rsquo;\u00e9ducation de <em>Harvard University<\/em>, vice-recteur acad\u00e9mique et vice-recteur \u00e0 la recherche et aux \u00e9tudes de troisi\u00e8me cycle \u00e0 l&rsquo;<em>Universidad Andr\u00e9s Bello<\/em>, doyen de la facult\u00e9 des sciences juridiques de l&rsquo;<em>Universidad de Talca<\/em>. \u00c0 la <em>Pontificia Universidad Cat\u00f3lica de Chile<\/em>, il a \u00e9t\u00e9 vice-doyen de la facult\u00e9 d&rsquo;\u00e9ducation, directeur du Centre d&rsquo;\u00e9tudes des politiques et pratiques \u00e9ducatives (CEPPE) et directeur du Centre d&rsquo;\u00e9tudes avanc\u00e9es sur la justice \u00e9ducative (CJE).<\/p>\n<p>Il a \u00e9t\u00e9 consultant en mati\u00e8re de politique et de gestion de l&rsquo;enseignement sup\u00e9rieur dans une douzaine de pays des Am\u00e9riques, d&rsquo;Europe et d&rsquo;Asie, pour la BID, l&rsquo;UNESCO, la Banque mondiale, l&rsquo;Agence am\u00e9ricaine pour le d\u00e9veloppement international (USAID) et la Commission europ\u00e9enne.<\/p>\n<p>Il a \u00e9t\u00e9 membre du groupe consultatif pour l&rsquo;\u00e9laboration des nouveaux crit\u00e8res et normes de qualit\u00e9 et a servi d&rsquo;examinateur pour l&rsquo;AIIC. Il a \u00e9t\u00e9 membre des comit\u00e9s d&rsquo;auto-\u00e9valuation pour l&rsquo;accr\u00e9ditation institutionnelle dans les \u00e9tablissements o\u00f9 il a travaill\u00e9. Il a \u00e9galement particip\u00e9 \u00e0 la commission de travail sur l&rsquo;assurance qualit\u00e9 du MINEDUC, au conseil consultatif pr\u00e9sidentiel pour l&rsquo;enseignement sup\u00e9rieur et \u00e0 de multiples comit\u00e9s de r\u00e9daction de revues nationales et internationales sur l&rsquo;enseignement sup\u00e9rieur.<\/p>\n<p>Ses travaux ont \u00e9t\u00e9 publi\u00e9s dans les revues <em>Higher Education, Comparative Education Review, Journal of Education, Journal of Education Policy, ESE-Estudios sobre Educaci\u00f3n, Journal of Comparative Policy Analysis, <\/em>et <em>Journal of Interamerican Studies and World Affairs<\/em>, entre autres.<\/p>\n<p>Andr\u00e9s Bernasconi est actuellement pr\u00e9sident de la Commission nationale d&rsquo;accr\u00e9ditation au Chili pour la p\u00e9riode 2022-2028, et professeur titulaire \u00e0 la facult\u00e9 d&rsquo;\u00e9ducation de la <em>Pontificia Universidad Cat\u00f3lica de Chile<\/em>.<\/p>\n<p>&nbsp;<\/p>\n<p><strong><img loading=\"lazy\" decoding=\"async\" class=\"alignnone wp-image-11599 size-thumbnail\" src=\"https:\/\/oui-iohe.org\/wp-content\/uploads\/2022\/04\/jacqueline_rojas_foto_bn-1-150x150.png\" alt=\"\" width=\"150\" height=\"150\" srcset=\"https:\/\/oui-iohe.org\/wp-content\/uploads\/2022\/04\/jacqueline_rojas_foto_bn-1-150x150.png 150w, https:\/\/oui-iohe.org\/wp-content\/uploads\/2022\/04\/jacqueline_rojas_foto_bn-1-300x300.png 300w\" sizes=\"auto, (max-width: 150px) 100vw, 150px\" \/><\/strong><\/p>\n<p><strong>MARI<\/strong><strong>A JAQUELINE ROJAS RIOS<\/strong><\/p>\n<p><strong>Chercheuse associ\u00e9e \u00e0 l&rsquo;Institut interuniversitaire de recherche en \u00e9ducation (IESED-Chili)<\/strong><\/p>\n<p>Mar\u00eda Jacqueline Rojas R\u00edos est une travailleuse sociale de la <em>Pontificia Universidad Cat\u00f3lica de Valpara\u00edso<\/em>, titulaire d&rsquo;une ma\u00eetrise en gestion des politiques nationales et d&rsquo;un doctorat en \u00e9ducation de l&rsquo;<em>Universidad de Playa Ancha<\/em>. Elle est actuellement professeure associ\u00e9e \u00e0 la facult\u00e9 des sciences de l&rsquo;\u00e9ducation de la m\u00eame universit\u00e9.<\/p>\n<p>Au cours de sa carri\u00e8re professionnelle, elle a occup\u00e9 divers postes de direction au niveau universitaire, tels que directrice g\u00e9n\u00e9rale de l&rsquo;\u00e9cole sup\u00e9rieure et directrice g\u00e9n\u00e9rale de la recherche \u00e0 l&rsquo;<em>Universidad de Playa Ancha<\/em>.<\/p>\n<p>Elle a \u00e9t\u00e9 \u00e9valuatrice internationale pour des institutions telles que SINAES au Costa Rica et ANEAES au Paraguay ainsi qu\u2019\u00e9valuatrice de projets de recherche pour plusieurs universit\u00e9s chiliennes.<\/p>\n<p>Elle est actuellement coordinatrice institutionnelle pour la mise en r\u00e9seau des universit\u00e9s d&rsquo;\u00c9tat \u00e0 l&rsquo;<em>Universidad de Playa Ancha <\/em>et chercheuse associ\u00e9e \u00e0 l&rsquo;Institut interuniversitaire de recherche en \u00e9ducation (IESED-Chili) dans le domaine des politiques de l&rsquo;enseignement sup\u00e9rieur, o\u00f9 elle a plusieurs publications. Elle est coordinatrice au Chili du projet \u00ab\u00a0Exp\u00e9riences d\u00a0\u00bbassurance de la qualit\u00e9 dans l&rsquo;enseignement sup\u00e9rieur au Qu\u00e9bec et au Chili\u00a0\u00bb.<\/p>\n<p><strong><img loading=\"lazy\" decoding=\"async\" class=\"alignnone wp-image-11607 size-thumbnail\" src=\"https:\/\/oui-iohe.org\/wp-content\/uploads\/2022\/04\/Daniel-Lopez_Foto_bn-1-150x150.png\" alt=\"\" width=\"150\" height=\"150\" srcset=\"https:\/\/oui-iohe.org\/wp-content\/uploads\/2022\/04\/Daniel-Lopez_Foto_bn-1-150x150.png 150w, https:\/\/oui-iohe.org\/wp-content\/uploads\/2022\/04\/Daniel-Lopez_Foto_bn-1-300x300.png 300w\" sizes=\"auto, (max-width: 150px) 100vw, 150px\" \/><\/strong><\/p>\n<p><strong>DANIEL LOPEZ STEFONI<\/strong><\/p>\n<p><strong>Directeur g\u00e9n\u00e9ral de l&rsquo;Institut interuniversitaire de recherche en \u00e9ducation (IESED-Chili)<\/strong><\/p>\n<p>Daniel L\u00f3pez Stefoni est titulaire d&rsquo;un dipl\u00f4me en biologie de l&rsquo;<em>Universidad de Concepci\u00f3n <\/em>et d&rsquo;un doctorat en sciences biologiques de la <em>Pontificia Universidad Cat\u00f3lica de Chile<\/em>. En tant que chercheur, il a publi\u00e9 de nombreux articles et livres grand public sur l&rsquo;\u00e9cologie marine, l&rsquo;aquaculture et l&rsquo;enseignement sup\u00e9rieur, principalement sur l&rsquo;organisation et la gestion universitaires et l&rsquo;assurance de la qualit\u00e9 des universit\u00e9s. Il a \u00e9galement d\u00e9velopp\u00e9 des projets financ\u00e9s par des agences nationales et internationales.<\/p>\n<p>Il a occup\u00e9 les postes de premier recteur de l&rsquo;<em>Universidad de Los Lagos<\/em>, de vice-recteur de la planification et du d\u00e9veloppement de l&rsquo;<em>Universidad de Los Lagos<\/em>, de vice-recteur de la recherche et des \u00e9tudes de troisi\u00e8me cycle \u00e0 l&rsquo;<em>Universidad de Playa Ancha <\/em>et \u00e0 l&rsquo;<em>Universidad Tecnol\u00f3gica Metropolitana.<\/em><\/p>\n<p>Consultant aupr\u00e8s d&rsquo;universit\u00e9s nationales et latino-am\u00e9ricaines et d&rsquo;organisations publiques et priv\u00e9es au Chili dans le domaine de l&rsquo;enseignement sup\u00e9rieur. Il a re\u00e7u des distinctions acad\u00e9miques dans plusieurs pays d&rsquo;Am\u00e9rique latine.<\/p>\n<p>Il est actuellement professeur titulaire et chercheur \u00e0 l&rsquo;<em>Universidad de Los Lagos<\/em>, directeur g\u00e9n\u00e9ral de l&rsquo;Institut interuniversitaire de recherche en \u00e9ducation (IESED-Chili) et coordinateur principal du r\u00e9seau de recherche et de formation avanc\u00e9e en \u00e9ducation du syst\u00e8me universitaire de l&rsquo;\u00c9tat chilien.<\/p>\n<p>&nbsp;<\/p>\n<p><strong><img loading=\"lazy\" decoding=\"async\" class=\"alignnone wp-image-11567 size-thumbnail\" src=\"https:\/\/oui-iohe.org\/wp-content\/uploads\/2022\/04\/Claude-Mailhot_Foto_bn-150x150.png\" alt=\"\" width=\"150\" height=\"150\" srcset=\"https:\/\/oui-iohe.org\/wp-content\/uploads\/2022\/04\/Claude-Mailhot_Foto_bn-150x150.png 150w, https:\/\/oui-iohe.org\/wp-content\/uploads\/2022\/04\/Claude-Mailhot_Foto_bn-300x300.png 300w, https:\/\/oui-iohe.org\/wp-content\/uploads\/2022\/04\/Claude-Mailhot_Foto_bn-478x480.png 478w\" sizes=\"auto, (max-width: 150px) 100vw, 150px\" \/><\/strong><\/p>\n<p><strong>CLAUDE MAILHOT, <\/strong><strong>B. Pharm., D.P.H., Pharm.D.<\/strong><\/p>\n<p>Professeure titulaire de pharmacoth\u00e9rapie,<\/p>\n<p>Facult\u00e9 de pharmacie<\/p>\n<p>Universit\u00e9 de Montr\u00e9al<\/p>\n<p>Et<\/p>\n<p>Pr\u00e9sidente de la commission d\u2019\u00e9valuation de la CIDPHARMEF<\/p>\n<p>Claude Mailhot est professeure titulaire \u00e0 la Facult\u00e9 de Pharmacie, et elle a assum\u00e9 les fonctions de vice-rectrice adjointe \u00e0 la promotion de la qualit\u00e9 \u00e0 l&rsquo;Universit\u00e9 de Montr\u00e9al pendant 8 ans.\u00a0 \u00c0 ce titre, elle a mis en place une d\u00e9marche syst\u00e9matique d\u2019\u00e9valuation des programmes et cr\u00e9\u00e9 le Bureau de la promotion de la qualit\u00e9.\u00a0 Elle pr\u00e9side la Commission d&rsquo;\u00e9valuation de la CIDPHARMEF (Conf\u00e9rence internationale des doyens des facult\u00e9s de pharmacie d&rsquo;expression fran\u00e7aise), un r\u00e9seau de l&rsquo;Agence Universitaire de la Francophonie (AUF). Parmi ses projets, elle s\u2019int\u00e9resse aux m\u00e9thodes et \u00e0 l\u2019impact de l\u2019\u00e9valuation de la qualit\u00e9 des programmes.<\/p>\n<p>Au cours de sa carri\u00e8re, elle a occup\u00e9 les fonctions de vice-doyenne aux \u00e9tudes et a particip\u00e9 \u00e0 l&rsquo;\u00e9laboration, \u00e0 la r\u00e9vision ou \u00e0 la mise en \u0153uvre de plusieurs programmes d&rsquo;\u00e9tudes dans le domaine de la pharmacie et des sciences pharmaceutiques.<\/p>\n<p>Elle a re\u00e7u de nombreux prix d\u2019excellence en enseignement. L&rsquo;Universit\u00e9 de Picardie Jules Verne lui a d\u00e9cern\u00e9 un Doctorat honoris causa en 2004, pour son implication dans le d\u00e9veloppement de la pharmacie clinique et des soins pharmaceutiques tant au niveau national qu\u2019international.<\/p>\n<p>&nbsp;<\/p>\n<p><strong><img loading=\"lazy\" decoding=\"async\" class=\"alignnone wp-image-11572 size-thumbnail\" src=\"https:\/\/oui-iohe.org\/wp-content\/uploads\/2022\/04\/Denis-Rousseau_Foto_bn-150x150.png\" alt=\"\" width=\"150\" height=\"150\" srcset=\"https:\/\/oui-iohe.org\/wp-content\/uploads\/2022\/04\/Denis-Rousseau_Foto_bn-150x150.png 150w, https:\/\/oui-iohe.org\/wp-content\/uploads\/2022\/04\/Denis-Rousseau_Foto_bn-300x300.png 300w\" sizes=\"auto, (max-width: 150px) 100vw, 150px\" \/><\/strong><\/p>\n<p><strong>DENIS ROUSSEAU<\/strong><\/p>\n<p><strong>Pr\u00e9sident de la Commission d\u2019\u00e9valuation de l\u2019enseignement coll\u00e9gial (CEEC)<\/strong><\/p>\n<p>Denis Rousseau est actuellement le Pr\u00e9sident de la Commission d\u2019\u00e9valuation de l\u2019enseignement coll\u00e9gial (CEEC), et cumule plus de 25 ans d\u2019exp\u00e9rience en enseignement sup\u00e9rieur. Il a occup\u00e9 les postes de directeur g\u00e9n\u00e9ral au C\u00e9gep de Rosemont, de directeur adjoint aux programmes et aux ressources didactiques et de directeur des \u00e9tudes et des affaires internationales au C\u00e9gep de Trois-Rivi\u00e8res. Il a \u0153uvr\u00e9 au C\u00e9gep de Beauce-Appalaches comme professeur, puis comme directeur des \u00e9tudes. Il a aussi agi \u00e0 titre de charg\u00e9 de projet au minist\u00e8re de l\u2019\u00c9ducation et occup\u00e9 des postes de direction \u00e0 l\u2019\u00c9cole nationale d\u2019administration publique et au Centre universitaire des Appalaches. D\u00e9tenteur d\u2019une ma\u00eetrise de l\u2019\u00c9cole nationale d\u2019administration publique, il a aussi compl\u00e9t\u00e9 un baccalaur\u00e9at en litt\u00e9rature fran\u00e7aise \u00e0 l\u2019Universit\u00e9 Laval.<\/p>\n<p><img loading=\"lazy\" decoding=\"async\" class=\"alignnone wp-image-11612 size-thumbnail\" src=\"https:\/\/oui-iohe.org\/wp-content\/uploads\/2022\/04\/Alejandra-Contreras_Foto_bn-150x150.png\" alt=\"\" width=\"150\" height=\"150\" \/><\/p>\n<p><strong>ALEJANDRA CONTRERAS ALTMANN<\/strong><\/p>\n<p><strong>Directrice ex\u00e9cutive du Consortium des universit\u00e9s d&rsquo;\u00c9tat du Chili (CUECH)<\/strong><\/p>\n<p>Alejandra Contreras Altmann est titulaire d&rsquo;un baccalaur\u00e9at en droit de la <em>Pontificia Universidad Cat\u00f3lica de Chile<\/em>, d&rsquo;un master en gestion et politique publique de l&rsquo;<em>Universidad de Chile<\/em> et d&rsquo;un dipl\u00f4me du programme en gestion publique latino-am\u00e9ricaine de la m\u00eame universit\u00e9.<\/p>\n<p>Elle a d\u00e9velopp\u00e9 une vaste carri\u00e8re dans l&rsquo;enseignement sup\u00e9rieur o\u00f9 elle a occup\u00e9 divers postes importants tant au Conseil de l&rsquo;enseignement sup\u00e9rieur (actuellement le Conseil national de l&rsquo;\u00e9ducation) qu&rsquo;au Minist\u00e8re de l&rsquo;\u00e9ducation, d&rsquo;abord comme responsable de la composante \u00ab\u00a0Renforcement institutionnel\u00a0\u00bb du programme MECESUP, puis comme responsable du D\u00e9partement juridique de la division de l&rsquo;enseignement sup\u00e9rieur, directrice ex\u00e9cutive de la Commission administrative du syst\u00e8me de cr\u00e9dit pour les \u00e9tudes sup\u00e9rieures et responsable de la Division de l&rsquo;enseignement sup\u00e9rieur.<\/p>\n<p>Alejandra Contreras est actuellement directrice ex\u00e9cutive du Consortium des universit\u00e9s d&rsquo;\u00c9tat du Chili (CUECH).<\/p>\n<p>&nbsp;<\/p>\n<p><img loading=\"lazy\" decoding=\"async\" class=\"alignnone wp-image-11621 size-thumbnail\" src=\"https:\/\/oui-iohe.org\/wp-content\/uploads\/2022\/04\/Oscar-_Foto_bn-1-150x150.png\" alt=\"\" width=\"150\" height=\"150\" srcset=\"https:\/\/oui-iohe.org\/wp-content\/uploads\/2022\/04\/Oscar-_Foto_bn-1-150x150.png 150w, https:\/\/oui-iohe.org\/wp-content\/uploads\/2022\/04\/Oscar-_Foto_bn-1-300x300.png 300w, https:\/\/oui-iohe.org\/wp-content\/uploads\/2022\/04\/Oscar-_Foto_bn-1-479x480.png 479w\" sizes=\"auto, (max-width: 150px) 100vw, 150px\" \/><\/p>\n<p><strong>OSCAR GARRIDO ALVAREZ<\/strong><\/p>\n<p><strong>Recteur <\/strong><strong>Universidad de Los Lagos<\/strong><\/p>\n<p>Oscar Garrido Alvarez occupe actuellement le poste de recteur de l&rsquo; Universidad de Los Lagos depuis 2009. Auparavant, il a occup\u00e9 divers postes de direction \u00e0 l&rsquo;Universit\u00e9. Il est membre du conseil d&rsquo;administration du Consorcio de Universidades Estatales (CUECH) et membre du comit\u00e9 de pilotage du Plan de Fortalecimiento de Universidades Estatales. Depuis 2017, il pr\u00e9side l&rsquo;Organisation universitaire interam\u00e9ricaine (OUI).[\/vc_column_text][vc_column_text][\/vc_column_text][\/vc_tta_section][\/vc_tta_accordion][\/vc_column][\/vc_row]<\/p>\n<\/div>","protected":false},"excerpt":{"rendered":"<p>[vc_row][vc_column][vc_custom_heading text=\u00a0\u00bb\u00ab Exp\u00e9riences d&rsquo;assurance qualit\u00e9 dans l&rsquo;enseignement sup\u00e9rieur au Qu\u00e9bec et au Chili \u00bb\u00a0\u00bb font_container=\u00a0\u00bbtag:h1|text_align:left\u00a0\u00bb use_theme_fonts=\u00a0\u00bbyes\u00a0\u00bb][vc_column_text]Le projet \u00ab\u00a0Exp\u00e9riences d\u2019&rsquo;assurance de [&hellip;]<\/p>\n","protected":false},"author":4,"featured_media":0,"parent":0,"menu_order":0,"comment_status":"closed","ping_status":"closed","template":"","meta":{"_acf_changed":false,"_monsterinsights_skip_tracking":false,"_monsterinsights_sitenote_active":false,"_monsterinsights_sitenote_note":"","_monsterinsights_sitenote_category":0,"footnotes":""},"class_list":["post-11579","page","type-page","status-publish","hentry"],"acf":[],"aioseo_notices":[],"_links":{"self":[{"href":"https:\/\/oui-iohe.org\/fr\/wp-json\/wp\/v2\/pages\/11579","targetHints":{"allow":["GET"]}}],"collection":[{"href":"https:\/\/oui-iohe.org\/fr\/wp-json\/wp\/v2\/pages"}],"about":[{"href":"https:\/\/oui-iohe.org\/fr\/wp-json\/wp\/v2\/types\/page"}],"author":[{"embeddable":true,"href":"https:\/\/oui-iohe.org\/fr\/wp-json\/wp\/v2\/users\/4"}],"replies":[{"embeddable":true,"href":"https:\/\/oui-iohe.org\/fr\/wp-json\/wp\/v2\/comments?post=11579"}],"version-history":[{"count":13,"href":"https:\/\/oui-iohe.org\/fr\/wp-json\/wp\/v2\/pages\/11579\/revisions"}],"predecessor-version":[{"id":11783,"href":"https:\/\/oui-iohe.org\/fr\/wp-json\/wp\/v2\/pages\/11579\/revisions\/11783"}],"wp:attachment":[{"href":"https:\/\/oui-iohe.org\/fr\/wp-json\/wp\/v2\/media?parent=11579"}],"curies":[{"name":"wp","href":"https:\/\/api.w.org\/{rel}","templated":true}]}}