{"id":15779,"date":"2022-04-22T16:14:23","date_gmt":"2022-04-22T20:14:23","guid":{"rendered":"https:\/\/oui-iohe.org\/premio-mein\/"},"modified":"2026-03-16T14:00:39","modified_gmt":"2026-03-16T18:00:39","slug":"prix-mein","status":"publish","type":"page","link":"https:\/\/oui-iohe.org\/fr\/prix-mein\/","title":{"rendered":"Prix MEIN 2026"},"content":{"rendered":"<div class=\"wpb-content-wrapper\"><p>[vc_row][vc_column][vc_custom_heading text=\u00a0\u00bbPrix MEIN \u2013 6e \u00e9dition\u00a0\u00bb use_theme_fonts=\u00a0\u00bbyes\u00a0\u00bb css=\u00a0\u00bb\u00a0\u00bb][\/vc_column][\/vc_row][vc_row][vc_column][vc_column_text css=\u00a0\u00bb\u00a0\u00bb]<\/p>\n<h3><strong>Prix interam\u00e9ricain pour les Mod\u00e8les \u00e9ducatifs innovants en enseignement sup\u00e9rieur<\/strong><\/h3>\n<p><strong>En virtuel, du 5 au 7 octobre 2026<\/strong>[\/vc_column_text][\/vc_column][\/vc_row][vc_row][vc_column][vc_column_text css=\u00a0\u00bb\u00a0\u00bb]<span style=\"font-weight: 400;\">L\u2019Organisation universitaire interam\u00e9ricaine (OUI) et l\u2019<\/span><b>Universidad Abierta Para Adultos (UAPA)<\/b><span style=\"font-weight: 400;\"> lancent l\u2019appel \u00e0 candidatures pour la sixi\u00e8me \u00e9dition du <\/span><b>Prix interam\u00e9ricain des mod\u00e8les \u00e9ducatifs innovants en enseignement sup\u00e9rieur (Prix MEIN 2026),<\/b><span style=\"font-weight: 400;\"> par la pr\u00e9sentation d\u2019\u00e9tudes de cas illustrant des pratiques innovantes au sein des \u00e9tablissements d&rsquo;enseignement sup\u00e9rieur (EES) membres de l\u2019OUI.<\/span><\/p>\n<p><span style=\"font-weight: 400;\">La 6e \u00e9dition du Prix MEIN se tiendra en <\/span><b>mode virtuel du 5 au 7 octobre<\/b><span style=\"font-weight: 400;\">, sous le th\u00e8me : <\/span><b>\u00ab L\u2019analytique de donn\u00e9es appliqu\u00e9e \u00e0 la prise de d\u00e9cision en enseignement sup\u00e9rieur \u00bb<\/b>[\/vc_column_text][vc_tta_accordion style=\u00a0\u00bbflat\u00a0\u00bb shape=\u00a0\u00bbsquare\u00a0\u00bb color=\u00a0\u00bbiohe-orange\u00a0\u00bb gap=\u00a0\u00bb35&Prime; c_icon=\u00a0\u00bbchevron\u00a0\u00bb c_position=\u00a0\u00bbright\u00a0\u00bb active_section=\u00a0\u00bb9999&Prime; no_fill=\u00a0\u00bbtrue\u00a0\u00bb collapsible_all=\u00a0\u00bbtrue\u00a0\u00bb][vc_tta_section title=\u00a0\u00bb1. CONDITIONS DU CONCOURS\u00a0\u00bb tab_id=\u00a0\u00bb1710544733346-eee577dd-1b16&Prime;][vc_column_text css=\u00a0\u00bb\u00a0\u00bb]1.1 Le concours est ouvert \u00e0 tous les \u00c9ES membres <span style=\"font-weight: 400;\">actifs <\/span>de l&rsquo;Organisation universitaire interam\u00e9ricaine (OUI)*, <b><\/b><span style=\"font-weight: 400;\">\u00e0 jour de leurs obligations statutaires.<\/span><\/p>\n<p><span style=\"font-weight: 400;\">1.2 L&rsquo;appel \u00e0 candidatures se d\u00e9roulera en deux \u00e9tapes : la soumission de r\u00e9sum\u00e9s (\u00c9tape 1), \u00e0 l&rsquo;issue de laquelle une liste restreinte d&rsquo;exp\u00e9riences ou d&rsquo;\u00e9tudes de cas sera s\u00e9lectionn\u00e9e. Les auteurs retenus seront invit\u00e9s \u00e0 soumettre leur travail complet et \u00e0 le pr\u00e9senter devant le jury international (\u00c9tape 2).<\/span><\/p>\n<p><span style=\"font-weight: 400;\">1.3 Les r\u00e9sum\u00e9s et les travaux complets peuvent \u00eatre soumis dans l&rsquo;une des quatre langues officielles de la OUI : fran\u00e7ais, espagnol, portugais ou anglais.<\/span><\/p>\n<p><span style=\"font-weight: 400;\">1.4 Le jury remettra un prix aux trois meilleures propositions.<\/span><\/p>\n<p><span style=\"font-weight: 400;\">1.5 Une publication \u00e9lectronique regroupant l&rsquo;ensemble des travaux complets soumis sera r\u00e9alis\u00e9e.<\/span><\/p>\n<p><span style=\"font-weight: 400;\">1.6 La participation \u00e0 la 6<\/span><span style=\"font-weight: 400;\">\u00e8<\/span><span style=\"font-weight: 400;\"> \u00e9dition du Prix MEIN n&rsquo;entra\u00eene pas de frais d&rsquo;inscription pour les \u00c9ES participants.<\/span><\/p>\n<p>&nbsp;<\/p>\n<p>&nbsp;<\/p>\n<p>&#8212; &#8212;<\/p>\n<p>*Afin de savoir si votre \u00c9ES est membre de l&rsquo;OUI, vous pouvez consulter la page suivante :<br \/>\n<a href=\"https:\/\/oui-iohe.org\/fr\/membres-oui\/\">https:\/\/oui-iohe.org\/fr\/membres-oui\/<\/a>[\/vc_column_text][\/vc_tta_section][vc_tta_section title=\u00a0\u00bb2. TH\u00c8MES\u00a0\u00bb tab_id=\u00a0\u00bb1710544729708-f79b0705-a84f\u00a0\u00bb][vc_column_text css=\u00a0\u00bb\u00a0\u00bb]<span style=\"font-weight: 400;\">Les exp\u00e9riences ou \u00e9tudes de cas doivent porter sur <\/span><b>l\u2019un des axes th\u00e9matiques suivants<\/b><span style=\"font-weight: 400;\">, li\u00e9s au th\u00e8me principal de l\u2019appel <\/span><b>\u00ab Analytique de donn\u00e9es pour la prise de d\u00e9cision en enseignement sup\u00e9rieur \u00bb :<\/b><\/p>\n<p><b>2.1 Analytique institutionnelle pour la planification strat\u00e9gique et l\u2019assurance qualit\u00e9<\/b><\/p>\n<p><span style=\"font-weight: 400;\">Des exp\u00e9riences ou \u00e9tudes de cas portant sur l&rsquo;utilisation de donn\u00e9es acad\u00e9miques, administratives et financi\u00e8res pour \u00e9clairer les d\u00e9cisions institutionnelles en mati\u00e8re de planification strat\u00e9gique, d&rsquo;assurance qualit\u00e9, d&rsquo;accr\u00e9ditation, d&rsquo;am\u00e9lioration continue ou d&rsquo;autres domaines connexes.<\/span><\/p>\n<p><b>2.2 Mod\u00e8les pr\u00e9dictifs pour la gestion de la trajectoire \u00e9tudiante<\/b><\/p>\n<p><span style=\"font-weight: 400;\">Des exp\u00e9riences ou \u00e9tudes de cas portant sur la mise en \u0153uvre de mod\u00e8les analytiques ou pr\u00e9dictifs visant \u00e0 \u00e9clairer les d\u00e9cisions en mati\u00e8re d\u2019admission, de r\u00e9tention, de progression acad\u00e9mique, de diplomation, d\u2019accompagnement \u00e9tudiant ou d\u2019autres th\u00e9matiques connexes.<\/span><\/p>\n<p><b>2.3 Gouvernance, visualisation et utilisation \u00e9thique des donn\u00e9es pour la prise de d\u00e9cision<\/b><\/p>\n<p><span style=\"font-weight: 400;\">Des exp\u00e9riences ou \u00e9tudes de cas pr\u00e9sentant des retours d&rsquo;exp\u00e9rience institutionnels en mati\u00e8re de gouvernance des donn\u00e9es, de conception et d&rsquo;utilisation de tableaux de bord destin\u00e9s aux autorit\u00e9s universitaires, ainsi que des pratiques favorisant une utilisation \u00e9thique, responsable et transparente de l&rsquo;analytique de donn\u00e9es.<\/span>[\/vc_column_text][\/vc_tta_section][vc_tta_section title=\u00a0\u00bb3. CRIT\u00c8RES D&rsquo;\u00c9VALUATION\u00a0\u00bb tab_id=\u00a0\u00bb1710544475510-1360164e-1d38&Prime;][vc_column_text css=\u00a0\u00bb\u00a0\u00bb]<span style=\"font-weight: 400;\">3.1 Le r\u00e9sum\u00e9 pour l\u2019\u00e9tape 1 du concours devra comporter 250 mots maximum et inclure, aux fins d\u2019\u00e9valuation, les \u00e9l\u00e9ments suivants :<\/span><\/p>\n<ul>\n<li style=\"font-weight: 400;\" aria-level=\"1\"><span style=\"font-weight: 400;\">Titre.<\/span><\/li>\n<li style=\"font-weight: 400;\" aria-level=\"1\"><span style=\"font-weight: 400;\">Contexte de l\u2019exp\u00e9rience.<\/span><\/li>\n<li style=\"font-weight: 400;\" aria-level=\"1\"><span style=\"font-weight: 400;\">Objectifs et besoin(s) auxquels elle r\u00e9pond.<\/span><\/li>\n<li style=\"font-weight: 400;\" aria-level=\"1\"><span style=\"font-weight: 400;\">Aspects m\u00e9thodologiques de la mise en \u0153uvre.<\/span><\/li>\n<li style=\"font-weight: 400;\" aria-level=\"1\"><span style=\"font-weight: 400;\">\u00c9valuation et r\u00e9sultats.<\/span><\/li>\n<li style=\"font-weight: 400;\" aria-level=\"1\"><span style=\"font-weight: 400;\">Conclusion et recommandations.<\/span><\/li>\n<li style=\"font-weight: 400;\" aria-level=\"1\"><span style=\"font-weight: 400;\">Aucune r\u00e9f\u00e9rence bibliographique n\u2019est requise.<\/span><\/li>\n<\/ul>\n<p><span style=\"font-weight: 400;\">3.2 Les r\u00e9sum\u00e9s retenus pour l\u2019\u00e9tape 2 recevront les instructions concernant la pr\u00e9sentation et l\u2019\u00e9valuation du travail complet.<\/span>[\/vc_column_text][\/vc_tta_section][vc_tta_section title=\u00a0\u00bb4. SOUMISSION DES R\u00c9SUM\u00c9S\u00a0\u00bb tab_id=\u00a0\u00bb1710544372680-691754f2-32fc\u00a0\u00bb][vc_column_text css=\u00a0\u00bb\u00a0\u00bb]<span style=\"font-weight: 400;\">Le r\u00e9sum\u00e9 de la proposition doit \u00eatre soumis via le formulaire suivant <\/span><a href=\"https:\/\/docs.google.com\/forms\/d\/e\/1FAIpQLScKqmjGQhf_QwiO9sC0LU66vQvhm6_66gUcN6Y-o5qTqTwnOQ\/viewform?usp=header\"><span style=\"font-weight: 400;\">Formulaire Prix MEIN 2026<\/span><\/a><span style=\"font-weight: 400;\"> au plus tard le <\/span><b>30 avril 2026 \u00e0 23h59 (heure de Montr\u00e9al, Canada \u2013 UTC\/GMT -4)<\/b><span style=\"font-weight: 400;\">.<\/span>[\/vc_column_text][\/vc_tta_section][vc_tta_section title=\u00a0\u00bb5. PRIX\u00a0\u00bb tab_id=\u00a0\u00bb1710542744960-a3c2edee-ecae\u00a0\u00bb][vc_column_text css=\u00a0\u00bb\u00a0\u00bb]<span style=\"font-weight: 400;\">Les gagnants recevront les<\/span><span style=\"font-weight: 400;\"> r\u00e9compenses suivantes<\/span><span style=\"font-weight: 400;\"> :<\/span><\/p>\n<p><b>a) Premi\u00e8re place<\/b><\/p>\n<ul>\n<li style=\"font-weight: 400;\" aria-level=\"1\"><span style=\"font-weight: 400;\">Un billet d&rsquo;avion aller-retour pour le\/la responsable du projet laur\u00e9at afin d&rsquo;assister \u00e0 la prochaine \u00e9dition du Congr\u00e8s des Am\u00e9riques sur l&rsquo;\u00c9ducation Internationale (CAEI-2027).<\/span><\/li>\n<li style=\"font-weight: 400;\" aria-level=\"1\"><span style=\"font-weight: 400;\">3 nuits d&rsquo;h\u00f4tel pour le\/la responsable du projet laur\u00e9at lors du CAEI-2027.<\/span><\/li>\n<li style=\"font-weight: 400;\" aria-level=\"1\"><span style=\"font-weight: 400;\">3 inscriptions gratuites au CAEI.<\/span><\/li>\n<\/ul>\n<p><b>b) Deuxi\u00e8me place<\/b><\/p>\n<ul>\n<li style=\"font-weight: 400;\" aria-level=\"1\"><span style=\"font-weight: 400;\">2 inscriptions gratuites au CAEI<\/span><\/li>\n<\/ul>\n<p><b>c) Troisi\u00e8me place<\/b><\/p>\n<ul>\n<li style=\"font-weight: 400;\" aria-level=\"1\"><span style=\"font-weight: 400;\">1 inscription gratuite au CAEI<\/span><\/li>\n<\/ul>\n<p>[\/vc_column_text][\/vc_tta_section][vc_tta_section title=\u00a0\u00bb6. DATES IMPORTANTES\u00a0\u00bb tab_id=\u00a0\u00bb1712432332961-598d7351-c3ac\u00a0\u00bb][vc_column_text css=\u00a0\u00bb\u00a0\u00bb]<\/p>\n<table>\n<tbody>\n<tr>\n<td><b>Activit\u00e9<\/b><\/td>\n<td><b>Terme<\/b><\/td>\n<\/tr>\n<tr>\n<td><span style=\"font-weight: 400;\">Soumission de r\u00e9sum\u00e9s<\/span><\/td>\n<td><span style=\"font-weight: 400;\">30 avril 2026<\/span><\/td>\n<\/tr>\n<tr>\n<td><span style=\"font-weight: 400;\">S\u00e9lection de r\u00e9sum\u00e9s<\/span><\/td>\n<td><span style=\"font-weight: 400;\">1er juin 2026<\/span><\/td>\n<\/tr>\n<tr>\n<td><span style=\"font-weight: 400;\">Soumission de travaux compl\u00e9t\u00e9s<\/span><\/td>\n<td><span style=\"font-weight: 400;\">31 juillet 2026<\/span><\/td>\n<\/tr>\n<tr>\n<td><span style=\"font-weight: 400;\">Pr\u00e9sentations devant le Jury<\/span><\/td>\n<td><span style=\"font-weight: 400;\">5 au 7 octobre 2026<\/span><\/td>\n<\/tr>\n<tr>\n<td><span style=\"font-weight: 400;\">Publication des r\u00e9sultats du concours<\/span><\/td>\n<td><span style=\"font-weight: 400;\">16 octobre 2026<\/span><\/td>\n<\/tr>\n<tr>\n<td><span style=\"font-weight: 400;\">Publication acad\u00e9mique des exp\u00e9riences\/cas pr\u00e9sent\u00e9s<\/span><\/td>\n<td><span style=\"font-weight: 400;\">1er trimestre 2027<\/span><\/td>\n<\/tr>\n<\/tbody>\n<\/table>\n<p>[\/vc_column_text][\/vc_tta_section][\/vc_tta_accordion][vc_column_text css=\u00a0\u00bb\u00a0\u00bb]<span style=\"font-weight: 400;\">Le Prix MEIN est une initiative de l&rsquo;Organisation universitaire interam\u00e9ricaine (OUI) visant \u00e0 promouvoir la connaissance, la diffusion et l&rsquo;\u00e9change de tendances et de pratiques \u00e9ducatives innovantes mises en \u0153uvre dans les \u00e9tablissements d&rsquo;enseignement sup\u00e9rieur (\u00c9ES) du continent. Depuis 2016, quatre \u00e9ditions du concours ont eu lieu, mobilisant plus de 116 \u00e9tablissements membres de l&rsquo;OUI r\u00e9partis dans 16 pays.<\/span><\/p>\n<p><span style=\"font-weight: 400;\">La sixi\u00e8me \u00e9dition du Prix MEIN est coorganis\u00e9e avec l&rsquo;Universidad Abierta Para Adultos (UAPA), R\u00e9publique dominicaine.<\/span>[\/vc_column_text][vc_separator color=\u00a0\u00bbiohe-orange\u00a0\u00bb border_width=\u00a0\u00bb6&Prime;][vc_empty_space][vc_column_text]Pour de plus amples informations ou pour toute question, veuillez \u00e9crire \u00e0 l\u2019adresse suivante : <a href=\"mailto:mein@oui-iohe.org\">mein@oui-iohe.org<\/a>[\/vc_column_text][\/vc_column][\/vc_row][vc_row][vc_column][vc_btn title=\u00a0\u00bbLIRE L&rsquo;APPEL\u00a0\u00bb style=\u00a0\u00bbflat\u00a0\u00bb shape=\u00a0\u00bbsquare\u00a0\u00bb color=\u00a0\u00bbiohe-orange\u00a0\u00bb css=\u00a0\u00bb\u00a0\u00bb link=\u00a0\u00bburl:https%3A%2F%2Fdrive.google.com%2Ffile%2Fd%2F1j6byB15kyrfMnGcTvZO0kvKSG1Ml2Eu6%2Fview%3Fusp%3Ddrive_link\u00a0\u00bb][\/vc_column][\/vc_row]<\/p>\n<\/div>","protected":false},"excerpt":{"rendered":"<p>[vc_row][vc_column][vc_custom_heading text=\u00a0\u00bbPrix MEIN \u2013 6e \u00e9dition\u00a0\u00bb use_theme_fonts=\u00a0\u00bbyes\u00a0\u00bb css=\u00a0\u00bb\u00a0\u00bb][\/vc_column][\/vc_row][vc_row][vc_column][vc_column_text css=\u00a0\u00bb\u00a0\u00bb] Prix interam\u00e9ricain pour les Mod\u00e8les \u00e9ducatifs innovants en enseignement sup\u00e9rieur En [&hellip;]<\/p>\n","protected":false},"author":4,"featured_media":20768,"parent":0,"menu_order":0,"comment_status":"closed","ping_status":"closed","template":"","meta":{"_acf_changed":false,"_monsterinsights_skip_tracking":false,"_monsterinsights_sitenote_active":false,"_monsterinsights_sitenote_note":"","_monsterinsights_sitenote_category":0,"footnotes":""},"class_list":["post-15779","page","type-page","status-publish","has-post-thumbnail","hentry"],"acf":[],"aioseo_notices":[],"_links":{"self":[{"href":"https:\/\/oui-iohe.org\/fr\/wp-json\/wp\/v2\/pages\/15779","targetHints":{"allow":["GET"]}}],"collection":[{"href":"https:\/\/oui-iohe.org\/fr\/wp-json\/wp\/v2\/pages"}],"about":[{"href":"https:\/\/oui-iohe.org\/fr\/wp-json\/wp\/v2\/types\/page"}],"author":[{"embeddable":true,"href":"https:\/\/oui-iohe.org\/fr\/wp-json\/wp\/v2\/users\/4"}],"replies":[{"embeddable":true,"href":"https:\/\/oui-iohe.org\/fr\/wp-json\/wp\/v2\/comments?post=15779"}],"version-history":[{"count":13,"href":"https:\/\/oui-iohe.org\/fr\/wp-json\/wp\/v2\/pages\/15779\/revisions"}],"predecessor-version":[{"id":20823,"href":"https:\/\/oui-iohe.org\/fr\/wp-json\/wp\/v2\/pages\/15779\/revisions\/20823"}],"wp:featuredmedia":[{"embeddable":true,"href":"https:\/\/oui-iohe.org\/fr\/wp-json\/wp\/v2\/media\/20768"}],"wp:attachment":[{"href":"https:\/\/oui-iohe.org\/fr\/wp-json\/wp\/v2\/media?parent=15779"}],"curies":[{"name":"wp","href":"https:\/\/api.w.org\/{rel}","templated":true}]}}