{"id":11723,"date":"2022-04-14T18:34:38","date_gmt":"2022-04-14T22:34:38","guid":{"rendered":"https:\/\/oui-iohe.org\/experiencias-de-aseguramiento-de-calidad-en-educacion-superior-quebec-chile\/"},"modified":"2022-05-25T22:11:12","modified_gmt":"2022-05-26T02:11:12","slug":"experiencias-garantia-da-qualidade-no-ensino-superior-quebec-chile","status":"publish","type":"page","link":"https:\/\/oui-iohe.org\/pt-br\/experiencias-garantia-da-qualidade-no-ensino-superior-quebec-chile\/","title":{"rendered":"Experi\u00eancias de garantia da qualidade no Ensino superior em Quebec e Chile"},"content":{"rendered":"<div class=\"wpb-content-wrapper\"><p>[vc_row][vc_column][vc_custom_heading text=&#8221;\u00abExperi\u00eancias de garantia da qualidade no Ensino superior em Quebec e Chile\u00bb&#8221; font_container=&#8221;tag:h1|text_align:left&#8221; use_theme_fonts=&#8221;yes&#8221;][vc_column_text]O projeto <em>\u00abExperi\u00eancias de garantia da qualidade no Ensino superior em Quebec e Chile\u00bb<\/em> \u00e9 apoiado pelo Minist\u00e8re des Relations internationales et de la Francophonie du Qu\u00e9bec (MRIF)\u00a0 e busca aprofundar o conhecimento e interc\u00e2mbio de experi\u00eancias entre Quebec e Chile em mat\u00e9ria de garantia da qualidade no Ensino superior.<\/p>\n<p>O objetivo geral do projeto \u00e9 partilhar experi\u00eancias e boas pr\u00e1ticas sobre os sistemas de garantia da qualidade no Ensino superior nos dois pa\u00edses.<\/p>\n<p>Os objetivos espec\u00edficos s\u00e3o: <strong>(1)<\/strong> conhecer o funcionamento dos sistemas de garantia da qualidade implementados nas Institui\u00e7\u00f5es de Ensino Superior (IES) de Quebec e Chile; <strong>(2)<\/strong> identificar experi\u00eancias exitosas e boas pr\u00e1ticas na implementa\u00e7\u00e3o desses sistemas; e <strong>(3)<\/strong> conhecer os fatores de \u00eaxito destas experi\u00eancias, que poderiam servir de refer\u00eancia para o desenvolvimento de pol\u00edticas institucionais e\/ou setoriais neste campo.<\/p>\n<p>O projeto facilitar\u00e1 a cria\u00e7\u00e3o de um <strong>F\u00f3rum acad\u00eamico entre os dois pa\u00edses sobre a qualidade do Ensino superior<\/strong>.<\/p>\n<p>O projeto \u00e9 liderado pelas seguintes organiza\u00e7\u00f5es em Quebec e Chile:<\/p>\n<ul>\n<li>A <a href=\"https:\/\/oui-iohe.org\/pt-br\/\"><strong>Organiza\u00e7\u00e3o Universit\u00e1ria Interamericana (OUI)<\/strong><\/a>, a principal associa\u00e7\u00e3o de Institui\u00e7\u00f5es de Ensino Superior nas Am\u00e9ricas, a qual conta com 18 membros em Quebec e 24 no Chile;<\/li>\n<li>O <a href=\"https:\/\/www.cse.gouv.qc.ca\/\"><strong>Conselho Superior de Educa\u00e7\u00e3o (CSE) de Quebec<\/strong><\/a>, um organismo assessor do Minist\u00e9rio de Educa\u00e7\u00e3o e do Ensino superior sobre o estado e as necessidades em educa\u00e7\u00e3o na prov\u00edncia;<\/li>\n<li>O <a href=\"http:\/\/esed.cl\"><strong><em>Instituto Interuniversitario de Investigaci\u00f3n Educativa<\/em> (IESED)<\/strong><\/a>, uum cons\u00f3rcio formado por 11 universidades p\u00fablicas do Chile e o &#8220;Programa Interdisciplinario de Investigaci\u00f3n en Educaci\u00f3n (PIIE)&#8221; com o objetivo de promover a pesquisa educacional; e<\/li>\n<li>O <a href=\"https:\/\/www.uestatales.cl\/cue\/\"><strong><em>Consorcio de Universidades del Estado de Chile<\/em> (CUECH)<\/strong><\/a>, um cons\u00f3rcio de 18 universidades estaduais com o objetivo de apoiar o desenvolvimento das universidades p\u00fablicas do pa\u00eds.<\/li>\n<\/ul>\n<p>[\/vc_column_text][\/vc_column][\/vc_row][vc_row][vc_column][vc_custom_heading text=&#8221;Lan\u00e7amento do projeto&#8221; use_theme_fonts=&#8221;yes&#8221;][vc_column_text]Convidamos a comunidade acad\u00eamica e nossos membros para o <strong>Col\u00f3quio de Lan\u00e7amento do Projeto <em>\u00ab<\/em>Experi\u00eancias de garantia de qualidade no ensino superior em Quebec e Chile<em>\u00bb<\/em>,<\/strong>\u00a0a ser realizado em 19 de maio de 2022 das 11h30 \u00e0s 13h15 Montreal (UTC\/ GMT \u2013 4 horas) que ter\u00e1 tradu\u00e7\u00e3o simult\u00e2nea Espanhol \u2013 Franc\u00eas, Franc\u00eas \u2013 Espanhol.<\/p>\n<p><strong><a href=\"https:\/\/us02web.zoom.us\/webinar\/register\/WN_KnZfWlbDSCO33Oh9ZS_joQ\">Atividade gratuita com inscri\u00e7\u00e3o pr\u00e9via<\/a><\/strong>[\/vc_column_text][\/vc_column][\/vc_row][vc_row][vc_column][vc_tta_accordion style=&#8221;flat&#8221; shape=&#8221;square&#8221; color=&#8221;iohe-orange&#8221; gap=&#8221;35&#8243; c_icon=&#8221;chevron&#8221; c_position=&#8221;right&#8221; active_section=&#8221;&#8221; no_fill=&#8221;true&#8221; collapsible_all=&#8221;true&#8221;][vc_tta_section title=&#8221;Programa do Col\u00f3quio&#8221; tab_id=&#8221;1649978534630-e027dbfd-0356&#8243;][vc_column_text]Este col\u00f3quio se leva a cabo no \u00e2mbito do projeto <strong><em>\u00ab<\/em>Experi\u00eancias de garantia da qualidade no Ensino superior em Quebec e Chile<em>\u00bb<\/em><\/strong>, o qual ser\u00e1 realizado em colabora\u00e7\u00e3o pela Organiza\u00e7\u00e3o Universit\u00e1ria Interamericana (OUI), o <em>Instituto Interuniversitario de Investigaci\u00f3n Educativa<\/em> (IESED-Chile),\u00a0 o Conselho Superior de Educa\u00e7\u00e3o de Quebec (CSE) e o <em>Consorcio de Universidades del Estado de Chile<\/em> (CUECH), com o apoio financeiro do Minist\u00e9rio de Rela\u00e7\u00f5es internacionais e Francofonia de Quebec (MRIF).<\/p>\n<p>&nbsp;<\/p>\n<table>\n<tbody>\n<tr>\n<td width=\"119\">11:30-11:40 hrs<\/td>\n<td width=\"470\"><strong>Boas vindas e Apresenta\u00e7\u00e3o do projeto\u00a0\u00a0 <\/strong><\/p>\n<p>Dr. David Julien, secret\u00e1rio geral, OUI<\/p>\n<p>Fernando Daniels, diretor de Planejamento e Desenvolvimento, OUI<\/p>\n<p>&nbsp;<\/td>\n<\/tr>\n<tr>\n<td width=\"119\">11:40-12:10 hrs<\/td>\n<td width=\"470\"><strong>Painel 1 :\u00a0 Pol\u00edticas de garantia da qualidade do Ensino superior. O papel das ag\u00eancias de avalia\u00e7\u00e3o<\/strong>.<\/p>\n<p>&nbsp;<\/p>\n<p>Dr. Andr\u00e9s Bernasconi Ram\u00edrez<\/p>\n<p>Presidente, <em>Comisi\u00f3n Nacional de Acreditaci\u00f3n-<\/em>CNA, Chile<\/p>\n<p>&nbsp;<\/p>\n<p>Sr. Denis Rousseau<\/p>\n<p>Presidente, Comiss\u00e3o de Avalia\u00e7\u00e3o do Ensino colegial, Quebec<\/td>\n<\/tr>\n<tr>\n<td width=\"119\">12:10-12:20 hrs<\/td>\n<td width=\"470\"><strong>Perguntas e interc\u00e2mbios <\/strong><\/p>\n<p>Moderadora: Sra. Alejandra Contreras Altmann<\/p>\n<p>Diretora executiva, CUECH<\/p>\n<p>&nbsp;<\/td>\n<\/tr>\n<tr>\n<td width=\"119\">12:20-12:50 \u00a0hrs<\/td>\n<td width=\"470\"><strong>Painel 2: Garantia da qualidade do Ensino superior em Quebec e Chile. Principais<\/strong> <strong>avan\u00e7os, resultados e descobertas.<\/strong><\/p>\n<p>&nbsp;<\/p>\n<p>Dra. Claude Mailhot<\/p>\n<p>Professora, <em>Universit\u00e9 de Montr\u00e9al<\/em>, Quebec<\/p>\n<p>&nbsp;<\/p>\n<p>Dra. Mar\u00eda Jacqueline Rojas<\/p>\n<p>Pesquisadora, <em>Universidad de Playa Ancha<\/em> e IESED-Chile<\/p>\n<p>&nbsp;<\/td>\n<\/tr>\n<tr>\n<td width=\"119\">13:00-13:10 hrs<\/td>\n<td width=\"470\"><strong>Coment\u00e1rios e Encerramento \u00a0\u00a0<\/strong><\/p>\n<p>Sra. Maryse Lassonde, presidente CSE, Quebec<\/p>\n<p>&nbsp;<\/p>\n<p>Sr. Oscar Garrido<\/p>\n<p>Reitor, <em>Universidad de Los Lagos, <\/em>Chile, e presidente, OUI<\/td>\n<\/tr>\n<\/tbody>\n<\/table>\n<p>[\/vc_column_text][\/vc_tta_section][vc_tta_section title=&#8221;Painelistas&#8221; tab_id=&#8221;1649979670697-95b6c57b-533e&#8221;][vc_column_text]<strong><img loading=\"lazy\" decoding=\"async\" class=\"alignnone wp-image-11562 size-thumbnail\" src=\"https:\/\/oui-iohe.org\/wp-content\/uploads\/2022\/04\/Andre\u0301s-Bernasconi_Foto_bn-150x150.png\" alt=\"\" width=\"150\" height=\"150\" srcset=\"https:\/\/oui-iohe.org\/wp-content\/uploads\/2022\/04\/Andre\u0301s-Bernasconi_Foto_bn-150x150.png 150w, https:\/\/oui-iohe.org\/wp-content\/uploads\/2022\/04\/Andre\u0301s-Bernasconi_Foto_bn-300x300.png 300w\" sizes=\"auto, (max-width: 150px) 100vw, 150px\" \/><\/strong><\/p>\n<p><strong>ANDR\u00c9S BERNASCONI RAM\u00cdREZ<\/strong><\/p>\n<p><strong>Presidente da <em>Comisi\u00f3n Nacional de Acreditaci\u00f3n<\/em> \u2013 CNA, Chile<\/strong><\/p>\n<p>Andr\u00e9s Bernasconi\u00a0 \u00e9 um destacado acad\u00eamico e pesquisador chileno. \u00c9 advogado e licenciado em Direito da <em>Pontificia Universidad Cat\u00f3lica de Chile<\/em>, mestre em Pol\u00edtica p\u00fablica da <em>Harvard University<\/em> e doutor em Sociologia de Organiza\u00e7\u00f5es da <em>Boston University<\/em>.<\/p>\n<p>Seu campo geral de pesquisa \u00e9 a sociologia do Ensino superior, e de modo particular, o estudo da Universidade como organiza\u00e7\u00e3o, a gest\u00e3o das universidades e o desenvolvimento da profiss\u00e3o acad\u00eamica, tudo isso numa perspectiva internacional comparada.<\/p>\n<p>Foi pesquisador associado da Escola de Educa\u00e7\u00e3o da <em>Harvard University<\/em>, vice-reitor acad\u00eamico e vice-reitor de Pesquisa e P\u00f3s-gradua\u00e7\u00e3o da <em>Universidad Andr\u00e9s Bello<\/em> e decano da Faculdade de Ci\u00eancias jur\u00eddicas da <em>Universidad de Talca<\/em>. Na <em>Pontificia Universidad Cat\u00f3lica de Chile<\/em> foi vice-decano da Faculdade de Educa\u00e7\u00e3o, diretor do Centro de Estudos em Pol\u00edticas e Pr\u00e1ticas em Educa\u00e7\u00e3o (CEPPE) e diretor do Centro de Estudos avan\u00e7ados sobre Justi\u00e7a Educacional (CJE).<\/p>\n<p>Foi consultor em pol\u00edtica e gest\u00e3o do Ensino superior numa dezena de pa\u00edses da Am\u00e9rica, Europa e \u00c1sia, para o BID, a Unesco, o Banco Mundial, a <em>United States Agency for International Development<\/em> (USAID) e a Comiss\u00e3o Europeia.<\/p>\n<p>Foi membro do Grupo assessor para a prepara\u00e7\u00e3o dos novos Crit\u00e9rios e Padr\u00f5es de Qualidade e serviu como avaliador da CNA. Foi membro de comit\u00eas de autoavalia\u00e7\u00e3o para a acredita\u00e7\u00e3o institucional nas institui\u00e7\u00f5es nas quais trabalhou. Participou tamb\u00e9m da Comiss\u00e3o de Trabalho sobre Garantia da Qualidade do MINEDUC, do Conselho assessor presidencial para o Ensino superior e de m\u00faltiples comit\u00eas editoriais de revistas de Ensino superior, nacionais e internacionais.<\/p>\n<p>Seus trabalhos foram publicados nas revistas <em>Higher Education<\/em>, <em>Comparative Education Review<\/em>, <em>Journal of Education<\/em>, <em>Journal of Education Policy<\/em>, <em>ESE-Estudios sobre Educaci\u00f3n<\/em>, <em>Journal of Comparative Policy Analysis<\/em> e <em>Journal of Interamerican Studies and World Affairs<\/em>, entre outras.<\/p>\n<p>Andr\u00e9s Bernasconi \u00e9 atualmente presidente da <em>Comision Nacional de Acreditaci\u00f3n<\/em> para o per\u00edodo 2022-2028 e professor titular da Faculdade de Educa\u00e7\u00e3o da <em>Pontificia Universidad Cat\u00f3lica de Chile<\/em>.<\/p>\n<p>&nbsp;<\/p>\n<p><strong><img loading=\"lazy\" decoding=\"async\" class=\"alignnone wp-image-11597 size-thumbnail\" src=\"https:\/\/oui-iohe.org\/wp-content\/uploads\/2022\/04\/jacqueline_rojas_foto_bn-1-150x150.png\" alt=\"\" width=\"150\" height=\"150\" srcset=\"https:\/\/oui-iohe.org\/wp-content\/uploads\/2022\/04\/jacqueline_rojas_foto_bn-1-150x150.png 150w, https:\/\/oui-iohe.org\/wp-content\/uploads\/2022\/04\/jacqueline_rojas_foto_bn-1-300x300.png 300w\" sizes=\"auto, (max-width: 150px) 100vw, 150px\" \/><\/strong><\/p>\n<p><strong>MAR\u00cdA JAQUELINE ROJAS R\u00cdOS<\/strong><\/p>\n<p><strong>Pesquisadora associada do <em>Instituto Interuniversitario de Investigaci\u00f3n Educativa<\/em> (IESED-Chile)<\/strong><\/p>\n<p>Mar\u00eda Jacqueline Rojas R\u00edos \u00e9 uma trabalhadora social formada na <em>Pontificia Universidad Cat\u00f3lica de Valpara\u00edso<\/em>, mestre em Gest\u00e3o de Pol\u00edticas nacionais e doutora em Educa\u00e7\u00e3o da <em>Universidad de Playa Ancha<\/em>. Atualmente \u00e9 professora associada da\u00a0 Faculdade de Ci\u00eancias de Educa\u00e7\u00e3o da mesma universidade.<\/p>\n<p>Na sua trajet\u00f3ria profissional ocupou diversos cargos de gest\u00e3o acad\u00eamica em n\u00edvel universit\u00e1rio, tais como diretora geral da Escola de P\u00f3s-gradua\u00e7\u00e3o e diretora geral de Pesquisa da <em>Universidad de Playa Ancha<\/em>.<\/p>\n<p>Foi avaliadora internacional para institui\u00e7\u00f5es como SINAES na Costa Rica e ANEAES no Paraguai, e avaliadora de projetos de pesquisa para diversas universidades chilenas.<\/p>\n<p>Atualmente \u00e9 a coordenadora institucional para o trabalho em rede das universidades estaduais da <em>Universidad de Playa Ancha<\/em> e pesquisadora associada do <em>Instituto Interuniversitario de Investigaci\u00f3n Educativa (IESED-Chile)<\/em> na \u00e1rea de pol\u00edticas de Ensino superior, onde fez diversas publica\u00e7\u00f5es, e \u00e9 a coordenadora para o Chile do projeto <em>\u201cExperi\u00eancias de garantia da qualidade no Ensino superior em Quebec e Chile\u201d<\/em>.<\/p>\n<p>&nbsp;<\/p>\n<p><strong><img loading=\"lazy\" decoding=\"async\" class=\"alignnone wp-image-11605 size-thumbnail\" src=\"https:\/\/oui-iohe.org\/wp-content\/uploads\/2022\/04\/Daniel-Lopez_Foto_bn-1-150x150.png\" alt=\"\" width=\"150\" height=\"150\" srcset=\"https:\/\/oui-iohe.org\/wp-content\/uploads\/2022\/04\/Daniel-Lopez_Foto_bn-1-150x150.png 150w, https:\/\/oui-iohe.org\/wp-content\/uploads\/2022\/04\/Daniel-Lopez_Foto_bn-1-300x300.png 300w\" sizes=\"auto, (max-width: 150px) 100vw, 150px\" \/><\/strong><\/p>\n<p><strong>DANIEL L\u00d3PEZ STEFONI<\/strong><\/p>\n<p><strong>Diretor geral do <em>Instituto Interuniversitario de Investigaci\u00f3n Educativa<\/em> (IESED-Chile)<\/strong><\/p>\n<p>Daniel L\u00f3pez Stefoni\u00a0\u00e9 licenciado em Biologia da <em>Universidad de Concepci\u00f3n<\/em> \u00a0e doutor em Ci\u00eancias biol\u00f3gicas da <em>Pontificia Universidad Cat\u00f3lica de Chile<\/em>. Como pesquisador publicou numerosos artigos populares e livros sobre Ecologia marina, Acuicultura e Ensino superior, principalmente na organiza\u00e7\u00e3o e gest\u00e3o acad\u00eamica e na\u00a0garantia da qualidade das universidades. Ele tamb\u00e9m desenvolveu projetos financiados por ag\u00eancias nacionais e internacionais.<\/p>\n<p>Ocupou os cargos de primeiro reitor da <em>Universidad de Los Lagos<\/em>, vice-reitor de Planejamento e Desenvolvimento da <em>Universidad de Los Lagos<\/em>, vice-reitor de Pesquisa e P\u00f3s-gradua\u00e7\u00e3o na <em>Universidad de Playa Ancha<\/em> e na <em>Universidad Tecnol\u00f3gica Metropolitana<\/em>.<\/p>\n<p>Consultor \u00a0para universidades nacionais e latino-americanas e de organismos p\u00fablicos e privados do Chile no campo do Ensino superior, ele recebeu honras acad\u00eamicas em v\u00e1rios pa\u00edses latino-americanos.<\/p>\n<p>Ele \u00e9 atualmente professor titular e pesquisador na <em>Universidad de Los Lagos<\/em>,\u00a0 diretor geral do <em>Instituto Interuniversitario de Investigaci\u00f3n Educativa<\/em>\u00a0(IESED-Chile) e coordenador principal da Rede de pesquisa e forma\u00e7\u00e3o avan\u00e7ada em Educa\u00e7\u00e3o do Sistema de universidades estaduais do Chile.<\/p>\n<p>&nbsp;<\/p>\n<p><strong><img loading=\"lazy\" decoding=\"async\" class=\"alignnone wp-image-11567 size-thumbnail\" src=\"https:\/\/oui-iohe.org\/wp-content\/uploads\/2022\/04\/Claude-Mailhot_Foto_bn-150x150.png\" alt=\"\" width=\"150\" height=\"150\" srcset=\"https:\/\/oui-iohe.org\/wp-content\/uploads\/2022\/04\/Claude-Mailhot_Foto_bn-150x150.png 150w, https:\/\/oui-iohe.org\/wp-content\/uploads\/2022\/04\/Claude-Mailhot_Foto_bn-300x300.png 300w, https:\/\/oui-iohe.org\/wp-content\/uploads\/2022\/04\/Claude-Mailhot_Foto_bn-478x480.png 478w\" sizes=\"auto, (max-width: 150px) 100vw, 150px\" \/><\/strong><\/p>\n<p><strong>CLAUDE MAILHOT, <\/strong><strong>B. Pharm., D.P.H., Pharm.D.<\/strong><\/p>\n<p>Professor Titular de Farmacoterapia, Faculdade de Farm\u00e1cia da Universidade de Montreal<\/p>\n<p>Presidente da Comiss\u00e3o de Avalia\u00e7\u00e3o do CIDPHARMEF<\/p>\n<p>Claude Mailhot\u00a0\u00e9 licenciada em Farm\u00e1cia com Doutoramento em Sa\u00fade P\u00fablica e Farm\u00e1cia. Ela \u00e9 professora titular de Farmacoterapia na Faculdade de Farm\u00e1cia da Universit\u00e9 de Montr\u00e9al, Canad\u00e1. Ela foi Vice-Chanceler Adjunta de Promo\u00e7\u00e3o da Qualidade na Universit\u00e9 de Montr\u00e9al por 8 anos, onde lan\u00e7ou uma abordagem sistem\u00e1tica para avalia\u00e7\u00e3o de programas e criou o Escrit\u00f3rio de Promo\u00e7\u00e3o da Qualidade. Atualmente preside a Comiss\u00e3o de Avalia\u00e7\u00e3o da CIDPHARMEF (Conf\u00e9rence internationale des doyens des facult\u00e9s de pharmacie d&#8217;expression fran\u00e7aise), uma rede da Agence Universitaire de la Francophonie (AUF). Entre seus projetos, est\u00e1 interessado nos m\u00e9todos e no impacto da avalia\u00e7\u00e3o da qualidade dos programas.<\/p>\n<p>Ao longo da sua carreira, foi Vice-Reitora de Estudos e participou no desenvolvimento, revis\u00e3o ou implementa\u00e7\u00e3o de v\u00e1rios planos de estudos na \u00e1rea da farm\u00e1cia e ci\u00eancias farmac\u00eauticas.<\/p>\n<p>Recebeu in\u00fameros pr\u00eamios por excel\u00eancia no ensino. L&#8217;Universit\u00e9 de Picardie Jules Verne concedeu-lhe um doutorado honor\u00e1rio em 2004, por seu envolvimento no desenvolvimento da farm\u00e1cia cl\u00ednica e assist\u00eancia farmac\u00eautica nacional e internacionalmente.<\/p>\n<p>&nbsp;<\/p>\n<p><strong><img loading=\"lazy\" decoding=\"async\" class=\"alignnone wp-image-11572 size-thumbnail\" src=\"https:\/\/oui-iohe.org\/wp-content\/uploads\/2022\/04\/Denis-Rousseau_Foto_bn-150x150.png\" alt=\"\" width=\"150\" height=\"150\" srcset=\"https:\/\/oui-iohe.org\/wp-content\/uploads\/2022\/04\/Denis-Rousseau_Foto_bn-150x150.png 150w, https:\/\/oui-iohe.org\/wp-content\/uploads\/2022\/04\/Denis-Rousseau_Foto_bn-300x300.png 300w\" sizes=\"auto, (max-width: 150px) 100vw, 150px\" \/><\/strong><\/p>\n<p><strong>DENIS ROUSSEAU<\/strong><\/p>\n<p><strong>Presidente de la Comisi\u00f3n de Evaluaci\u00f3n de la Educaci\u00f3n Media Superior (CEEC)<\/strong><\/p>\n<p>Denis Rousseau atualmente \u00e9 Presidente da Commission d&#8217;\u00e9valuation de l&#8217;enseignement coll\u00e9gial &#8211; CEEC (Comiss\u00e3o de Avalia\u00e7\u00e3o do Ensino Secund\u00e1rio Superior (CEEC). Com mais de 25 anos de experi\u00eancia no ensino superior, exerceu os cargos de Diretor Geral no C\u00e9gep(*) de Rosemont, Diretor Adjunto de Programas e Recursos Did\u00e1ticos e Diretor de Estudos e Rela\u00e7\u00f5es Internacionais do C\u00e9gep de Trois-Rivi\u00e8res, trabalhou no C\u00e9gep de Beauce-Appalaches como professor e depois como diretor de estudos. Ele tamb\u00e9m trabalhou como gerente de projetos para o Minist\u00e9rio da Educa\u00e7\u00e3o e ocupou cargos de gest\u00e3o na \u00c9cole nationale d&#8217;administration publique (ENAP) e no Centre universitaire des Appalaches. Bacharel em Literatura Francesa pela Universidade Laval.<\/p>\n<p>(*) C\u00c9GEP \u00e9 a sigla para Col\u00e9gio de Educa\u00e7\u00e3o Geral e Profissional (Coll\u00e8ge d&#8217;enseignement g\u00e9n\u00e9ral et professionnel), que corresponde a um estabelecimento de ensino p\u00fablico onde \u00e9 oferecido o primeiro n\u00edvel do ensino superior. O C\u00c9GEP \u00e9 exclusivo do sistema educacional da prov\u00edncia de Quebec, Canad\u00e1.<\/p>\n<p>&nbsp;<\/p>\n<p><img loading=\"lazy\" decoding=\"async\" class=\"alignnone wp-image-11610 size-thumbnail\" src=\"https:\/\/oui-iohe.org\/wp-content\/uploads\/2022\/04\/Alejandra-Contreras_Foto_bn-150x150.png\" alt=\"\" width=\"150\" height=\"150\" \/><\/p>\n<p><strong>ALEJANDRA CONTRERAS ALTMAN<\/strong><\/p>\n<p><strong>Directora ejecutiva del Consorcio de Universidades Estatales de Chile (CUECH)<\/strong><\/p>\n<p>Alejandra Contreras Altmann \u00e9 titular de um bacharelado em Direito da <em>Pontificia Universidad Cat\u00f3lica de Chile<\/em>, de um mestrado em Gest\u00e3o e Pol\u00edtica p\u00fablica da <em>Universidad de Chile<\/em> e de um diploma do programa em Gest\u00e3o p\u00fablica latino-americana da mesma universidade.<\/p>\n<p>Durante sua ampla carreira no Ensino superior ela ocupou diversos postos importantes tanto no Conselho Superior de Educa\u00e7\u00e3o (atualmente o Conselho Nacional de Educa\u00e7\u00e3o) quanto no Minist\u00e9rio de Educa\u00e7\u00e3o, primeiro como respons\u00e1vel do componente &#8220;Fortalecimento institucional&#8221; do programa MECESUP, e depois como respons\u00e1vel do Departamento jur\u00eddico da Divis\u00e3o do Ensino superior, diretora executiva da Comiss\u00e3o administrativa do Sistema de Cr\u00e9dito para os Estudos superiores e respons\u00e1vel da Divis\u00e3o do Ensino superior.<\/p>\n<p>Alejandra Contreras \u00e9 atualmente diretora executiva do <em>Consorcio de Universidades Estatales de Chile<\/em> (CUECH).<\/p>\n<p>&nbsp;<\/p>\n<p><img loading=\"lazy\" decoding=\"async\" class=\"alignnone wp-image-11624 size-thumbnail\" src=\"https:\/\/oui-iohe.org\/wp-content\/uploads\/2022\/04\/Oscar-_Foto_bn-1-150x150.png\" alt=\"\" width=\"150\" height=\"150\" srcset=\"https:\/\/oui-iohe.org\/wp-content\/uploads\/2022\/04\/Oscar-_Foto_bn-1-150x150.png 150w, https:\/\/oui-iohe.org\/wp-content\/uploads\/2022\/04\/Oscar-_Foto_bn-1-300x300.png 300w, https:\/\/oui-iohe.org\/wp-content\/uploads\/2022\/04\/Oscar-_Foto_bn-1-479x480.png 479w\" sizes=\"auto, (max-width: 150px) 100vw, 150px\" \/><\/p>\n<p><strong>\u00d3SCAR GARRIDO \u00c1LVAREZ<\/strong><\/p>\n<p><strong>Reitor da Universidade de Los Lagos, Chile<\/strong><\/p>\n<p>\u00d3scar Garrido \u00c1lvarez ocupa o cargo de Reitor da Universidade de Los Lagos desde 2009. Anteriormente, ocupou v\u00e1rios cargos gerenciais na Universidade. \u00c9 membro do Conselho de Administra\u00e7\u00e3o do Cons\u00f3rcio das Universidades Estaduais (CUECH) e do Comit\u00ea Gestor do Plano de Fortalecimento das Universidades Estaduais. Desde 2017, ele preside a Organiza\u00e7\u00e3o Universit\u00e1ria Interamericana (OUI).[\/vc_column_text][vc_column_text][\/vc_column_text][\/vc_tta_section][\/vc_tta_accordion][\/vc_column][\/vc_row]<\/p>\n<\/div>","protected":false},"excerpt":{"rendered":"<p>[vc_row][vc_column][vc_custom_heading text=&#8221;\u00abExperi\u00eancias de garantia da qualidade no Ensino superior em Quebec e Chile\u00bb&#8221; font_container=&#8221;tag:h1|text_align:left&#8221; use_theme_fonts=&#8221;yes&#8221;][vc_column_text]O projeto \u00abExperi\u00eancias de garantia da [&hellip;]<\/p>\n","protected":false},"author":4,"featured_media":0,"parent":0,"menu_order":0,"comment_status":"closed","ping_status":"closed","template":"","meta":{"_acf_changed":false,"_monsterinsights_skip_tracking":false,"_monsterinsights_sitenote_active":false,"_monsterinsights_sitenote_note":"","_monsterinsights_sitenote_category":0,"footnotes":""},"class_list":["post-11723","page","type-page","status-publish","hentry"],"acf":[],"aioseo_notices":[],"_links":{"self":[{"href":"https:\/\/oui-iohe.org\/pt-br\/wp-json\/wp\/v2\/pages\/11723","targetHints":{"allow":["GET"]}}],"collection":[{"href":"https:\/\/oui-iohe.org\/pt-br\/wp-json\/wp\/v2\/pages"}],"about":[{"href":"https:\/\/oui-iohe.org\/pt-br\/wp-json\/wp\/v2\/types\/page"}],"author":[{"embeddable":true,"href":"https:\/\/oui-iohe.org\/pt-br\/wp-json\/wp\/v2\/users\/4"}],"replies":[{"embeddable":true,"href":"https:\/\/oui-iohe.org\/pt-br\/wp-json\/wp\/v2\/comments?post=11723"}],"version-history":[{"count":7,"href":"https:\/\/oui-iohe.org\/pt-br\/wp-json\/wp\/v2\/pages\/11723\/revisions"}],"predecessor-version":[{"id":11729,"href":"https:\/\/oui-iohe.org\/pt-br\/wp-json\/wp\/v2\/pages\/11723\/revisions\/11729"}],"wp:attachment":[{"href":"https:\/\/oui-iohe.org\/pt-br\/wp-json\/wp\/v2\/media?parent=11723"}],"curies":[{"name":"wp","href":"https:\/\/api.w.org\/{rel}","templated":true}]}}